{"id":864,"date":"2020-07-31T18:46:00","date_gmt":"2020-07-31T16:46:00","guid":{"rendered":"https:\/\/fr.365yawm.ma\/index.php\/bs-front-page\/"},"modified":"2021-05-31T23:23:36","modified_gmt":"2021-05-31T21:23:36","slug":"bs-front-page","status":"publish","type":"page","link":"https:\/\/fr.365yawm.ma\/","title":{"rendered":"Principale"},"content":{"rendered":"<p>[vc_row][vc_column]\t<div id=\"newsticker-1095469374\" class=\"better-newsticker   bs-hidden-lg bs-hidden-md\"\n\t     data-speed=\"15000\">\n\t\t<p class=\"heading \">Actualit\u00e9s<\/p>\n\t\t<ul class=\"news-list\">\n\t\t\t\t\t\t\t\t<li><a class=\"limit-line\" href=\"https:\/\/fr.365yawm.ma\/index.php\/2026\/08\/31\/du-port-a-laeroport-tanger-rattrape-par-la-mendicite\/\">DU PORT \u00c0 L&rsquo;A\u00c9ROPORT, TANGER RATTRAP\u00c9 PAR LA MENDICIT\u00c9<\/a><\/li>\n\t\t\t\t\t\t\t\t\t\t<li><a class=\"limit-line\" href=\"https:\/\/fr.365yawm.ma\/index.php\/2026\/08\/29\/nos-vives-condoleances-a-mm-abdelouahid-aazibou-mokrai-et-said-radi\/\">NOS VIVES CONDOL\u00c9ANCES \u00c0 MM. ABDELOUAHID AAZIBOU MOKRA\u00cf ET SA\u00cfD RADI<\/a><\/li>\n\t\t\t\t\t\t\t\t\t\t<li><a class=\"limit-line\" href=\"https:\/\/fr.365yawm.ma\/index.php\/2026\/08\/27\/quand-lalgerie-fait-ses-adieux-a-un-president-fantoche\/\">QUAND L&rsquo;ALG\u00c9RIE FAIT SES ADIEUX \u00c0 UN PR\u00c9SIDENT FANTOCHE<\/a><\/li>\n\t\t\t\t\t\t\t\t\t\t<li><a class=\"limit-line\" href=\"https:\/\/fr.365yawm.ma\/index.php\/2026\/08\/24\/apres-agadir-la-famille-bauchet-bouhlal-lorgnerait-tanger\/\">APR\u00c8S AGADIR, LA FAMILLE BAUCHET-BOUHLAL LORGNERAIT TANGER<\/a><\/li>\n\t\t\t\t\t\t\t\t\t\t<li><a class=\"limit-line\" href=\"https:\/\/fr.365yawm.ma\/index.php\/2026\/08\/19\/le-grand-royaume-des-chorfa-et-la-tourbe-du-pays-da-cote\/\">LE GRAND ROYAUME DES CHORFA ET LA TOURBE DU PAYS D&rsquo;\u00c0 C\u00d4T\u00c9<\/a><\/li>\n\t\t\t\t\t\t\t\t\t\t<li><a class=\"limit-line\" href=\"https:\/\/fr.365yawm.ma\/index.php\/2026\/08\/16\/touristes-nationaux-certains-partent-dautres-arrivent\/\">TOURISTES NATIONAUX : CERTAINS PARTENT, D&rsquo;AUTRES ARRIVENT<\/a><\/li>\n\t\t\t\t\t\t\t\t\t\t<li><a class=\"limit-line\" href=\"https:\/\/fr.365yawm.ma\/index.php\/2026\/08\/12\/oued-laou-les-trottoirs-transformes-en-parking\/\">OUED LAOU: LES TROTTOIRS TRANSFORM\u00c9S EN PARKING<\/a><\/li>\n\t\t\t\t\t\t\t\t\t\t<li><a class=\"limit-line\" href=\"https:\/\/fr.365yawm.ma\/index.php\/2026\/08\/09\/apres-le-drame-migratoire-les-elections-suffisent-elles-a-renouveler-le-contrat-politique\/\">Apr\u00e8s le drame migratoire\u2026 les \u00e9lections suffisent-elles \u00e0 renouveler le contrat politique ?<\/a><\/li>\n\t\t\t\t\t\t\t\t\t\t<li><a class=\"limit-line\" href=\"https:\/\/fr.365yawm.ma\/index.php\/2026\/07\/22\/corniche-de-tanger-les-etablissements-de-loisirs-balneaires-denoncent-une-concurence-deloyale-des-cafes-chicha\/\">CORNICHE DE TANGER : LES \u00c9TABLISSEMENTS DE LOISIRS (BALN\u00c9AIRES) D\u00c9NONCENT UNE CONCURENCE DELOYALE DES CAF\u00c9S CHICHA<\/a><\/li>\n\t\t\t\t\t\t\t\t\t\t<li><a class=\"limit-line\" href=\"https:\/\/fr.365yawm.ma\/index.php\/2026\/07\/20\/oued-laou-les-jets-skis-de-la-peur-menacent-les-baigneurs\/\">OUED LAOU: LES JETS-SKIS DE LA PEUR MENACENT LES BAIGNEURS<\/a><\/li>\n\t\t\t\t\t\t\t<\/ul>\n\t<\/div>\n<div class=\" bs-listing bs-listing-modern-grid-listing-1 bs-listing-single-tab pagination-animate\"><div class=\"bs-slider-items-container\" data-slider-animation-speed=\"3000\" data-slider-autoplay=\"1\" data-slider-control-dots=\"off\" data-slider-control-next-prev=\"style-1\" data-autoplaySpeed=\"10000\">\t\t<div class=\"bs-pagination-wrapper main-term-22 slider bs-slider-first-item bs-slider-item bs-items-4\">\n\t\t\t<div class=\"listing listing-modern-grid listing-modern-grid-1 clearfix slider-overlay-simple-gr l-2\">\n\t\t<div class=\"mg-col mg-col-1\">\n\t\t\t\t<article class=\"post-6613 type-post format-standard has-post-thumbnail  listing-item-1 listing-item listing-mg-item listing-mg-type-1 listing-mg-1-item main-term-30\">\n\t<div class=\"item-content\">\n\t\t<a  title=\"DU PORT \u00c0 L&rsquo;A\u00c9ROPORT, TANGER RATTRAP\u00c9 PAR LA MENDICIT\u00c9\" data-src=\"https:\/\/fr.365yawm.ma\/wp-content\/uploads\/2026\/08\/IMG_20260831_122800-720x430.jpg\" data-bs-srcset=\"{&quot;baseurl&quot;:&quot;https:\\\/\\\/fr.365yawm.ma\\\/wp-content\\\/uploads\\\/2026\\\/08\\\/&quot;,&quot;sizes&quot;:{&quot;210&quot;:&quot;IMG_20260831_122800-210x136.jpg&quot;,&quot;279&quot;:&quot;IMG_20260831_122800-279x220.jpg&quot;,&quot;357&quot;:&quot;IMG_20260831_122800-357x210.jpg&quot;,&quot;720&quot;:&quot;IMG_20260831_122800.jpg&quot;}}\"\t\t\t\tclass=\"img-cont\" href=\"https:\/\/fr.365yawm.ma\/index.php\/2026\/08\/31\/du-port-a-laeroport-tanger-rattrape-par-la-mendicite\/\"><\/a>\n\t\t<div class=\"term-badges floated\"><span class=\"term-badge term-30\"><a href=\"https:\/\/fr.365yawm.ma\/index.php\/category\/societe\/\">Soci\u00e9t\u00e9<\/a><\/span><\/div>\t\t<div class=\"content-container\">\n\t\t\t<h2 class=\"title\">\t\t\t<a href=\"https:\/\/fr.365yawm.ma\/index.php\/2026\/08\/31\/du-port-a-laeroport-tanger-rattrape-par-la-mendicite\/\" class=\"post-url post-title\">\n\t\t\t\tDU PORT \u00c0 L&rsquo;A\u00c9ROPORT, TANGER RATTRAP\u00c9 PAR LA MENDICIT\u00c9\t\t\t<\/a>\n\t\t\t<\/h2>\t\t<div class=\"post-meta\">\n\n\t\t\t\t\t\t\t<a href=\"https:\/\/fr.365yawm.ma\/index.php\/author\/fra365yawm\/\"\n\t\t\t\t   title=\"Parcourir les articles Auteur\"\n\t\t\t\t   class=\"post-author-a\">\n\t\t\t\t\t<i class=\"post-author author\">\n\t\t\t\t\t\tfra365yawm\t\t\t\t\t<\/i>\n\t\t\t\t<\/a>\n\t\t\t\t\t\t\t<span class=\"time\"><time class=\"post-published updated\"\n\t\t\t\t                         datetime=\"2026-08-31T13:33:02+02:00\">Ao\u00fbt 31, 2026<\/time><\/span>\n\t\t\t\t<a href=\"https:\/\/fr.365yawm.ma\/index.php\/2026\/08\/31\/du-port-a-laeroport-tanger-rattrape-par-la-mendicite\/#respond\" title=\"Laisser un commentaire sur: &quot;DU PORT \u00c0 L&rsquo;A\u00c9ROPORT, TANGER RATTRAP\u00c9 PAR LA MENDICIT\u00c9&quot;\" class=\"comments\"><i class=\"fa fa-comments-o\"><\/i> 0<\/a>\t\t<\/div>\n\t\t\t\t<\/div>\n\t<\/div>\n\t<\/article >\n\t\t<\/div>\n\t\t<div class=\"mg-col mg-col-2\">\n\t\t\t<div class=\"mg-row mg-row-1\">\n\t\t\t\t\t<article class=\"post-6606 type-post format-standard has-post-thumbnail  listing-item-2 listing-item listing-mg-item listing-mg-type-1 listing-mg-1-item main-term-24\">\n\t<div class=\"item-content\">\n\t\t<a  title=\"QUAND L&rsquo;ALG\u00c9RIE FAIT SES ADIEUX \u00c0 UN PR\u00c9SIDENT FANTOCHE\" data-src=\"https:\/\/fr.365yawm.ma\/wp-content\/uploads\/2026\/08\/images-3.jpeg\" data-bs-srcset=\"{&quot;baseurl&quot;:&quot;https:\\\/\\\/fr.365yawm.ma\\\/wp-content\\\/uploads\\\/2026\\\/08\\\/&quot;,&quot;sizes&quot;:{&quot;210&quot;:&quot;images-3-210x136.jpeg&quot;,&quot;279&quot;:&quot;images-3-279x220.jpeg&quot;,&quot;357&quot;:&quot;images-3-357x210.jpeg&quot;,&quot;440&quot;:&quot;images-3.jpeg&quot;}}\"\t\t\t\tclass=\"img-cont\" href=\"https:\/\/fr.365yawm.ma\/index.php\/2026\/08\/27\/quand-lalgerie-fait-ses-adieux-a-un-president-fantoche\/\"><\/a>\n\t\t<div class=\"term-badges floated\"><span class=\"term-badge term-24\"><a href=\"https:\/\/fr.365yawm.ma\/index.php\/category\/politique\/\">Politique<\/a><\/span><\/div>\t\t<div class=\"content-container\">\n\t\t\t<h2 class=\"title\">\t\t\t<a href=\"https:\/\/fr.365yawm.ma\/index.php\/2026\/08\/27\/quand-lalgerie-fait-ses-adieux-a-un-president-fantoche\/\" class=\"post-url post-title\">\n\t\t\t\tQUAND L&rsquo;ALG\u00c9RIE FAIT SES ADIEUX \u00c0 UN PR\u00c9SIDENT FANTOCHE\t\t\t<\/a>\n\t\t\t<\/h2>\t\t<div class=\"post-meta\">\n\n\t\t\t\t\t\t\t<a href=\"https:\/\/fr.365yawm.ma\/index.php\/author\/fra365yawm\/\"\n\t\t\t\t   title=\"Parcourir les articles Auteur\"\n\t\t\t\t   class=\"post-author-a\">\n\t\t\t\t\t<i class=\"post-author author\">\n\t\t\t\t\t\tfra365yawm\t\t\t\t\t<\/i>\n\t\t\t\t<\/a>\n\t\t\t\t\t\t\t<span class=\"time\"><time class=\"post-published updated\"\n\t\t\t\t                         datetime=\"2026-08-27T23:40:32+02:00\">Ao\u00fbt 27, 2026<\/time><\/span>\n\t\t\t\t<a href=\"https:\/\/fr.365yawm.ma\/index.php\/2026\/08\/27\/quand-lalgerie-fait-ses-adieux-a-un-president-fantoche\/#respond\" title=\"Laisser un commentaire sur: &quot;QUAND L&rsquo;ALG\u00c9RIE FAIT SES ADIEUX \u00c0 UN PR\u00c9SIDENT FANTOCHE&quot;\" class=\"comments\"><i class=\"fa fa-comments-o\"><\/i> 0<\/a>\t\t<\/div>\n\t\t\t\t<\/div>\n\t<\/div>\n\t<\/article >\n\t\t\t<\/div>\n\t\t\t<div class=\"mg-row mg-row-2\">\n\t\t\t\t<div class=\"item-3-cont\">\n\t\t\t\t\t\t<article class=\"post-6603 type-post format-standard has-post-thumbnail  listing-item-3 listing-item listing-mg-item listing-mg-type-1 listing-mg-1-item main-term-6\">\n\t<div class=\"item-content\">\n\t\t<a  title=\"APR\u00c8S AGADIR, LA FAMILLE BAUCHET-BOUHLAL LORGNERAIT TANGER\" data-src=\"https:\/\/fr.365yawm.ma\/wp-content\/uploads\/2026\/08\/images-6-279x220.jpeg\" data-bs-srcset=\"{&quot;baseurl&quot;:&quot;https:\\\/\\\/fr.365yawm.ma\\\/wp-content\\\/uploads\\\/2026\\\/08\\\/&quot;,&quot;sizes&quot;:{&quot;210&quot;:&quot;images-6-210x136.jpeg&quot;,&quot;279&quot;:&quot;images-6-279x220.jpeg&quot;,&quot;357&quot;:&quot;images-6-357x210.jpeg&quot;,&quot;547&quot;:&quot;images-6.jpeg&quot;}}\"\t\t\t\tclass=\"img-cont\" href=\"https:\/\/fr.365yawm.ma\/index.php\/2026\/08\/24\/apres-agadir-la-famille-bauchet-bouhlal-lorgnerait-tanger\/\"><\/a>\n\t\t\t\t<div class=\"content-container\">\n\t\t\t<h2 class=\"title\">\t\t\t<a href=\"https:\/\/fr.365yawm.ma\/index.php\/2026\/08\/24\/apres-agadir-la-famille-bauchet-bouhlal-lorgnerait-tanger\/\" class=\"post-url post-title\">\n\t\t\t\tAPR\u00c8S AGADIR, LA FAMILLE BAUCHET-BOUHLAL LORGNERAIT TANGER\t\t\t<\/a>\n\t\t\t<\/h2>\t\t<\/div>\n\t<\/div>\n\t<\/article >\n\t\t\t\t<\/div>\n\t\t\t\t<div class=\"item-4-cont\">\n\t\t\t\t\t\t<article class=\"post-6598 type-post format-standard has-post-thumbnail  listing-item-4 listing-item listing-mg-item listing-mg-type-1 listing-mg-1-item main-term-1\">\n\t<div class=\"item-content\">\n\t\t<a  title=\"LE GRAND ROYAUME DES CHORFA ET LA TOURBE DU PAYS D&rsquo;\u00c0 C\u00d4T\u00c9\" data-src=\"https:\/\/fr.365yawm.ma\/wp-content\/uploads\/2026\/08\/images-3-279x220.jpeg\" data-bs-srcset=\"{&quot;baseurl&quot;:&quot;https:\\\/\\\/fr.365yawm.ma\\\/wp-content\\\/uploads\\\/2026\\\/08\\\/&quot;,&quot;sizes&quot;:{&quot;210&quot;:&quot;images-3-210x136.jpeg&quot;,&quot;279&quot;:&quot;images-3-279x220.jpeg&quot;,&quot;357&quot;:&quot;images-3-357x210.jpeg&quot;,&quot;440&quot;:&quot;images-3.jpeg&quot;}}\"\t\t\t\tclass=\"img-cont\" href=\"https:\/\/fr.365yawm.ma\/index.php\/2026\/08\/19\/le-grand-royaume-des-chorfa-et-la-tourbe-du-pays-da-cote\/\"><\/a>\n\t\t\t\t<div class=\"content-container\">\n\t\t\t<h2 class=\"title\">\t\t\t<a href=\"https:\/\/fr.365yawm.ma\/index.php\/2026\/08\/19\/le-grand-royaume-des-chorfa-et-la-tourbe-du-pays-da-cote\/\" class=\"post-url post-title\">\n\t\t\t\tLE GRAND ROYAUME DES CHORFA ET LA TOURBE DU PAYS D&rsquo;\u00c0 C\u00d4T\u00c9\t\t\t<\/a>\n\t\t\t<\/h2>\t\t<\/div>\n\t<\/div>\n\t<\/article >\n\t\t\t\t<\/div>\n\t\t\t<\/div>\n\t\t<\/div>\n\t<\/div>\n\n\t<\/div>\t\t<div class=\"bs-pagination-wrapper main-term-22 slider  bs-slider-item bs-items-4\">\n\t\t\t<div class=\"listing listing-modern-grid listing-modern-grid-1 clearfix slider-overlay-simple-gr l-2\">\n\t\t<div class=\"mg-col mg-col-1\">\n\t\t\t\t<article class=\"post-6593 type-post format-standard has-post-thumbnail  listing-item-1 listing-item listing-mg-item listing-mg-type-1 listing-mg-1-item main-term-26\">\n\t<div class=\"item-content\">\n\t\t<a  title=\"TOURISTES NATIONAUX : CERTAINS PARTENT, D&rsquo;AUTRES ARRIVENT\" data-src=\"https:\/\/fr.365yawm.ma\/wp-content\/uploads\/2026\/08\/images-1-459x430.jpeg\" data-bs-srcset=\"{&quot;baseurl&quot;:&quot;https:\\\/\\\/fr.365yawm.ma\\\/wp-content\\\/uploads\\\/2026\\\/08\\\/&quot;,&quot;sizes&quot;:{&quot;210&quot;:&quot;images-1-210x136.jpeg&quot;,&quot;279&quot;:&quot;images-1-279x220.jpeg&quot;,&quot;357&quot;:&quot;images-1-357x210.jpeg&quot;,&quot;459&quot;:&quot;images-1.jpeg&quot;}}\"\t\t\t\tclass=\"img-cont\" href=\"https:\/\/fr.365yawm.ma\/index.php\/2026\/08\/16\/touristes-nationaux-certains-partent-dautres-arrivent\/\"><\/a>\n\t\t<div class=\"term-badges floated\"><span class=\"term-badge term-26\"><a href=\"https:\/\/fr.365yawm.ma\/index.php\/category\/region\/\">R\u00e9gion<\/a><\/span><\/div>\t\t<div class=\"content-container\">\n\t\t\t<h2 class=\"title\">\t\t\t<a href=\"https:\/\/fr.365yawm.ma\/index.php\/2026\/08\/16\/touristes-nationaux-certains-partent-dautres-arrivent\/\" class=\"post-url post-title\">\n\t\t\t\tTOURISTES NATIONAUX : CERTAINS PARTENT, D&rsquo;AUTRES ARRIVENT\t\t\t<\/a>\n\t\t\t<\/h2>\t\t<div class=\"post-meta\">\n\n\t\t\t\t\t\t\t<a href=\"https:\/\/fr.365yawm.ma\/index.php\/author\/fra365yawm\/\"\n\t\t\t\t   title=\"Parcourir les articles Auteur\"\n\t\t\t\t   class=\"post-author-a\">\n\t\t\t\t\t<i class=\"post-author author\">\n\t\t\t\t\t\tfra365yawm\t\t\t\t\t<\/i>\n\t\t\t\t<\/a>\n\t\t\t\t\t\t\t<span class=\"time\"><time class=\"post-published updated\"\n\t\t\t\t                         datetime=\"2026-08-16T18:43:25+02:00\">Ao\u00fbt 16, 2026<\/time><\/span>\n\t\t\t\t<a href=\"https:\/\/fr.365yawm.ma\/index.php\/2026\/08\/16\/touristes-nationaux-certains-partent-dautres-arrivent\/#respond\" title=\"Laisser un commentaire sur: &quot;TOURISTES NATIONAUX : CERTAINS PARTENT, D&rsquo;AUTRES ARRIVENT&quot;\" class=\"comments\"><i class=\"fa fa-comments-o\"><\/i> 0<\/a>\t\t<\/div>\n\t\t\t\t<\/div>\n\t<\/div>\n\t<\/article >\n\t\t<\/div>\n\t\t<div class=\"mg-col mg-col-2\">\n\t\t\t<div class=\"mg-row mg-row-1\">\n\t\t\t\t\t<article class=\"post-6586 type-post format-standard has-post-thumbnail  listing-item-2 listing-item listing-mg-item listing-mg-type-1 listing-mg-1-item main-term-26\">\n\t<div class=\"item-content\">\n\t\t<a  title=\"OUED LAOU: LES TROTTOIRS TRANSFORM\u00c9S EN PARKING\" data-src=\"https:\/\/fr.365yawm.ma\/wp-content\/uploads\/2026\/08\/IMG_20260811_234227-750x430.jpg\" data-bs-srcset=\"{&quot;baseurl&quot;:&quot;https:\\\/\\\/fr.365yawm.ma\\\/wp-content\\\/uploads\\\/2026\\\/08\\\/&quot;,&quot;sizes&quot;:{&quot;210&quot;:&quot;IMG_20260811_234227-210x136.jpg&quot;,&quot;279&quot;:&quot;IMG_20260811_234227-279x220.jpg&quot;,&quot;357&quot;:&quot;IMG_20260811_234227-357x210.jpg&quot;,&quot;750&quot;:&quot;IMG_20260811_234227-750x430.jpg&quot;,&quot;2560&quot;:&quot;IMG_20260811_234227-scaled.jpg&quot;}}\"\t\t\t\tclass=\"img-cont\" href=\"https:\/\/fr.365yawm.ma\/index.php\/2026\/08\/12\/oued-laou-les-trottoirs-transformes-en-parking\/\"><\/a>\n\t\t<div class=\"term-badges floated\"><span class=\"term-badge term-26\"><a href=\"https:\/\/fr.365yawm.ma\/index.php\/category\/region\/\">R\u00e9gion<\/a><\/span><\/div>\t\t<div class=\"content-container\">\n\t\t\t<h2 class=\"title\">\t\t\t<a href=\"https:\/\/fr.365yawm.ma\/index.php\/2026\/08\/12\/oued-laou-les-trottoirs-transformes-en-parking\/\" class=\"post-url post-title\">\n\t\t\t\tOUED LAOU: LES TROTTOIRS TRANSFORM\u00c9S EN PARKING\t\t\t<\/a>\n\t\t\t<\/h2>\t\t<div class=\"post-meta\">\n\n\t\t\t\t\t\t\t<a href=\"https:\/\/fr.365yawm.ma\/index.php\/author\/fra365yawm\/\"\n\t\t\t\t   title=\"Parcourir les articles Auteur\"\n\t\t\t\t   class=\"post-author-a\">\n\t\t\t\t\t<i class=\"post-author author\">\n\t\t\t\t\t\tfra365yawm\t\t\t\t\t<\/i>\n\t\t\t\t<\/a>\n\t\t\t\t\t\t\t<span class=\"time\"><time class=\"post-published updated\"\n\t\t\t\t                         datetime=\"2026-08-12T00:52:49+02:00\">Ao\u00fbt 12, 2026<\/time><\/span>\n\t\t\t\t<a href=\"https:\/\/fr.365yawm.ma\/index.php\/2026\/08\/12\/oued-laou-les-trottoirs-transformes-en-parking\/#respond\" title=\"Laisser un commentaire sur: &quot;OUED LAOU: LES TROTTOIRS TRANSFORM\u00c9S EN PARKING&quot;\" class=\"comments\"><i class=\"fa fa-comments-o\"><\/i> 0<\/a>\t\t<\/div>\n\t\t\t\t<\/div>\n\t<\/div>\n\t<\/article >\n\t\t\t<\/div>\n\t\t\t<div class=\"mg-row mg-row-2\">\n\t\t\t\t<div class=\"item-3-cont\">\n\t\t\t\t\t\t<article class=\"post-6583 type-post format-standard has-post-thumbnail  listing-item-3 listing-item listing-mg-item listing-mg-type-1 listing-mg-1-item main-term-30\">\n\t<div class=\"item-content\">\n\t\t<a  title=\"Apr\u00e8s le drame migratoire\u2026 les \u00e9lections suffisent-elles \u00e0 renouveler le contrat politique ?\" data-src=\"https:\/\/fr.365yawm.ma\/wp-content\/uploads\/2026\/08\/IMG_8420-279x220.webp\" data-bs-srcset=\"{&quot;baseurl&quot;:&quot;https:\\\/\\\/fr.365yawm.ma\\\/wp-content\\\/uploads\\\/2026\\\/08\\\/&quot;,&quot;sizes&quot;:{&quot;210&quot;:&quot;IMG_8420-210x136.webp&quot;,&quot;279&quot;:&quot;IMG_8420-279x220.webp&quot;,&quot;357&quot;:&quot;IMG_8420-357x210.webp&quot;,&quot;750&quot;:&quot;IMG_8420-750x430.webp&quot;,&quot;1200&quot;:&quot;IMG_8420.webp&quot;}}\"\t\t\t\tclass=\"img-cont\" href=\"https:\/\/fr.365yawm.ma\/index.php\/2026\/08\/09\/apres-le-drame-migratoire-les-elections-suffisent-elles-a-renouveler-le-contrat-politique\/\"><\/a>\n\t\t\t\t<div class=\"content-container\">\n\t\t\t<h2 class=\"title\">\t\t\t<a href=\"https:\/\/fr.365yawm.ma\/index.php\/2026\/08\/09\/apres-le-drame-migratoire-les-elections-suffisent-elles-a-renouveler-le-contrat-politique\/\" class=\"post-url post-title\">\n\t\t\t\tApr\u00e8s le drame migratoire\u2026 les \u00e9lections suffisent-elles \u00e0 renouveler&hellip;\t\t\t<\/a>\n\t\t\t<\/h2>\t\t<\/div>\n\t<\/div>\n\t<\/article >\n\t\t\t\t<\/div>\n\t\t\t\t<div class=\"item-4-cont\">\n\t\t\t\t\t\t<article class=\"post-6573 type-post format-standard has-post-thumbnail  listing-item-4 listing-item listing-mg-item listing-mg-type-1 listing-mg-1-item main-term-30\">\n\t<div class=\"item-content\">\n\t\t<a  title=\"CORNICHE DE TANGER : LES \u00c9TABLISSEMENTS DE LOISIRS (BALN\u00c9AIRES) D\u00c9NONCENT UNE CONCURENCE DELOYALE DES CAF\u00c9S CHICHA\" data-src=\"https:\/\/fr.365yawm.ma\/wp-content\/uploads\/2026\/07\/images-5-279x220.jpeg\" data-bs-srcset=\"{&quot;baseurl&quot;:&quot;https:\\\/\\\/fr.365yawm.ma\\\/wp-content\\\/uploads\\\/2026\\\/07\\\/&quot;,&quot;sizes&quot;:{&quot;210&quot;:&quot;images-5-210x136.jpeg&quot;,&quot;279&quot;:&quot;images-5-279x220.jpeg&quot;,&quot;357&quot;:&quot;images-5-357x210.jpeg&quot;,&quot;588&quot;:&quot;images-5.jpeg&quot;}}\"\t\t\t\tclass=\"img-cont\" href=\"https:\/\/fr.365yawm.ma\/index.php\/2026\/07\/22\/corniche-de-tanger-les-etablissements-de-loisirs-balneaires-denoncent-une-concurence-deloyale-des-cafes-chicha\/\"><\/a>\n\t\t\t\t<div class=\"content-container\">\n\t\t\t<h2 class=\"title\">\t\t\t<a href=\"https:\/\/fr.365yawm.ma\/index.php\/2026\/07\/22\/corniche-de-tanger-les-etablissements-de-loisirs-balneaires-denoncent-une-concurence-deloyale-des-cafes-chicha\/\" class=\"post-url post-title\">\n\t\t\t\tCORNICHE DE TANGER : LES \u00c9TABLISSEMENTS DE LOISIRS (BALN\u00c9AIRES)&hellip;\t\t\t<\/a>\n\t\t\t<\/h2>\t\t<\/div>\n\t<\/div>\n\t<\/article >\n\t\t\t\t<\/div>\n\t\t\t<\/div>\n\t\t<\/div>\n\t<\/div>\n\n\t<\/div>\t\t<div class=\"bs-pagination-wrapper main-term-22 slider  bs-slider-item bs-items-4\">\n\t\t\t<div class=\"listing listing-modern-grid listing-modern-grid-1 clearfix slider-overlay-simple-gr l-2\">\n\t\t<div class=\"mg-col mg-col-1\">\n\t\t\t\t<article class=\"post-6568 type-post format-standard has-post-thumbnail  listing-item-1 listing-item listing-mg-item listing-mg-type-1 listing-mg-1-item main-term-26\">\n\t<div class=\"item-content\">\n\t\t<a  title=\"OUED LAOU: LES JETS-SKIS DE LA PEUR MENACENT LES BAIGNEURS\" data-src=\"https:\/\/fr.365yawm.ma\/wp-content\/uploads\/2026\/07\/IMG_20260720_182432-750x430.jpg\" data-bs-srcset=\"{&quot;baseurl&quot;:&quot;https:\\\/\\\/fr.365yawm.ma\\\/wp-content\\\/uploads\\\/2026\\\/07\\\/&quot;,&quot;sizes&quot;:{&quot;210&quot;:&quot;IMG_20260720_182432-210x136.jpg&quot;,&quot;279&quot;:&quot;IMG_20260720_182432-279x220.jpg&quot;,&quot;357&quot;:&quot;IMG_20260720_182432-357x210.jpg&quot;,&quot;750&quot;:&quot;IMG_20260720_182432-750x430.jpg&quot;,&quot;1200&quot;:&quot;IMG_20260720_182432.jpg&quot;}}\"\t\t\t\tclass=\"img-cont\" href=\"https:\/\/fr.365yawm.ma\/index.php\/2026\/07\/20\/oued-laou-les-jets-skis-de-la-peur-menacent-les-baigneurs\/\"><\/a>\n\t\t<div class=\"term-badges floated\"><span class=\"term-badge term-26\"><a href=\"https:\/\/fr.365yawm.ma\/index.php\/category\/region\/\">R\u00e9gion<\/a><\/span><\/div>\t\t<div class=\"content-container\">\n\t\t\t<h2 class=\"title\">\t\t\t<a href=\"https:\/\/fr.365yawm.ma\/index.php\/2026\/07\/20\/oued-laou-les-jets-skis-de-la-peur-menacent-les-baigneurs\/\" class=\"post-url post-title\">\n\t\t\t\tOUED LAOU: LES JETS-SKIS DE LA PEUR MENACENT LES BAIGNEURS\t\t\t<\/a>\n\t\t\t<\/h2>\t\t<div class=\"post-meta\">\n\n\t\t\t\t\t\t\t<a href=\"https:\/\/fr.365yawm.ma\/index.php\/author\/fra365yawm\/\"\n\t\t\t\t   title=\"Parcourir les articles Auteur\"\n\t\t\t\t   class=\"post-author-a\">\n\t\t\t\t\t<i class=\"post-author author\">\n\t\t\t\t\t\tfra365yawm\t\t\t\t\t<\/i>\n\t\t\t\t<\/a>\n\t\t\t\t\t\t\t<span class=\"time\"><time class=\"post-published updated\"\n\t\t\t\t                         datetime=\"2026-07-20T19:43:08+02:00\">Juil 20, 2026<\/time><\/span>\n\t\t\t\t<a href=\"https:\/\/fr.365yawm.ma\/index.php\/2026\/07\/20\/oued-laou-les-jets-skis-de-la-peur-menacent-les-baigneurs\/#respond\" title=\"Laisser un commentaire sur: &quot;OUED LAOU: LES JETS-SKIS DE LA PEUR MENACENT LES BAIGNEURS&quot;\" class=\"comments\"><i class=\"fa fa-comments-o\"><\/i> 0<\/a>\t\t<\/div>\n\t\t\t\t<\/div>\n\t<\/div>\n\t<\/article >\n\t\t<\/div>\n\t\t<div class=\"mg-col mg-col-2\">\n\t\t\t<div class=\"mg-row mg-row-1\">\n\t\t\t\t\t<article class=\"post-6562 type-post format-standard has-post-thumbnail  listing-item-2 listing-item listing-mg-item listing-mg-type-1 listing-mg-1-item main-term-26\">\n\t<div class=\"item-content\">\n\t\t<a  title=\"PLAGE DE OUED LAOU: L&rsquo;INCIVISME G\u00c2CHE LES EFFORTS DE LA COMMUNE\" data-src=\"https:\/\/fr.365yawm.ma\/wp-content\/uploads\/2026\/07\/IMG-20260718-WA0119.jpg\" data-bs-srcset=\"{&quot;baseurl&quot;:&quot;https:\\\/\\\/fr.365yawm.ma\\\/wp-content\\\/uploads\\\/2026\\\/07\\\/&quot;,&quot;sizes&quot;:{&quot;210&quot;:&quot;IMG-20260718-WA0119-210x136.jpg&quot;,&quot;279&quot;:&quot;IMG-20260718-WA0119-279x220.jpg&quot;,&quot;357&quot;:&quot;IMG-20260718-WA0119-357x210.jpg&quot;,&quot;460&quot;:&quot;IMG-20260718-WA0119.jpg&quot;}}\"\t\t\t\tclass=\"img-cont\" href=\"https:\/\/fr.365yawm.ma\/index.php\/2026\/07\/18\/plage-de-oued-laou-lincivisme-gache-les-efforts-de-la-commune\/\"><\/a>\n\t\t<div class=\"term-badges floated\"><span class=\"term-badge term-26\"><a href=\"https:\/\/fr.365yawm.ma\/index.php\/category\/region\/\">R\u00e9gion<\/a><\/span><\/div>\t\t<div class=\"content-container\">\n\t\t\t<h2 class=\"title\">\t\t\t<a href=\"https:\/\/fr.365yawm.ma\/index.php\/2026\/07\/18\/plage-de-oued-laou-lincivisme-gache-les-efforts-de-la-commune\/\" class=\"post-url post-title\">\n\t\t\t\tPLAGE DE OUED LAOU: L&rsquo;INCIVISME G\u00c2CHE LES EFFORTS DE LA COMMUNE\t\t\t<\/a>\n\t\t\t<\/h2>\t\t<div class=\"post-meta\">\n\n\t\t\t\t\t\t\t<a href=\"https:\/\/fr.365yawm.ma\/index.php\/author\/fra365yawm\/\"\n\t\t\t\t   title=\"Parcourir les articles Auteur\"\n\t\t\t\t   class=\"post-author-a\">\n\t\t\t\t\t<i class=\"post-author author\">\n\t\t\t\t\t\tfra365yawm\t\t\t\t\t<\/i>\n\t\t\t\t<\/a>\n\t\t\t\t\t\t\t<span class=\"time\"><time class=\"post-published updated\"\n\t\t\t\t                         datetime=\"2026-07-18T21:10:54+02:00\">Juil 18, 2026<\/time><\/span>\n\t\t\t\t<a href=\"https:\/\/fr.365yawm.ma\/index.php\/2026\/07\/18\/plage-de-oued-laou-lincivisme-gache-les-efforts-de-la-commune\/#respond\" title=\"Laisser un commentaire sur: &quot;PLAGE DE OUED LAOU: L&rsquo;INCIVISME G\u00c2CHE LES EFFORTS DE LA COMMUNE&quot;\" class=\"comments\"><i class=\"fa fa-comments-o\"><\/i> 0<\/a>\t\t<\/div>\n\t\t\t\t<\/div>\n\t<\/div>\n\t<\/article >\n\t\t\t<\/div>\n\t\t\t<div class=\"mg-row mg-row-2\">\n\t\t\t\t<div class=\"item-3-cont\">\n\t\t\t\t\t\t<article class=\"post-6557 type-post format-standard has-post-thumbnail  listing-item-3 listing-item listing-mg-item listing-mg-type-1 listing-mg-1-item main-term-26\">\n\t<div class=\"item-content\">\n\t\t<a  title=\"OUED LAOU: LES AUTORIT\u00c9S RETABLISSENT SUR LA CORNICHE\" data-src=\"https:\/\/fr.365yawm.ma\/wp-content\/uploads\/2026\/07\/1783798329625-279x220.jpg\" data-bs-srcset=\"{&quot;baseurl&quot;:&quot;https:\\\/\\\/fr.365yawm.ma\\\/wp-content\\\/uploads\\\/2026\\\/07\\\/&quot;,&quot;sizes&quot;:{&quot;210&quot;:&quot;1783798329625-210x136.jpg&quot;,&quot;279&quot;:&quot;1783798329625-279x220.jpg&quot;,&quot;357&quot;:&quot;1783798329625-357x210.jpg&quot;,&quot;720&quot;:&quot;1783798329625.jpg&quot;}}\"\t\t\t\tclass=\"img-cont\" href=\"https:\/\/fr.365yawm.ma\/index.php\/2026\/07\/11\/oued-laou-les-autorites-retablissent-sur-la-corniche\/\"><\/a>\n\t\t\t\t<div class=\"content-container\">\n\t\t\t<h2 class=\"title\">\t\t\t<a href=\"https:\/\/fr.365yawm.ma\/index.php\/2026\/07\/11\/oued-laou-les-autorites-retablissent-sur-la-corniche\/\" class=\"post-url post-title\">\n\t\t\t\tOUED LAOU: LES AUTORIT\u00c9S RETABLISSENT SUR LA CORNICHE\t\t\t<\/a>\n\t\t\t<\/h2>\t\t<\/div>\n\t<\/div>\n\t<\/article >\n\t\t\t\t<\/div>\n\t\t\t\t<div class=\"item-4-cont\">\n\t\t\t\t\t\t<article class=\"post-6544 type-post format-standard has-post-thumbnail  listing-item-4 listing-item listing-mg-item listing-mg-type-1 listing-mg-1-item main-term-22\">\n\t<div class=\"item-content\">\n\t\t<a  title=\"T\u00c9TOUAN MET EN AVANT SON PATRIMOINE GR\u00c2CE \u00c0 LA 6\u00c8ME \u00c9DITION DE SON FESTIVAL CULTUREL\" data-src=\"https:\/\/fr.365yawm.ma\/wp-content\/uploads\/2026\/07\/SAVE_20260707_110144-279x220.jpg\" data-bs-srcset=\"{&quot;baseurl&quot;:&quot;https:\\\/\\\/fr.365yawm.ma\\\/wp-content\\\/uploads\\\/2026\\\/07\\\/&quot;,&quot;sizes&quot;:{&quot;210&quot;:&quot;SAVE_20260707_110144-210x136.jpg&quot;,&quot;279&quot;:&quot;SAVE_20260707_110144-279x220.jpg&quot;,&quot;357&quot;:&quot;SAVE_20260707_110144-357x210.jpg&quot;,&quot;750&quot;:&quot;SAVE_20260707_110144-750x430.jpg&quot;,&quot;1600&quot;:&quot;SAVE_20260707_110144.jpg&quot;}}\"\t\t\t\tclass=\"img-cont\" href=\"https:\/\/fr.365yawm.ma\/index.php\/2026\/07\/07\/tetouan-met-en-avant-son-patrimoine-grace-a-la-6eme-edition-de-son-festival-culturel\/\"><\/a>\n\t\t\t\t<div class=\"content-container\">\n\t\t\t<h2 class=\"title\">\t\t\t<a href=\"https:\/\/fr.365yawm.ma\/index.php\/2026\/07\/07\/tetouan-met-en-avant-son-patrimoine-grace-a-la-6eme-edition-de-son-festival-culturel\/\" class=\"post-url post-title\">\n\t\t\t\tT\u00c9TOUAN MET EN AVANT SON PATRIMOINE GR\u00c2CE \u00c0 LA 6\u00c8ME \u00c9DITION DE SON&hellip;\t\t\t<\/a>\n\t\t\t<\/h2>\t\t<\/div>\n\t<\/div>\n\t<\/article >\n\t\t\t\t<\/div>\n\t\t\t<\/div>\n\t\t<\/div>\n\t<\/div>\n\n\t<\/div>\t\t<div class=\"bs-pagination-wrapper main-term-22 slider  bs-slider-item bs-items-4\">\n\t\t\t<div class=\"listing listing-modern-grid listing-modern-grid-1 clearfix slider-overlay-simple-gr l-2\">\n\t\t<div class=\"mg-col mg-col-1\">\n\t\t\t\t<article class=\"post-6540 type-post format-standard has-post-thumbnail  listing-item-1 listing-item listing-mg-item listing-mg-type-1 listing-mg-1-item main-term-28\">\n\t<div class=\"item-content\">\n\t\t<a  title=\"TINGIS CUP: UN TOURNOI EN HOMMAGE \u00c0 ABDERRAHIM HOUAZER\" data-src=\"https:\/\/fr.365yawm.ma\/wp-content\/uploads\/2026\/07\/IMG-20260703-WA0083-750x430.jpg\" data-bs-srcset=\"{&quot;baseurl&quot;:&quot;https:\\\/\\\/fr.365yawm.ma\\\/wp-content\\\/uploads\\\/2026\\\/07\\\/&quot;,&quot;sizes&quot;:{&quot;210&quot;:&quot;IMG-20260703-WA0083-210x136.jpg&quot;,&quot;279&quot;:&quot;IMG-20260703-WA0083-279x220.jpg&quot;,&quot;357&quot;:&quot;IMG-20260703-WA0083-357x210.jpg&quot;,&quot;750&quot;:&quot;IMG-20260703-WA0083-750x430.jpg&quot;,&quot;1600&quot;:&quot;IMG-20260703-WA0083.jpg&quot;}}\"\t\t\t\tclass=\"img-cont\" href=\"https:\/\/fr.365yawm.ma\/index.php\/2026\/07\/03\/tingis-cup-un-tournoi-en-hommage-a-abderrahim-houazer\/\"><\/a>\n\t\t<div class=\"term-badges floated\"><span class=\"term-badge term-28\"><a href=\"https:\/\/fr.365yawm.ma\/index.php\/category\/sport\/\">Sport<\/a><\/span><\/div>\t\t<div class=\"content-container\">\n\t\t\t<h2 class=\"title\">\t\t\t<a href=\"https:\/\/fr.365yawm.ma\/index.php\/2026\/07\/03\/tingis-cup-un-tournoi-en-hommage-a-abderrahim-houazer\/\" class=\"post-url post-title\">\n\t\t\t\tTINGIS CUP: UN TOURNOI EN HOMMAGE \u00c0 ABDERRAHIM HOUAZER\t\t\t<\/a>\n\t\t\t<\/h2>\t\t<div class=\"post-meta\">\n\n\t\t\t\t\t\t\t<a href=\"https:\/\/fr.365yawm.ma\/index.php\/author\/fra365yawm\/\"\n\t\t\t\t   title=\"Parcourir les articles Auteur\"\n\t\t\t\t   class=\"post-author-a\">\n\t\t\t\t\t<i class=\"post-author author\">\n\t\t\t\t\t\tfra365yawm\t\t\t\t\t<\/i>\n\t\t\t\t<\/a>\n\t\t\t\t\t\t\t<span class=\"time\"><time class=\"post-published updated\"\n\t\t\t\t                         datetime=\"2026-07-03T21:57:31+02:00\">Juil 3, 2026<\/time><\/span>\n\t\t\t\t<a href=\"https:\/\/fr.365yawm.ma\/index.php\/2026\/07\/03\/tingis-cup-un-tournoi-en-hommage-a-abderrahim-houazer\/#respond\" title=\"Laisser un commentaire sur: &quot;TINGIS CUP: UN TOURNOI EN HOMMAGE \u00c0 ABDERRAHIM HOUAZER&quot;\" class=\"comments\"><i class=\"fa fa-comments-o\"><\/i> 0<\/a>\t\t<\/div>\n\t\t\t\t<\/div>\n\t<\/div>\n\t<\/article >\n\t\t<\/div>\n\t\t<div class=\"mg-col mg-col-2\">\n\t\t\t<div class=\"mg-row mg-row-1\">\n\t\t\t\t\t<article class=\"post-6528 type-post format-standard has-post-thumbnail  listing-item-2 listing-item listing-mg-item listing-mg-type-1 listing-mg-1-item main-term-28\">\n\t<div class=\"item-content\">\n\t\t<a  title=\"VIBRANT HOMMAGE \u00c0 DRISS HARRATI, UN PARCOURS SPORTIF ET EDUCATIF EXEMPLAIRE\" data-src=\"https:\/\/fr.365yawm.ma\/wp-content\/uploads\/2026\/06\/FB_IMG_1782480804405-750x430.jpg\" data-bs-srcset=\"{&quot;baseurl&quot;:&quot;https:\\\/\\\/fr.365yawm.ma\\\/wp-content\\\/uploads\\\/2026\\\/06\\\/&quot;,&quot;sizes&quot;:{&quot;210&quot;:&quot;FB_IMG_1782480804405-210x136.jpg&quot;,&quot;279&quot;:&quot;FB_IMG_1782480804405-279x220.jpg&quot;,&quot;357&quot;:&quot;FB_IMG_1782480804405-357x210.jpg&quot;,&quot;750&quot;:&quot;FB_IMG_1782480804405-750x430.jpg&quot;,&quot;1280&quot;:&quot;FB_IMG_1782480804405.jpg&quot;}}\"\t\t\t\tclass=\"img-cont\" href=\"https:\/\/fr.365yawm.ma\/index.php\/2026\/06\/26\/vibrant-hommage-a-driss-harrati-un-parcours-sportif-et-educatif-exemplaire\/\"><\/a>\n\t\t<div class=\"term-badges floated\"><span class=\"term-badge term-28\"><a href=\"https:\/\/fr.365yawm.ma\/index.php\/category\/sport\/\">Sport<\/a><\/span><\/div>\t\t<div class=\"content-container\">\n\t\t\t<h2 class=\"title\">\t\t\t<a href=\"https:\/\/fr.365yawm.ma\/index.php\/2026\/06\/26\/vibrant-hommage-a-driss-harrati-un-parcours-sportif-et-educatif-exemplaire\/\" class=\"post-url post-title\">\n\t\t\t\tVIBRANT HOMMAGE \u00c0 DRISS HARRATI, UN PARCOURS SPORTIF ET EDUCATIF EXEMPLAIRE\t\t\t<\/a>\n\t\t\t<\/h2>\t\t<div class=\"post-meta\">\n\n\t\t\t\t\t\t\t<a href=\"https:\/\/fr.365yawm.ma\/index.php\/author\/fra365yawm\/\"\n\t\t\t\t   title=\"Parcourir les articles Auteur\"\n\t\t\t\t   class=\"post-author-a\">\n\t\t\t\t\t<i class=\"post-author author\">\n\t\t\t\t\t\tfra365yawm\t\t\t\t\t<\/i>\n\t\t\t\t<\/a>\n\t\t\t\t\t\t\t<span class=\"time\"><time class=\"post-published updated\"\n\t\t\t\t                         datetime=\"2026-06-26T18:02:14+02:00\">Juin 26, 2026<\/time><\/span>\n\t\t\t\t<a href=\"https:\/\/fr.365yawm.ma\/index.php\/2026\/06\/26\/vibrant-hommage-a-driss-harrati-un-parcours-sportif-et-educatif-exemplaire\/#respond\" title=\"Laisser un commentaire sur: &quot;VIBRANT HOMMAGE \u00c0 DRISS HARRATI, UN PARCOURS SPORTIF ET EDUCATIF EXEMPLAIRE&quot;\" class=\"comments\"><i class=\"fa fa-comments-o\"><\/i> 0<\/a>\t\t<\/div>\n\t\t\t\t<\/div>\n\t<\/div>\n\t<\/article >\n\t\t\t<\/div>\n\t\t\t<div class=\"mg-row mg-row-2\">\n\t\t\t\t<div class=\"item-3-cont\">\n\t\t\t\t\t\t<article class=\"post-6489 type-post format-standard has-post-thumbnail  listing-item-3 listing-item listing-mg-item listing-mg-type-1 listing-mg-1-item main-term-22\">\n\t<div class=\"item-content\">\n\t\t<a  title=\"ABDELOUAHAB DOUKALI-AHMED BENYESSEF: DEUX DESTINS, UNE M\u00caME PASSION\" data-src=\"https:\/\/fr.365yawm.ma\/wp-content\/uploads\/2026\/06\/IMG-20260516-WA00751-279x220.jpg\" data-bs-srcset=\"{&quot;baseurl&quot;:&quot;https:\\\/\\\/fr.365yawm.ma\\\/wp-content\\\/uploads\\\/2026\\\/06\\\/&quot;,&quot;sizes&quot;:{&quot;210&quot;:&quot;IMG-20260516-WA00751-210x136.jpg&quot;,&quot;279&quot;:&quot;IMG-20260516-WA00751-279x220.jpg&quot;,&quot;357&quot;:&quot;IMG-20260516-WA00751-357x210.jpg&quot;,&quot;750&quot;:&quot;IMG-20260516-WA00751-750x430.jpg&quot;,&quot;1280&quot;:&quot;IMG-20260516-WA00751.jpg&quot;}}\"\t\t\t\tclass=\"img-cont\" href=\"https:\/\/fr.365yawm.ma\/index.php\/2026\/06\/02\/abdelouahab-doukali-ahmed-benyessef-deux-destins-une-meme-passion\/\"><\/a>\n\t\t\t\t<div class=\"content-container\">\n\t\t\t<h2 class=\"title\">\t\t\t<a href=\"https:\/\/fr.365yawm.ma\/index.php\/2026\/06\/02\/abdelouahab-doukali-ahmed-benyessef-deux-destins-une-meme-passion\/\" class=\"post-url post-title\">\n\t\t\t\tABDELOUAHAB DOUKALI-AHMED BENYESSEF: DEUX DESTINS, UNE M\u00caME PASSION\t\t\t<\/a>\n\t\t\t<\/h2>\t\t<\/div>\n\t<\/div>\n\t<\/article >\n\t\t\t\t<\/div>\n\t\t\t\t<div class=\"item-4-cont\">\n\t\t\t\t\t\t<article class=\"post-6483 type-post format-standard has-post-thumbnail  listing-item-4 listing-item listing-mg-item listing-mg-type-1 listing-mg-1-item main-term-28\">\n\t<div class=\"item-content\">\n\t\t<a  title=\"SPORTS \u00c9QUESTRES : UN CAVALIER TANG\u00c9ROIS PARMI LE GOTHA MONDIAL DU SAUT D&rsquo;OBSTACLES\" data-src=\"https:\/\/fr.365yawm.ma\/wp-content\/uploads\/2026\/06\/IMG-20260601-WA0107-279x220.jpg\" data-bs-srcset=\"{&quot;baseurl&quot;:&quot;https:\\\/\\\/fr.365yawm.ma\\\/wp-content\\\/uploads\\\/2026\\\/06\\\/&quot;,&quot;sizes&quot;:{&quot;210&quot;:&quot;IMG-20260601-WA0107-210x136.jpg&quot;,&quot;279&quot;:&quot;IMG-20260601-WA0107-279x220.jpg&quot;,&quot;357&quot;:&quot;IMG-20260601-WA0107-357x210.jpg&quot;,&quot;750&quot;:&quot;IMG-20260601-WA0107-750x430.jpg&quot;,&quot;1828&quot;:&quot;IMG-20260601-WA0107-scaled.jpg&quot;}}\"\t\t\t\tclass=\"img-cont\" href=\"https:\/\/fr.365yawm.ma\/index.php\/2026\/06\/02\/sports-equestres-un-cavalier-tangerois-mondial-parmi-le-gotha-mondial-du-saut-dobstacles\/\"><\/a>\n\t\t\t\t<div class=\"content-container\">\n\t\t\t<h2 class=\"title\">\t\t\t<a href=\"https:\/\/fr.365yawm.ma\/index.php\/2026\/06\/02\/sports-equestres-un-cavalier-tangerois-mondial-parmi-le-gotha-mondial-du-saut-dobstacles\/\" class=\"post-url post-title\">\n\t\t\t\tSPORTS \u00c9QUESTRES : UN CAVALIER TANG\u00c9ROIS PARMI LE GOTHA MONDIAL DU&hellip;\t\t\t<\/a>\n\t\t\t<\/h2>\t\t<\/div>\n\t<\/div>\n\t<\/article >\n\t\t\t\t<\/div>\n\t\t\t<\/div>\n\t\t<\/div>\n\t<\/div>\n\n\t<\/div><div class=\"bs-slider-controls main-term-22\"><div class=\"bs-control-nav  bs-control-nav-style-1\"><\/div><\/div><\/div><\/div>[vc_wp_text]<a href=\"https:\/\/fr.365yawm.ma\/index.php\/3d-flip-book\/ads-pdf\/\"><img loading=\"lazy\" decoding=\"async\" class=\"aligncenter wp-image-1172 size-full\" src=\"https:\/\/fr.365yawm.ma\/wp-content\/uploads\/2021\/05\/Remini20210531181232786.jpg\" alt=\"\" width=\"2160\" height=\"248\" srcset=\"https:\/\/fr.365yawm.ma\/wp-content\/uploads\/2021\/05\/Remini20210531181232786.jpg 2160w, https:\/\/fr.365yawm.ma\/wp-content\/uploads\/2021\/05\/Remini20210531181232786-300x34.jpg 300w, https:\/\/fr.365yawm.ma\/wp-content\/uploads\/2021\/05\/Remini20210531181232786-1024x118.jpg 1024w, https:\/\/fr.365yawm.ma\/wp-content\/uploads\/2021\/05\/Remini20210531181232786-768x88.jpg 768w, https:\/\/fr.365yawm.ma\/wp-content\/uploads\/2021\/05\/Remini20210531181232786-1536x176.jpg 1536w, https:\/\/fr.365yawm.ma\/wp-content\/uploads\/2021\/05\/Remini20210531181232786-2048x235.jpg 2048w\" sizes=\"auto, (max-width: 2160px) 100vw, 2160px\" \/><\/a>[\/vc_wp_text][\/vc_column][\/vc_row][vc_row][vc_column width=\u00a0\u00bb2\/3&Prime;]<div class=\" bs-listing bs-listing-listing-mix-1-1 bs-listing-single-tab pagination-animate\">\t\t<h3 class=\"section-heading sh-t6 sh-s6 main-term-24\">\n\n\t\t\n\t\t\t\t\t\t\t<a href=\"https:\/\/fr.365yawm.ma\/index.php\/category\/politique\/\" class=\"main-link\">\n\t\t\t\t\t\t\t<span class=\"h-text main-term-24\">\n\t\t\t\t\t\t\t\tPolitique\t\t\t\t\t\t\t<\/span>\n\t\t\t\t<\/a>\n\t\t\t\n\t\t\n\t\t<\/h3>\n\t\t\t\t<div class=\"bs-pagination-wrapper main-term-24 next_prev bs-slider-first-item\">\n\t\t\t<div class=\"listing listing-mix-1-1  \">\n\t\t<div class=\"item-inner clearfix\">\n\t\t\t<div class=\"column-1\">\n\t\t\t\t\t<article class=\"post-6606 type-post format-standard has-post-thumbnail   listing-item listing-item-grid listing-item-grid-1 main-term-24\">\n\t<div class=\"item-inner\">\n\t\t\t\t\t<div class=\"featured clearfix\">\n\t\t\t\t<div class=\"term-badges floated\"><span class=\"term-badge term-24\"><a href=\"https:\/\/fr.365yawm.ma\/index.php\/category\/politique\/\">Politique<\/a><\/span><\/div>\t\t\t\t<a  title=\"QUAND L&rsquo;ALG\u00c9RIE FAIT SES ADIEUX \u00c0 UN PR\u00c9SIDENT FANTOCHE\" data-src=\"https:\/\/fr.365yawm.ma\/wp-content\/uploads\/2026\/08\/images-3-357x210.jpeg\" data-bs-srcset=\"{&quot;baseurl&quot;:&quot;https:\\\/\\\/fr.365yawm.ma\\\/wp-content\\\/uploads\\\/2026\\\/08\\\/&quot;,&quot;sizes&quot;:{&quot;210&quot;:&quot;images-3-210x136.jpeg&quot;,&quot;279&quot;:&quot;images-3-279x220.jpeg&quot;,&quot;357&quot;:&quot;images-3-357x210.jpeg&quot;,&quot;440&quot;:&quot;images-3.jpeg&quot;}}\"\t\t\t\t\t\tclass=\"img-holder\" href=\"https:\/\/fr.365yawm.ma\/index.php\/2026\/08\/27\/quand-lalgerie-fait-ses-adieux-a-un-president-fantoche\/\"><\/a>\n\n\t\t\t\t\t\t\t<\/div>\n\t\t<h2 class=\"title\">\t\t<a href=\"https:\/\/fr.365yawm.ma\/index.php\/2026\/08\/27\/quand-lalgerie-fait-ses-adieux-a-un-president-fantoche\/\" class=\"post-title post-url\">\n\t\t\tQUAND L&rsquo;ALG\u00c9RIE FAIT SES ADIEUX \u00c0 UN PR\u00c9SIDENT FANTOCHE\t\t<\/a>\n\t\t<\/h2>\t\t<div class=\"post-meta\">\n\n\t\t\t\t\t\t\t<a href=\"https:\/\/fr.365yawm.ma\/index.php\/author\/fra365yawm\/\"\n\t\t\t\t   title=\"Parcourir les articles Auteur\"\n\t\t\t\t   class=\"post-author-a\">\n\t\t\t\t\t<i class=\"post-author author\">\n\t\t\t\t\t\tfra365yawm\t\t\t\t\t<\/i>\n\t\t\t\t<\/a>\n\t\t\t\t\t\t\t<span class=\"time\"><time class=\"post-published updated\"\n\t\t\t\t                         datetime=\"2026-08-27T23:40:32+02:00\">Ao\u00fbt 27, 2026<\/time><\/span>\n\t\t\t\t<a href=\"https:\/\/fr.365yawm.ma\/index.php\/2026\/08\/27\/quand-lalgerie-fait-ses-adieux-a-un-president-fantoche\/#respond\" title=\"Laisser un commentaire sur: &quot;QUAND L&rsquo;ALG\u00c9RIE FAIT SES ADIEUX \u00c0 UN PR\u00c9SIDENT FANTOCHE&quot;\" class=\"comments\"><i class=\"fa fa-comments-o\"><\/i> 0<\/a>\t\t<\/div>\n\t\t\t\t\t<div class=\"post-summary\">\n\t\t\t\tFantoche, de l\u2019italien Fantoccio, est le nom d'une marionnette articul\u00e9e. En politique, Fantoche d\u00e9signe un&hellip;\t\t\t<\/div>\n\t\t\t<\/div>\n\t<\/article >\n\t\t\t<\/div>\n\t\t\t<div class=\"column-2\">\n\t\t\t\t\t<div class=\"listing listing-thumbnail listing-tb-1 clearfix columns-1\">\n\t\t<article class=\"post-6598 type-post format-standard has-post-thumbnail   listing-item listing-item-thumbnail listing-item-tb-1 main-term-1\">\n\t<div class=\"item-inner clearfix\">\n\t\t\t\t\t<div class=\"featured featured-type-featured-image\">\n\t\t\t\t<a  title=\"LE GRAND ROYAUME DES CHORFA ET LA TOURBE DU PAYS D&rsquo;\u00c0 C\u00d4T\u00c9\" data-src=\"https:\/\/fr.365yawm.ma\/wp-content\/uploads\/2026\/08\/images-3-86x64.jpeg\" data-bs-srcset=\"{&quot;baseurl&quot;:&quot;https:\\\/\\\/fr.365yawm.ma\\\/wp-content\\\/uploads\\\/2026\\\/08\\\/&quot;,&quot;sizes&quot;:{&quot;86&quot;:&quot;images-3-86x64.jpeg&quot;,&quot;210&quot;:&quot;images-3-210x136.jpeg&quot;,&quot;440&quot;:&quot;images-3.jpeg&quot;}}\"\t\t\t\t\t\tclass=\"img-holder\" href=\"https:\/\/fr.365yawm.ma\/index.php\/2026\/08\/19\/le-grand-royaume-des-chorfa-et-la-tourbe-du-pays-da-cote\/\"><\/a>\n\t\t\t\t\t\t\t<\/div>\n\t\t<h2 class=\"title\">\t\t<a href=\"https:\/\/fr.365yawm.ma\/index.php\/2026\/08\/19\/le-grand-royaume-des-chorfa-et-la-tourbe-du-pays-da-cote\/\" class=\"post-url post-title\">\n\t\t\tLE GRAND ROYAUME DES CHORFA ET LA TOURBE DU PAYS D&rsquo;\u00c0&hellip;\t\t<\/a>\n\t\t<\/h2>\t\t<div class=\"post-meta\">\n\n\t\t\t\t\t\t\t<span class=\"time\"><time class=\"post-published updated\"\n\t\t\t\t                         datetime=\"2026-08-19T00:06:25+02:00\">Ao\u00fbt 19, 2026<\/time><\/span>\n\t\t\t\t\t\t<\/div>\n\t\t\t<\/div>\n\t<\/article >\n\t<article class=\"post-6275 type-post format-standard has-post-thumbnail   listing-item listing-item-thumbnail listing-item-tb-1 main-term-24\">\n\t<div class=\"item-inner clearfix\">\n\t\t\t\t\t<div class=\"featured featured-type-featured-image\">\n\t\t\t\t<a  title=\"TANGER: LE PARTI DE L&rsquo;ISTIQLAL MISE SUR UNE GROSSE POINTURE\" data-src=\"https:\/\/fr.365yawm.ma\/wp-content\/uploads\/2026\/03\/InShot_20260331_161532787-86x64.jpg\" data-bs-srcset=\"{&quot;baseurl&quot;:&quot;https:\\\/\\\/fr.365yawm.ma\\\/wp-content\\\/uploads\\\/2026\\\/03\\\/&quot;,&quot;sizes&quot;:{&quot;86&quot;:&quot;InShot_20260331_161532787-86x64.jpg&quot;,&quot;210&quot;:&quot;InShot_20260331_161532787-210x136.jpg&quot;,&quot;1920&quot;:&quot;InShot_20260331_161532787.jpg&quot;}}\"\t\t\t\t\t\tclass=\"img-holder\" href=\"https:\/\/fr.365yawm.ma\/index.php\/2026\/03\/31\/tanger-le-parti-de-listiqlal-mise-sur-une-grosse-pointure\/\"><\/a>\n\t\t\t\t\t\t\t<\/div>\n\t\t<h2 class=\"title\">\t\t<a href=\"https:\/\/fr.365yawm.ma\/index.php\/2026\/03\/31\/tanger-le-parti-de-listiqlal-mise-sur-une-grosse-pointure\/\" class=\"post-url post-title\">\n\t\t\tTANGER: LE PARTI DE L&rsquo;ISTIQLAL MISE SUR UNE GROSSE&hellip;\t\t<\/a>\n\t\t<\/h2>\t\t<div class=\"post-meta\">\n\n\t\t\t\t\t\t\t<span class=\"time\"><time class=\"post-published updated\"\n\t\t\t\t                         datetime=\"2026-03-31T18:34:03+02:00\">Mar 31, 2026<\/time><\/span>\n\t\t\t\t\t\t<\/div>\n\t\t\t<\/div>\n\t<\/article >\n\t<article class=\"post-5897 type-post format-standard has-post-thumbnail   listing-item listing-item-thumbnail listing-item-tb-1 main-term-24\">\n\t<div class=\"item-inner clearfix\">\n\t\t\t\t\t<div class=\"featured featured-type-featured-image\">\n\t\t\t\t<a  title=\"MEDAYS 2025: TANGER DISTINGUE LA GAMBIE , LE LIBERIA ET LA SOMALIE\" data-src=\"https:\/\/fr.365yawm.ma\/wp-content\/uploads\/2025\/11\/IMG-20251127-WA0005-86x64.jpg\" data-bs-srcset=\"{&quot;baseurl&quot;:&quot;https:\\\/\\\/fr.365yawm.ma\\\/wp-content\\\/uploads\\\/2025\\\/11\\\/&quot;,&quot;sizes&quot;:{&quot;86&quot;:&quot;IMG-20251127-WA0005-86x64.jpg&quot;,&quot;210&quot;:&quot;IMG-20251127-WA0005-210x136.jpg&quot;,&quot;1600&quot;:&quot;IMG-20251127-WA0005.jpg&quot;}}\"\t\t\t\t\t\tclass=\"img-holder\" href=\"https:\/\/fr.365yawm.ma\/index.php\/2025\/11\/27\/medays-2025-tanger-distingue-la-gambie-le-liberia-et-la-somalie\/\"><\/a>\n\t\t\t\t\t\t\t<\/div>\n\t\t<h2 class=\"title\">\t\t<a href=\"https:\/\/fr.365yawm.ma\/index.php\/2025\/11\/27\/medays-2025-tanger-distingue-la-gambie-le-liberia-et-la-somalie\/\" class=\"post-url post-title\">\n\t\t\tMEDAYS 2025: TANGER DISTINGUE LA GAMBIE , LE LIBERIA ET LA&hellip;\t\t<\/a>\n\t\t<\/h2>\t\t<div class=\"post-meta\">\n\n\t\t\t\t\t\t\t<span class=\"time\"><time class=\"post-published updated\"\n\t\t\t\t                         datetime=\"2025-11-27T11:48:45+01:00\">Nov 27, 2025<\/time><\/span>\n\t\t\t\t\t\t<\/div>\n\t\t\t<\/div>\n\t<\/article >\n\t<article class=\"post-5871 type-post format-standard has-post-thumbnail   listing-item listing-item-thumbnail listing-item-tb-1 main-term-24\">\n\t<div class=\"item-inner clearfix\">\n\t\t\t\t\t<div class=\"featured featured-type-featured-image\">\n\t\t\t\t<a  title=\"RENCONTRES DE CONCERTATIONS: LE WALI TAZI EXHORTE LES INSTITUTIONS \u00c9LUES \u00c0 FAIRE PREUVE DE PLUS D&rsquo;ENTRAIN\" data-src=\"https:\/\/fr.365yawm.ma\/wp-content\/uploads\/2025\/11\/70cdb9da-d9dc-48da-8f38-6c7c0a0a5df9-1200x800-1-86x64.jpeg\" data-bs-srcset=\"{&quot;baseurl&quot;:&quot;https:\\\/\\\/fr.365yawm.ma\\\/wp-content\\\/uploads\\\/2025\\\/11\\\/&quot;,&quot;sizes&quot;:{&quot;86&quot;:&quot;70cdb9da-d9dc-48da-8f38-6c7c0a0a5df9-1200x800-1-86x64.jpeg&quot;,&quot;210&quot;:&quot;70cdb9da-d9dc-48da-8f38-6c7c0a0a5df9-1200x800-1-210x136.jpeg&quot;,&quot;1200&quot;:&quot;70cdb9da-d9dc-48da-8f38-6c7c0a0a5df9-1200x800-1.jpeg&quot;}}\"\t\t\t\t\t\tclass=\"img-holder\" href=\"https:\/\/fr.365yawm.ma\/index.php\/2025\/11\/11\/rencontres-de-concertations-le-wali-tazi-exhorte-les-institutions-elues-a-faire-preuve-de-plus-dentrain\/\"><\/a>\n\t\t\t\t\t\t\t<\/div>\n\t\t<h2 class=\"title\">\t\t<a href=\"https:\/\/fr.365yawm.ma\/index.php\/2025\/11\/11\/rencontres-de-concertations-le-wali-tazi-exhorte-les-institutions-elues-a-faire-preuve-de-plus-dentrain\/\" class=\"post-url post-title\">\n\t\t\tRENCONTRES DE CONCERTATIONS: LE WALI TAZI EXHORTE LES&hellip;\t\t<\/a>\n\t\t<\/h2>\t\t<div class=\"post-meta\">\n\n\t\t\t\t\t\t\t<span class=\"time\"><time class=\"post-published updated\"\n\t\t\t\t                         datetime=\"2025-11-11T20:27:20+01:00\">Nov 11, 2025<\/time><\/span>\n\t\t\t\t\t\t<\/div>\n\t\t\t<\/div>\n\t<\/article >\n\t<\/div>\n\t\t\t\t<\/div>\n\t\t<\/div>\n\t<\/div>\n\n\t<\/div><div class=\"bs-pagination bs-ajax-pagination next_prev main-term-24 clearfix\">\n\t\t\t<script>var bs_ajax_paginate_1871039813 = '{\"query\":{\"category\":\"24\",\"tag\":\"\",\"taxonomy\":\"\",\"post_ids\":\"\",\"post_type\":\"\",\"count\":\"5\",\"order_by\":\"date\",\"order\":\"DESC\",\"time_filter\":\"\",\"offset\":\"\",\"style\":\"listing-mix-1-1\",\"cats-tags-condition\":\"and\",\"cats-condition\":\"in\",\"tags-condition\":\"in\",\"featured_image\":\"0\",\"ignore_sticky_posts\":\"1\",\"author_ids\":\"\",\"disable_duplicate\":\"0\",\"ad-active\":0,\"paginate\":\"next_prev\",\"pagination-show-label\":\"0\",\"listing-settings\":\"\",\"override-listing-settings\":\"0\",\"_layout\":{\"state\":\"1|1|0\",\"page\":\"2-col-right\"}},\"type\":\"bs_post_listing\",\"view\":\"Publisher_Mix_Listing_1_1_Shortcode\",\"current_page\":1,\"ajax_url\":\"\\\/wp-admin\\\/admin-ajax.php\",\"remove_duplicates\":\"0\",\"query-main-term\":\"24\",\"pagination-show-label\":\"0\",\"paginate\":\"next_prev\",\"override-listing-settings\":\"0\",\"listing-settings\":\"\",\"ad-active\":false,\"_layout\":{\"state\":\"1|1|0\",\"page\":\"2-col-right\"},\"_bs_pagin_token\":\"5a8ca26\"}';<\/script>\t\t\t\t<a href=\"#prev-1871039813\" class=\"btn-bs-pagination prev disabled\" rel=\"prev\" data-id=\"1871039813\"\n\t\t\t\t   title=\"Pr\u00e9c\u00e9dent\">\n\t\t\t\t\t<i class=\"fa fa-angle-left\"\n\t\t\t\t\t   aria-hidden=\"true\"><\/i> Pr\u00e9c\u00e9dent\t\t\t\t<\/a>\n\t\t\t\t<a href=\"#next-1871039813\"  rel=\"next\" class=\"btn-bs-pagination next\"\n\t\t\t\t   data-id=\"1871039813\" title=\"Prochain\">\n\t\t\t\t\tProchain <i\n\t\t\t\t\t\t\tclass=\"fa fa-angle-right\" aria-hidden=\"true\"><\/i>\n\t\t\t\t<\/a>\n\t\t\t\t<\/div><\/div><div class=\" bs-listing bs-listing-listing-mix-2-1 bs-listing-single-tab pagination-animate\">\t\t<h3 class=\"section-heading sh-t6 sh-s6 main-term-28\">\n\n\t\t\n\t\t\t\t\t\t\t<a href=\"https:\/\/fr.365yawm.ma\/index.php\/category\/sport\/\" class=\"main-link\">\n\t\t\t\t\t\t\t<span class=\"h-text main-term-28\">\n\t\t\t\t\t\t\t\tSport\t\t\t\t\t\t\t<\/span>\n\t\t\t\t<\/a>\n\t\t\t\n\t\t\n\t\t<\/h3>\n\t\t\t\t<div class=\"bs-pagination-wrapper main-term-28 next_prev bs-slider-first-item\">\n\t\t\t<div class=\"listing listing-mix-2-1 clearfix \">\n\t\t<div class=\"item-inner\">\n\t\t\t<div class=\"row\">\n\t\t\t\t<div class=\"col-lg-12\">\n\t\t\t\t\t\t\t\t\t\t\t<div class=\"listing listing-grid clearfix columns-2\">\n\t\t\t\t\t\t\t\t<article class=\"post-6540 type-post format-standard has-post-thumbnail   listing-item listing-item-grid listing-item-grid-1 main-term-28\">\n\t<div class=\"item-inner\">\n\t\t\t\t\t<div class=\"featured clearfix\">\n\t\t\t\t<div class=\"term-badges floated\"><span class=\"term-badge term-28\"><a href=\"https:\/\/fr.365yawm.ma\/index.php\/category\/sport\/\">Sport<\/a><\/span><\/div>\t\t\t\t<a  title=\"TINGIS CUP: UN TOURNOI EN HOMMAGE \u00c0 ABDERRAHIM HOUAZER\" data-src=\"https:\/\/fr.365yawm.ma\/wp-content\/uploads\/2026\/07\/IMG-20260703-WA0083-357x210.jpg\" data-bs-srcset=\"{&quot;baseurl&quot;:&quot;https:\\\/\\\/fr.365yawm.ma\\\/wp-content\\\/uploads\\\/2026\\\/07\\\/&quot;,&quot;sizes&quot;:{&quot;210&quot;:&quot;IMG-20260703-WA0083-210x136.jpg&quot;,&quot;279&quot;:&quot;IMG-20260703-WA0083-279x220.jpg&quot;,&quot;357&quot;:&quot;IMG-20260703-WA0083-357x210.jpg&quot;,&quot;750&quot;:&quot;IMG-20260703-WA0083-750x430.jpg&quot;,&quot;1600&quot;:&quot;IMG-20260703-WA0083.jpg&quot;}}\"\t\t\t\t\t\tclass=\"img-holder\" href=\"https:\/\/fr.365yawm.ma\/index.php\/2026\/07\/03\/tingis-cup-un-tournoi-en-hommage-a-abderrahim-houazer\/\"><\/a>\n\n\t\t\t\t\t\t\t<\/div>\n\t\t<h2 class=\"title\">\t\t<a href=\"https:\/\/fr.365yawm.ma\/index.php\/2026\/07\/03\/tingis-cup-un-tournoi-en-hommage-a-abderrahim-houazer\/\" class=\"post-title post-url\">\n\t\t\tTINGIS CUP: UN TOURNOI EN HOMMAGE \u00c0 ABDERRAHIM HOUAZER\t\t<\/a>\n\t\t<\/h2>\t\t<div class=\"post-meta\">\n\n\t\t\t\t\t\t\t<a href=\"https:\/\/fr.365yawm.ma\/index.php\/author\/fra365yawm\/\"\n\t\t\t\t   title=\"Parcourir les articles Auteur\"\n\t\t\t\t   class=\"post-author-a\">\n\t\t\t\t\t<i class=\"post-author author\">\n\t\t\t\t\t\tfra365yawm\t\t\t\t\t<\/i>\n\t\t\t\t<\/a>\n\t\t\t\t\t\t\t<span class=\"time\"><time class=\"post-published updated\"\n\t\t\t\t                         datetime=\"2026-07-03T21:57:31+02:00\">Juil 3, 2026<\/time><\/span>\n\t\t\t\t<a href=\"https:\/\/fr.365yawm.ma\/index.php\/2026\/07\/03\/tingis-cup-un-tournoi-en-hommage-a-abderrahim-houazer\/#respond\" title=\"Laisser un commentaire sur: &quot;TINGIS CUP: UN TOURNOI EN HOMMAGE \u00c0 ABDERRAHIM HOUAZER&quot;\" class=\"comments\"><i class=\"fa fa-comments-o\"><\/i> 0<\/a>\t\t<\/div>\n\t\t\t\t\t<div class=\"post-summary\">\n\t\t\t\t\u00c0 l\u2019occasion de la f\u00eate du Tr\u00f4ne , la ville de Tanger vibrera au rythme du ballon rond avec l'organisation de la&hellip;\t\t\t<\/div>\n\t\t\t<\/div>\n\t<\/article >\n\t<article class=\"post-6528 type-post format-standard has-post-thumbnail   listing-item listing-item-grid listing-item-grid-1 main-term-28\">\n\t<div class=\"item-inner\">\n\t\t\t\t\t<div class=\"featured clearfix\">\n\t\t\t\t<div class=\"term-badges floated\"><span class=\"term-badge term-28\"><a href=\"https:\/\/fr.365yawm.ma\/index.php\/category\/sport\/\">Sport<\/a><\/span><\/div>\t\t\t\t<a  title=\"VIBRANT HOMMAGE \u00c0 DRISS HARRATI, UN PARCOURS SPORTIF ET EDUCATIF EXEMPLAIRE\" data-src=\"https:\/\/fr.365yawm.ma\/wp-content\/uploads\/2026\/06\/FB_IMG_1782480804405-357x210.jpg\" data-bs-srcset=\"{&quot;baseurl&quot;:&quot;https:\\\/\\\/fr.365yawm.ma\\\/wp-content\\\/uploads\\\/2026\\\/06\\\/&quot;,&quot;sizes&quot;:{&quot;210&quot;:&quot;FB_IMG_1782480804405-210x136.jpg&quot;,&quot;279&quot;:&quot;FB_IMG_1782480804405-279x220.jpg&quot;,&quot;357&quot;:&quot;FB_IMG_1782480804405-357x210.jpg&quot;,&quot;750&quot;:&quot;FB_IMG_1782480804405-750x430.jpg&quot;,&quot;1280&quot;:&quot;FB_IMG_1782480804405.jpg&quot;}}\"\t\t\t\t\t\tclass=\"img-holder\" href=\"https:\/\/fr.365yawm.ma\/index.php\/2026\/06\/26\/vibrant-hommage-a-driss-harrati-un-parcours-sportif-et-educatif-exemplaire\/\"><\/a>\n\n\t\t\t\t\t\t\t<\/div>\n\t\t<h2 class=\"title\">\t\t<a href=\"https:\/\/fr.365yawm.ma\/index.php\/2026\/06\/26\/vibrant-hommage-a-driss-harrati-un-parcours-sportif-et-educatif-exemplaire\/\" class=\"post-title post-url\">\n\t\t\tVIBRANT HOMMAGE \u00c0 DRISS HARRATI, UN PARCOURS SPORTIF ET EDUCATIF EXEMPLAIRE\t\t<\/a>\n\t\t<\/h2>\t\t<div class=\"post-meta\">\n\n\t\t\t\t\t\t\t<a href=\"https:\/\/fr.365yawm.ma\/index.php\/author\/fra365yawm\/\"\n\t\t\t\t   title=\"Parcourir les articles Auteur\"\n\t\t\t\t   class=\"post-author-a\">\n\t\t\t\t\t<i class=\"post-author author\">\n\t\t\t\t\t\tfra365yawm\t\t\t\t\t<\/i>\n\t\t\t\t<\/a>\n\t\t\t\t\t\t\t<span class=\"time\"><time class=\"post-published updated\"\n\t\t\t\t                         datetime=\"2026-06-26T18:02:14+02:00\">Juin 26, 2026<\/time><\/span>\n\t\t\t\t<a href=\"https:\/\/fr.365yawm.ma\/index.php\/2026\/06\/26\/vibrant-hommage-a-driss-harrati-un-parcours-sportif-et-educatif-exemplaire\/#respond\" title=\"Laisser un commentaire sur: &quot;VIBRANT HOMMAGE \u00c0 DRISS HARRATI, UN PARCOURS SPORTIF ET EDUCATIF EXEMPLAIRE&quot;\" class=\"comments\"><i class=\"fa fa-comments-o\"><\/i> 0<\/a>\t\t<\/div>\n\t\t\t\t\t<div class=\"post-summary\">\n\t\t\t\tUn vibrant hommage a \u00e9t\u00e9 rendu ce jeudi \u00e0 M. Driss Harrati, figure embl\u00e9matique du sport scolaire et de la&hellip;\t\t\t<\/div>\n\t\t\t<\/div>\n\t<\/article >\n\t\t\t\t\t\t<\/div>\n\t\t\t\t\t\t\t\t\t\t<\/div>\n\t\t\t<\/div>\n\t\t\t<div class=\"row\">\n\t\t\t\t<div class=\"col-lg-12\">\n\t\t\t\t\t\t<div class=\"listing listing-thumbnail listing-tb-1 clearfix columns-2\">\n\t\t<article class=\"post-6483 type-post format-standard has-post-thumbnail   listing-item listing-item-thumbnail listing-item-tb-1 main-term-28\">\n\t<div class=\"item-inner clearfix\">\n\t\t\t\t\t<div class=\"featured featured-type-featured-image\">\n\t\t\t\t<a  title=\"SPORTS \u00c9QUESTRES : UN CAVALIER TANG\u00c9ROIS PARMI LE GOTHA MONDIAL DU SAUT D&rsquo;OBSTACLES\" data-src=\"https:\/\/fr.365yawm.ma\/wp-content\/uploads\/2026\/06\/IMG-20260601-WA0107-86x64.jpg\" data-bs-srcset=\"{&quot;baseurl&quot;:&quot;https:\\\/\\\/fr.365yawm.ma\\\/wp-content\\\/uploads\\\/2026\\\/06\\\/&quot;,&quot;sizes&quot;:{&quot;86&quot;:&quot;IMG-20260601-WA0107-86x64.jpg&quot;,&quot;210&quot;:&quot;IMG-20260601-WA0107-210x136.jpg&quot;,&quot;1828&quot;:&quot;IMG-20260601-WA0107-scaled.jpg&quot;}}\"\t\t\t\t\t\tclass=\"img-holder\" href=\"https:\/\/fr.365yawm.ma\/index.php\/2026\/06\/02\/sports-equestres-un-cavalier-tangerois-mondial-parmi-le-gotha-mondial-du-saut-dobstacles\/\"><\/a>\n\t\t\t\t\t\t\t<\/div>\n\t\t<h2 class=\"title\">\t\t<a href=\"https:\/\/fr.365yawm.ma\/index.php\/2026\/06\/02\/sports-equestres-un-cavalier-tangerois-mondial-parmi-le-gotha-mondial-du-saut-dobstacles\/\" class=\"post-url post-title\">\n\t\t\tSPORTS \u00c9QUESTRES : UN CAVALIER TANG\u00c9ROIS PARMI LE GOTHA&hellip;\t\t<\/a>\n\t\t<\/h2>\t\t<div class=\"post-meta\">\n\n\t\t\t\t\t\t\t<span class=\"time\"><time class=\"post-published updated\"\n\t\t\t\t                         datetime=\"2026-06-02T11:33:46+02:00\">Juin 2, 2026<\/time><\/span>\n\t\t\t\t\t\t<\/div>\n\t\t\t<\/div>\n\t<\/article >\n\t<article class=\"post-6243 type-post format-standard has-post-thumbnail   listing-item listing-item-thumbnail listing-item-tb-1 main-term-1\">\n\t<div class=\"item-inner clearfix\">\n\t\t\t\t\t<div class=\"featured featured-type-featured-image\">\n\t\t\t\t<a  title=\"MOTEURS EN MARCHE: LES CRIMSON ACES LANCENT LEUR CHAPTER TANG\u00c9ROIS\" data-src=\"https:\/\/fr.365yawm.ma\/wp-content\/uploads\/2026\/03\/IMG-20260327-WA0157-86x64.jpg\" data-bs-srcset=\"{&quot;baseurl&quot;:&quot;https:\\\/\\\/fr.365yawm.ma\\\/wp-content\\\/uploads\\\/2026\\\/03\\\/&quot;,&quot;sizes&quot;:{&quot;86&quot;:&quot;IMG-20260327-WA0157-86x64.jpg&quot;,&quot;210&quot;:&quot;IMG-20260327-WA0157-210x136.jpg&quot;,&quot;1280&quot;:&quot;IMG-20260327-WA0157.jpg&quot;}}\"\t\t\t\t\t\tclass=\"img-holder\" href=\"https:\/\/fr.365yawm.ma\/index.php\/2026\/03\/27\/moteurs-en-marche-les-crimson-aces-lancent-leur-chapter-tangerois\/\"><\/a>\n\t\t\t\t\t\t\t<\/div>\n\t\t<h2 class=\"title\">\t\t<a href=\"https:\/\/fr.365yawm.ma\/index.php\/2026\/03\/27\/moteurs-en-marche-les-crimson-aces-lancent-leur-chapter-tangerois\/\" class=\"post-url post-title\">\n\t\t\tMOTEURS EN MARCHE: LES CRIMSON ACES LANCENT LEUR CHAPTER&hellip;\t\t<\/a>\n\t\t<\/h2>\t\t<div class=\"post-meta\">\n\n\t\t\t\t\t\t\t<span class=\"time\"><time class=\"post-published updated\"\n\t\t\t\t                         datetime=\"2026-03-27T12:52:40+01:00\">Mar 27, 2026<\/time><\/span>\n\t\t\t\t\t\t<\/div>\n\t\t\t<\/div>\n\t<\/article >\n\t<article class=\"post-6218 type-post format-standard has-post-thumbnail   listing-item listing-item-thumbnail listing-item-tb-1 main-term-28\">\n\t<div class=\"item-inner clearfix\">\n\t\t\t\t\t<div class=\"featured featured-type-featured-image\">\n\t\t\t\t<a  title=\"SLASSI, HSSA\u00cfN ET PEREIRA HONOR\u00c9S PAR LES ANCIENS DE L&rsquo;IRT\" data-src=\"https:\/\/fr.365yawm.ma\/wp-content\/uploads\/2026\/03\/FB_IMG_1773776913348-86x64.jpg\" data-bs-srcset=\"{&quot;baseurl&quot;:&quot;https:\\\/\\\/fr.365yawm.ma\\\/wp-content\\\/uploads\\\/2026\\\/03\\\/&quot;,&quot;sizes&quot;:{&quot;86&quot;:&quot;FB_IMG_1773776913348-86x64.jpg&quot;,&quot;210&quot;:&quot;FB_IMG_1773776913348-210x136.jpg&quot;,&quot;720&quot;:&quot;FB_IMG_1773776913348.jpg&quot;}}\"\t\t\t\t\t\tclass=\"img-holder\" href=\"https:\/\/fr.365yawm.ma\/index.php\/2026\/03\/17\/slassi-hssain-et-pereira-honores-par-les-anciens-de-lirt\/\"><\/a>\n\t\t\t\t\t\t\t<\/div>\n\t\t<h2 class=\"title\">\t\t<a href=\"https:\/\/fr.365yawm.ma\/index.php\/2026\/03\/17\/slassi-hssain-et-pereira-honores-par-les-anciens-de-lirt\/\" class=\"post-url post-title\">\n\t\t\tSLASSI, HSSA\u00cfN ET PEREIRA HONOR\u00c9S PAR LES ANCIENS DE&hellip;\t\t<\/a>\n\t\t<\/h2>\t\t<div class=\"post-meta\">\n\n\t\t\t\t\t\t\t<span class=\"time\"><time class=\"post-published updated\"\n\t\t\t\t                         datetime=\"2026-03-17T22:44:36+01:00\">Mar 17, 2026<\/time><\/span>\n\t\t\t\t\t\t<\/div>\n\t\t\t<\/div>\n\t<\/article >\n\t<article class=\"post-6149 type-post format-standard has-post-thumbnail   listing-item listing-item-thumbnail listing-item-tb-1 main-term-28\">\n\t<div class=\"item-inner clearfix\">\n\t\t\t\t\t<div class=\"featured featured-type-featured-image\">\n\t\t\t\t<a  title=\"MOHAMMED ALI OUAHABI PR\u00c9SENTE SON OUVRAGE \u00a0\u00bb TACTIK\u00a0\u00bb\" data-src=\"https:\/\/fr.365yawm.ma\/wp-content\/uploads\/2026\/03\/IMG-20260302-WA0022-86x64.jpg\" data-bs-srcset=\"{&quot;baseurl&quot;:&quot;https:\\\/\\\/fr.365yawm.ma\\\/wp-content\\\/uploads\\\/2026\\\/03\\\/&quot;,&quot;sizes&quot;:{&quot;86&quot;:&quot;IMG-20260302-WA0022-86x64.jpg&quot;,&quot;210&quot;:&quot;IMG-20260302-WA0022-210x136.jpg&quot;,&quot;1280&quot;:&quot;IMG-20260302-WA0022.jpg&quot;}}\"\t\t\t\t\t\tclass=\"img-holder\" href=\"https:\/\/fr.365yawm.ma\/index.php\/2026\/03\/02\/mohammed-ali-ouahabi-presente-son-ouvrage-tactik\/\"><\/a>\n\t\t\t\t\t\t\t<\/div>\n\t\t<h2 class=\"title\">\t\t<a href=\"https:\/\/fr.365yawm.ma\/index.php\/2026\/03\/02\/mohammed-ali-ouahabi-presente-son-ouvrage-tactik\/\" class=\"post-url post-title\">\n\t\t\tMOHAMMED ALI OUAHABI PR\u00c9SENTE SON OUVRAGE \u00a0\u00bb TACTIK\u00a0\u00bb\t\t<\/a>\n\t\t<\/h2>\t\t<div class=\"post-meta\">\n\n\t\t\t\t\t\t\t<span class=\"time\"><time class=\"post-published updated\"\n\t\t\t\t                         datetime=\"2026-03-02T02:28:26+01:00\">Mar 2, 2026<\/time><\/span>\n\t\t\t\t\t\t<\/div>\n\t\t\t<\/div>\n\t<\/article >\n\t<article class=\"post-6135 type-post format-standard has-post-thumbnail   listing-item listing-item-thumbnail listing-item-tb-1 main-term-28\">\n\t<div class=\"item-inner clearfix\">\n\t\t\t\t\t<div class=\"featured featured-type-featured-image\">\n\t\t\t\t<a  title=\"L&rsquo;IRT VICTIME D&rsquo;UNE INJUSTICE\" data-src=\"https:\/\/fr.365yawm.ma\/wp-content\/uploads\/2026\/02\/1771860469195-86x64.jpg\" data-bs-srcset=\"{&quot;baseurl&quot;:&quot;https:\\\/\\\/fr.365yawm.ma\\\/wp-content\\\/uploads\\\/2026\\\/02\\\/&quot;,&quot;sizes&quot;:{&quot;86&quot;:&quot;1771860469195-86x64.jpg&quot;,&quot;210&quot;:&quot;1771860469195-210x136.jpg&quot;,&quot;1024&quot;:&quot;1771860469195.jpg&quot;}}\"\t\t\t\t\t\tclass=\"img-holder\" href=\"https:\/\/fr.365yawm.ma\/index.php\/2026\/02\/23\/lirt-victime-dune-injustice\/\"><\/a>\n\t\t\t\t\t\t\t<\/div>\n\t\t<h2 class=\"title\">\t\t<a href=\"https:\/\/fr.365yawm.ma\/index.php\/2026\/02\/23\/lirt-victime-dune-injustice\/\" class=\"post-url post-title\">\n\t\t\tL&rsquo;IRT VICTIME D&rsquo;UNE INJUSTICE\t\t<\/a>\n\t\t<\/h2>\t\t<div class=\"post-meta\">\n\n\t\t\t\t\t\t\t<span class=\"time\"><time class=\"post-published updated\"\n\t\t\t\t                         datetime=\"2026-02-23T16:30:20+01:00\">F\u00e9v 23, 2026<\/time><\/span>\n\t\t\t\t\t\t<\/div>\n\t\t\t<\/div>\n\t<\/article >\n\t<article class=\"post-5955 type-post format-standard has-post-thumbnail   listing-item listing-item-thumbnail listing-item-tb-1 main-term-28\">\n\t<div class=\"item-inner clearfix\">\n\t\t\t\t\t<div class=\"featured featured-type-featured-image\">\n\t\t\t\t<a  title=\"FNIDAQ : HAMZA EL MOUSSAOUI RE\u00c7U EN H\u00c9ROS\" data-src=\"https:\/\/fr.365yawm.ma\/wp-content\/uploads\/2025\/12\/1766610177469-86x64.jpg\" data-bs-srcset=\"{&quot;baseurl&quot;:&quot;https:\\\/\\\/fr.365yawm.ma\\\/wp-content\\\/uploads\\\/2025\\\/12\\\/&quot;,&quot;sizes&quot;:{&quot;86&quot;:&quot;1766610177469-86x64.jpg&quot;,&quot;210&quot;:&quot;1766610177469-210x136.jpg&quot;,&quot;960&quot;:&quot;1766610177469.jpg&quot;}}\"\t\t\t\t\t\tclass=\"img-holder\" href=\"https:\/\/fr.365yawm.ma\/index.php\/2025\/12\/24\/fnidaq-hamza-el-moussaoui-recu-en-heros\/\"><\/a>\n\t\t\t\t\t\t\t<\/div>\n\t\t<h2 class=\"title\">\t\t<a href=\"https:\/\/fr.365yawm.ma\/index.php\/2025\/12\/24\/fnidaq-hamza-el-moussaoui-recu-en-heros\/\" class=\"post-url post-title\">\n\t\t\tFNIDAQ : HAMZA EL MOUSSAOUI RE\u00c7U EN H\u00c9ROS\t\t<\/a>\n\t\t<\/h2>\t\t<div class=\"post-meta\">\n\n\t\t\t\t\t\t\t<span class=\"time\"><time class=\"post-published updated\"\n\t\t\t\t                         datetime=\"2025-12-24T22:44:03+01:00\">D\u00e9c 24, 2025<\/time><\/span>\n\t\t\t\t\t\t<\/div>\n\t\t\t<\/div>\n\t<\/article >\n\t<\/div>\n\t\t\t\t\t<\/div>\n\t\t\t<\/div>\n\t\t<\/div>\n\t<\/div>\n\n\t<\/div><div class=\"bs-pagination bs-ajax-pagination next_prev main-term-28 clearfix\">\n\t\t\t<script>var bs_ajax_paginate_108902103 = '{\"query\":{\"category\":\"28\",\"tag\":\"\",\"taxonomy\":\"\",\"post_ids\":\"\",\"post_type\":\"\",\"count\":\"8\",\"order_by\":\"date\",\"order\":\"DESC\",\"time_filter\":\"\",\"offset\":\"\",\"style\":\"listing-mix-2-1\",\"cats-tags-condition\":\"and\",\"cats-condition\":\"in\",\"tags-condition\":\"in\",\"featured_image\":\"0\",\"ignore_sticky_posts\":\"1\",\"author_ids\":\"\",\"disable_duplicate\":\"0\",\"ad-active\":0,\"paginate\":\"next_prev\",\"pagination-show-label\":\"1\",\"listing-settings\":\"\",\"override-listing-settings\":\"0\",\"_layout\":{\"state\":\"1|1|0\",\"page\":\"2-col-right\"}},\"type\":\"bs_post_listing\",\"view\":\"Publisher_Mix_Listing_2_1_Shortcode\",\"current_page\":1,\"ajax_url\":\"\\\/wp-admin\\\/admin-ajax.php\",\"remove_duplicates\":\"0\",\"query-main-term\":\"28\",\"pagination-show-label\":\"1\",\"paginate\":\"next_prev\",\"override-listing-settings\":\"0\",\"listing-settings\":\"\",\"ad-active\":false,\"_layout\":{\"state\":\"1|1|0\",\"page\":\"2-col-right\"},\"_bs_pagin_token\":\"0b66b82\"}';<\/script>\t\t\t\t<a href=\"#prev-108902103\" class=\"btn-bs-pagination prev disabled\" rel=\"prev\" data-id=\"108902103\"\n\t\t\t\t   title=\"Pr\u00e9c\u00e9dent\">\n\t\t\t\t\t<i class=\"fa fa-angle-left\"\n\t\t\t\t\t   aria-hidden=\"true\"><\/i> Pr\u00e9c\u00e9dent\t\t\t\t<\/a>\n\t\t\t\t<a href=\"#next-108902103\"  rel=\"next\" class=\"btn-bs-pagination next\"\n\t\t\t\t   data-id=\"108902103\" title=\"Prochain\">\n\t\t\t\t\tProchain <i\n\t\t\t\t\t\t\tclass=\"fa fa-angle-right\" aria-hidden=\"true\"><\/i>\n\t\t\t\t<\/a>\n\t\t\t\t\t\t\t\t<span class=\"bs-pagination-label label-light\">1 De 17<\/span>\n\t\t\t<\/div><\/div><div class=\" bs-listing bs-listing-listing-thumbnail-2 bs-listing-single-tab pagination-animate\">\t\t<h3 class=\"section-heading sh-t6 sh-s6 main-term-26\">\n\n\t\t\n\t\t\t\t\t\t\t<a href=\"https:\/\/fr.365yawm.ma\/index.php\/category\/region\/\" class=\"main-link\">\n\t\t\t\t\t\t\t<span class=\"h-text main-term-26\">\n\t\t\t\t\t\t\t\tR\u00e9gion\t\t\t\t\t\t\t<\/span>\n\t\t\t\t<\/a>\n\t\t\t\n\t\t\n\t\t<\/h3>\n\t\t<div class=\"bs-slider-items-container\" data-slider-animation-speed=\"750\" data-slider-autoplay=\"1\" data-slider-control-next-prev=\"style-4\" data-slider-control-dots=\"off\" data-autoplaySpeed=\"3000\">\t\t<div class=\"bs-pagination-wrapper main-term-26 slider bs-slider-first-item bs-slider-item bs-items-3\">\n\t\t\t<div class=\"listing listing-thumbnail listing-tb-2 clearfix scolumns-4 bsw-7 \">\n\t<article  class=\"post-6593 type-post format-standard has-post-thumbnail   listing-item listing-item-thumbnail listing-item-tb-2 main-term-26\">\n<div class=\"item-inner clearfix\">\n\t\t\t<div class=\"featured featured-type-featured-image\">\n\t\t\t<div class=\"term-badges floated\"><span class=\"term-badge term-26\"><a href=\"https:\/\/fr.365yawm.ma\/index.php\/category\/region\/\">R\u00e9gion<\/a><\/span><\/div>\t\t\t<a  title=\"TOURISTES NATIONAUX : CERTAINS PARTENT, D&rsquo;AUTRES ARRIVENT\" data-src=\"https:\/\/fr.365yawm.ma\/wp-content\/uploads\/2026\/08\/images-1-210x136.jpeg\" data-bs-srcset=\"{&quot;baseurl&quot;:&quot;https:\\\/\\\/fr.365yawm.ma\\\/wp-content\\\/uploads\\\/2026\\\/08\\\/&quot;,&quot;sizes&quot;:{&quot;86&quot;:&quot;images-1-86x64.jpeg&quot;,&quot;210&quot;:&quot;images-1-210x136.jpeg&quot;,&quot;279&quot;:&quot;images-1-279x220.jpeg&quot;,&quot;357&quot;:&quot;images-1-357x210.jpeg&quot;,&quot;459&quot;:&quot;images-1.jpeg&quot;}}\"\t\t\t\t\tclass=\"img-holder\" href=\"https:\/\/fr.365yawm.ma\/index.php\/2026\/08\/16\/touristes-nationaux-certains-partent-dautres-arrivent\/\"><\/a>\n\t\t\t\t\t<\/div>\n\t<h2 class=\"title\">\t<a class=\"post-url\" href=\"https:\/\/fr.365yawm.ma\/index.php\/2026\/08\/16\/touristes-nationaux-certains-partent-dautres-arrivent\/\" title=\"TOURISTES NATIONAUX : CERTAINS PARTENT, D&rsquo;AUTRES ARRIVENT\">\n\t\t\t<span class=\"post-title\">\n\t\t\t\tTOURISTES NATIONAUX : CERTAINS PARTENT, D&rsquo;AUTRES&hellip;\t\t\t<\/span>\n\t<\/a>\n\t<\/h2><\/div>\n<\/article >\n<article  class=\"post-6586 type-post format-standard has-post-thumbnail   listing-item listing-item-thumbnail listing-item-tb-2 main-term-26\">\n<div class=\"item-inner clearfix\">\n\t\t\t<div class=\"featured featured-type-featured-image\">\n\t\t\t<div class=\"term-badges floated\"><span class=\"term-badge term-26\"><a href=\"https:\/\/fr.365yawm.ma\/index.php\/category\/region\/\">R\u00e9gion<\/a><\/span><\/div>\t\t\t<a  title=\"OUED LAOU: LES TROTTOIRS TRANSFORM\u00c9S EN PARKING\" data-src=\"https:\/\/fr.365yawm.ma\/wp-content\/uploads\/2026\/08\/IMG_20260811_234227-210x136.jpg\" data-bs-srcset=\"{&quot;baseurl&quot;:&quot;https:\\\/\\\/fr.365yawm.ma\\\/wp-content\\\/uploads\\\/2026\\\/08\\\/&quot;,&quot;sizes&quot;:{&quot;86&quot;:&quot;IMG_20260811_234227-86x64.jpg&quot;,&quot;210&quot;:&quot;IMG_20260811_234227-210x136.jpg&quot;,&quot;279&quot;:&quot;IMG_20260811_234227-279x220.jpg&quot;,&quot;357&quot;:&quot;IMG_20260811_234227-357x210.jpg&quot;,&quot;750&quot;:&quot;IMG_20260811_234227-750x430.jpg&quot;,&quot;2560&quot;:&quot;IMG_20260811_234227-scaled.jpg&quot;}}\"\t\t\t\t\tclass=\"img-holder\" href=\"https:\/\/fr.365yawm.ma\/index.php\/2026\/08\/12\/oued-laou-les-trottoirs-transformes-en-parking\/\"><\/a>\n\t\t\t\t\t<\/div>\n\t<h2 class=\"title\">\t<a class=\"post-url\" href=\"https:\/\/fr.365yawm.ma\/index.php\/2026\/08\/12\/oued-laou-les-trottoirs-transformes-en-parking\/\" title=\"OUED LAOU: LES TROTTOIRS TRANSFORM\u00c9S EN PARKING\">\n\t\t\t<span class=\"post-title\">\n\t\t\t\tOUED LAOU: LES TROTTOIRS TRANSFORM\u00c9S EN PARKING\t\t\t<\/span>\n\t<\/a>\n\t<\/h2><\/div>\n<\/article >\n<article  class=\"post-6583 type-post format-standard has-post-thumbnail   listing-item listing-item-thumbnail listing-item-tb-2 main-term-30\">\n<div class=\"item-inner clearfix\">\n\t\t\t<div class=\"featured featured-type-featured-image\">\n\t\t\t<div class=\"term-badges floated\"><span class=\"term-badge term-30\"><a href=\"https:\/\/fr.365yawm.ma\/index.php\/category\/societe\/\">Soci\u00e9t\u00e9<\/a><\/span><\/div>\t\t\t<a  title=\"Apr\u00e8s le drame migratoire\u2026 les \u00e9lections suffisent-elles \u00e0 renouveler le contrat politique ?\" data-src=\"https:\/\/fr.365yawm.ma\/wp-content\/uploads\/2026\/08\/IMG_8420-210x136.webp\" data-bs-srcset=\"{&quot;baseurl&quot;:&quot;https:\\\/\\\/fr.365yawm.ma\\\/wp-content\\\/uploads\\\/2026\\\/08\\\/&quot;,&quot;sizes&quot;:{&quot;86&quot;:&quot;IMG_8420-86x64.webp&quot;,&quot;210&quot;:&quot;IMG_8420-210x136.webp&quot;,&quot;279&quot;:&quot;IMG_8420-279x220.webp&quot;,&quot;357&quot;:&quot;IMG_8420-357x210.webp&quot;,&quot;750&quot;:&quot;IMG_8420-750x430.webp&quot;,&quot;1200&quot;:&quot;IMG_8420.webp&quot;}}\"\t\t\t\t\tclass=\"img-holder\" href=\"https:\/\/fr.365yawm.ma\/index.php\/2026\/08\/09\/apres-le-drame-migratoire-les-elections-suffisent-elles-a-renouveler-le-contrat-politique\/\"><\/a>\n\t\t\t\t\t<\/div>\n\t<h2 class=\"title\">\t<a class=\"post-url\" href=\"https:\/\/fr.365yawm.ma\/index.php\/2026\/08\/09\/apres-le-drame-migratoire-les-elections-suffisent-elles-a-renouveler-le-contrat-politique\/\" title=\"Apr\u00e8s le drame migratoire\u2026 les \u00e9lections suffisent-elles \u00e0 renouveler le contrat politique ?\">\n\t\t\t<span class=\"post-title\">\n\t\t\t\tApr\u00e8s le drame migratoire\u2026 les \u00e9lections suffisent-elles \u00e0&hellip;\t\t\t<\/span>\n\t<\/a>\n\t<\/h2><\/div>\n<\/article >\n<article  class=\"post-6568 type-post format-standard has-post-thumbnail   listing-item listing-item-thumbnail listing-item-tb-2 main-term-26\">\n<div class=\"item-inner clearfix\">\n\t\t\t<div class=\"featured featured-type-featured-image\">\n\t\t\t<div class=\"term-badges floated\"><span class=\"term-badge term-26\"><a href=\"https:\/\/fr.365yawm.ma\/index.php\/category\/region\/\">R\u00e9gion<\/a><\/span><\/div>\t\t\t<a  title=\"OUED LAOU: LES JETS-SKIS DE LA PEUR MENACENT LES BAIGNEURS\" data-src=\"https:\/\/fr.365yawm.ma\/wp-content\/uploads\/2026\/07\/IMG_20260720_182432-210x136.jpg\" data-bs-srcset=\"{&quot;baseurl&quot;:&quot;https:\\\/\\\/fr.365yawm.ma\\\/wp-content\\\/uploads\\\/2026\\\/07\\\/&quot;,&quot;sizes&quot;:{&quot;86&quot;:&quot;IMG_20260720_182432-86x64.jpg&quot;,&quot;210&quot;:&quot;IMG_20260720_182432-210x136.jpg&quot;,&quot;279&quot;:&quot;IMG_20260720_182432-279x220.jpg&quot;,&quot;357&quot;:&quot;IMG_20260720_182432-357x210.jpg&quot;,&quot;750&quot;:&quot;IMG_20260720_182432-750x430.jpg&quot;,&quot;1200&quot;:&quot;IMG_20260720_182432.jpg&quot;}}\"\t\t\t\t\tclass=\"img-holder\" href=\"https:\/\/fr.365yawm.ma\/index.php\/2026\/07\/20\/oued-laou-les-jets-skis-de-la-peur-menacent-les-baigneurs\/\"><\/a>\n\t\t\t\t\t<\/div>\n\t<h2 class=\"title\">\t<a class=\"post-url\" href=\"https:\/\/fr.365yawm.ma\/index.php\/2026\/07\/20\/oued-laou-les-jets-skis-de-la-peur-menacent-les-baigneurs\/\" title=\"OUED LAOU: LES JETS-SKIS DE LA PEUR MENACENT LES BAIGNEURS\">\n\t\t\t<span class=\"post-title\">\n\t\t\t\tOUED LAOU: LES JETS-SKIS DE LA PEUR MENACENT LES BAIGNEURS\t\t\t<\/span>\n\t<\/a>\n\t<\/h2><\/div>\n<\/article >\n\t<\/div>\n\t\n\t<\/div>\t\t<div class=\"bs-pagination-wrapper main-term-26 slider  bs-slider-item bs-items-3\">\n\t\t\t<div class=\"listing listing-thumbnail listing-tb-2 clearfix scolumns-4 bsw-7 \">\n\t<article  class=\"post-6562 type-post format-standard has-post-thumbnail   listing-item listing-item-thumbnail listing-item-tb-2 main-term-26\">\n<div class=\"item-inner clearfix\">\n\t\t\t<div class=\"featured featured-type-featured-image\">\n\t\t\t<div class=\"term-badges floated\"><span class=\"term-badge term-26\"><a href=\"https:\/\/fr.365yawm.ma\/index.php\/category\/region\/\">R\u00e9gion<\/a><\/span><\/div>\t\t\t<a  title=\"PLAGE DE OUED LAOU: L&rsquo;INCIVISME G\u00c2CHE LES EFFORTS DE LA COMMUNE\" data-src=\"https:\/\/fr.365yawm.ma\/wp-content\/uploads\/2026\/07\/IMG-20260718-WA0119-210x136.jpg\" data-bs-srcset=\"{&quot;baseurl&quot;:&quot;https:\\\/\\\/fr.365yawm.ma\\\/wp-content\\\/uploads\\\/2026\\\/07\\\/&quot;,&quot;sizes&quot;:{&quot;86&quot;:&quot;IMG-20260718-WA0119-86x64.jpg&quot;,&quot;210&quot;:&quot;IMG-20260718-WA0119-210x136.jpg&quot;,&quot;279&quot;:&quot;IMG-20260718-WA0119-279x220.jpg&quot;,&quot;357&quot;:&quot;IMG-20260718-WA0119-357x210.jpg&quot;,&quot;460&quot;:&quot;IMG-20260718-WA0119.jpg&quot;}}\"\t\t\t\t\tclass=\"img-holder\" href=\"https:\/\/fr.365yawm.ma\/index.php\/2026\/07\/18\/plage-de-oued-laou-lincivisme-gache-les-efforts-de-la-commune\/\"><\/a>\n\t\t\t\t\t<\/div>\n\t<h2 class=\"title\">\t<a class=\"post-url\" href=\"https:\/\/fr.365yawm.ma\/index.php\/2026\/07\/18\/plage-de-oued-laou-lincivisme-gache-les-efforts-de-la-commune\/\" title=\"PLAGE DE OUED LAOU: L&rsquo;INCIVISME G\u00c2CHE LES EFFORTS DE LA COMMUNE\">\n\t\t\t<span class=\"post-title\">\n\t\t\t\tPLAGE DE OUED LAOU: L&rsquo;INCIVISME G\u00c2CHE LES EFFORTS DE&hellip;\t\t\t<\/span>\n\t<\/a>\n\t<\/h2><\/div>\n<\/article >\n<article  class=\"post-6557 type-post format-standard has-post-thumbnail   listing-item listing-item-thumbnail listing-item-tb-2 main-term-26\">\n<div class=\"item-inner clearfix\">\n\t\t\t<div class=\"featured featured-type-featured-image\">\n\t\t\t<div class=\"term-badges floated\"><span class=\"term-badge term-26\"><a href=\"https:\/\/fr.365yawm.ma\/index.php\/category\/region\/\">R\u00e9gion<\/a><\/span><\/div>\t\t\t<a  title=\"OUED LAOU: LES AUTORIT\u00c9S RETABLISSENT SUR LA CORNICHE\" data-src=\"https:\/\/fr.365yawm.ma\/wp-content\/uploads\/2026\/07\/1783798329625-210x136.jpg\" data-bs-srcset=\"{&quot;baseurl&quot;:&quot;https:\\\/\\\/fr.365yawm.ma\\\/wp-content\\\/uploads\\\/2026\\\/07\\\/&quot;,&quot;sizes&quot;:{&quot;86&quot;:&quot;1783798329625-86x64.jpg&quot;,&quot;210&quot;:&quot;1783798329625-210x136.jpg&quot;,&quot;279&quot;:&quot;1783798329625-279x220.jpg&quot;,&quot;357&quot;:&quot;1783798329625-357x210.jpg&quot;,&quot;720&quot;:&quot;1783798329625.jpg&quot;}}\"\t\t\t\t\tclass=\"img-holder\" href=\"https:\/\/fr.365yawm.ma\/index.php\/2026\/07\/11\/oued-laou-les-autorites-retablissent-sur-la-corniche\/\"><\/a>\n\t\t\t\t\t<\/div>\n\t<h2 class=\"title\">\t<a class=\"post-url\" href=\"https:\/\/fr.365yawm.ma\/index.php\/2026\/07\/11\/oued-laou-les-autorites-retablissent-sur-la-corniche\/\" title=\"OUED LAOU: LES AUTORIT\u00c9S RETABLISSENT SUR LA CORNICHE\">\n\t\t\t<span class=\"post-title\">\n\t\t\t\tOUED LAOU: LES AUTORIT\u00c9S RETABLISSENT SUR LA CORNICHE\t\t\t<\/span>\n\t<\/a>\n\t<\/h2><\/div>\n<\/article >\n<article  class=\"post-6478 type-post format-standard has-post-thumbnail   listing-item listing-item-thumbnail listing-item-tb-2 main-term-26\">\n<div class=\"item-inner clearfix\">\n\t\t\t<div class=\"featured featured-type-featured-image\">\n\t\t\t<div class=\"term-badges floated\"><span class=\"term-badge term-26\"><a href=\"https:\/\/fr.365yawm.ma\/index.php\/category\/region\/\">R\u00e9gion<\/a><\/span><\/div>\t\t\t<a  title=\"MARTIL: LES AUTORIT\u00c9S LOCALES M\u00c8NENT LA GUERRE CONTRE LES EXPLOITANTS DE CHAISES ET DE PARASOLS\" data-src=\"https:\/\/fr.365yawm.ma\/wp-content\/uploads\/2026\/05\/FB_IMG_1780159037025-210x136.jpg\" data-bs-srcset=\"{&quot;baseurl&quot;:&quot;https:\\\/\\\/fr.365yawm.ma\\\/wp-content\\\/uploads\\\/2026\\\/05\\\/&quot;,&quot;sizes&quot;:{&quot;86&quot;:&quot;FB_IMG_1780159037025-86x64.jpg&quot;,&quot;210&quot;:&quot;FB_IMG_1780159037025-210x136.jpg&quot;,&quot;279&quot;:&quot;FB_IMG_1780159037025-279x220.jpg&quot;,&quot;357&quot;:&quot;FB_IMG_1780159037025-357x210.jpg&quot;,&quot;719&quot;:&quot;FB_IMG_1780159037025.jpg&quot;}}\"\t\t\t\t\tclass=\"img-holder\" href=\"https:\/\/fr.365yawm.ma\/index.php\/2026\/05\/30\/martil-les-autorites-locales-menent-la-guerre-contre-les-exploitants-des-chaises-et-des-parasols\/\"><\/a>\n\t\t\t\t\t<\/div>\n\t<h2 class=\"title\">\t<a class=\"post-url\" href=\"https:\/\/fr.365yawm.ma\/index.php\/2026\/05\/30\/martil-les-autorites-locales-menent-la-guerre-contre-les-exploitants-des-chaises-et-des-parasols\/\" title=\"MARTIL: LES AUTORIT\u00c9S LOCALES M\u00c8NENT LA GUERRE CONTRE LES EXPLOITANTS DE CHAISES ET DE PARASOLS\">\n\t\t\t<span class=\"post-title\">\n\t\t\t\tMARTIL: LES AUTORIT\u00c9S LOCALES M\u00c8NENT LA GUERRE CONTRE LES&hellip;\t\t\t<\/span>\n\t<\/a>\n\t<\/h2><\/div>\n<\/article >\n<article  class=\"post-6438 type-post format-standard has-post-thumbnail   listing-item listing-item-thumbnail listing-item-tb-2 main-term-26\">\n<div class=\"item-inner clearfix\">\n\t\t\t<div class=\"featured featured-type-featured-image\">\n\t\t\t<div class=\"term-badges floated\"><span class=\"term-badge term-26\"><a href=\"https:\/\/fr.365yawm.ma\/index.php\/category\/region\/\">R\u00e9gion<\/a><\/span><\/div>\t\t\t<a  title=\"70\u00c8ME ANNIVERSAIRE DE LA CR\u00c9ATION DE LA DGSN: LE PR\u00c9FET OULIDI SALUE LA MOBILISATION PERMANENTE DE LA POLICE DE T\u00c9TOUAN\" data-src=\"https:\/\/fr.365yawm.ma\/wp-content\/uploads\/2026\/05\/IMG-20260516-WA0032-768x732-1-210x136.jpg\" data-bs-srcset=\"{&quot;baseurl&quot;:&quot;https:\\\/\\\/fr.365yawm.ma\\\/wp-content\\\/uploads\\\/2026\\\/05\\\/&quot;,&quot;sizes&quot;:{&quot;86&quot;:&quot;IMG-20260516-WA0032-768x732-1-86x64.jpg&quot;,&quot;210&quot;:&quot;IMG-20260516-WA0032-768x732-1-210x136.jpg&quot;,&quot;279&quot;:&quot;IMG-20260516-WA0032-768x732-1-279x220.jpg&quot;,&quot;357&quot;:&quot;IMG-20260516-WA0032-768x732-1-357x210.jpg&quot;,&quot;750&quot;:&quot;IMG-20260516-WA0032-768x732-1-750x430.jpg&quot;,&quot;768&quot;:&quot;IMG-20260516-WA0032-768x732-1.jpg&quot;}}\"\t\t\t\t\tclass=\"img-holder\" href=\"https:\/\/fr.365yawm.ma\/index.php\/2026\/05\/16\/70eme-anniversaire-de-la-creation-de-la-dgsn-le-prefet-oulidi-salue-la-mobilisation-permanente-de-la-police-de-tetouan\/\"><\/a>\n\t\t\t\t\t<\/div>\n\t<h2 class=\"title\">\t<a class=\"post-url\" href=\"https:\/\/fr.365yawm.ma\/index.php\/2026\/05\/16\/70eme-anniversaire-de-la-creation-de-la-dgsn-le-prefet-oulidi-salue-la-mobilisation-permanente-de-la-police-de-tetouan\/\" title=\"70\u00c8ME ANNIVERSAIRE DE LA CR\u00c9ATION DE LA DGSN: LE PR\u00c9FET OULIDI SALUE LA MOBILISATION PERMANENTE DE LA POLICE DE T\u00c9TOUAN\">\n\t\t\t<span class=\"post-title\">\n\t\t\t\t70\u00c8ME ANNIVERSAIRE DE LA CR\u00c9ATION DE LA DGSN: LE PR\u00c9FET&hellip;\t\t\t<\/span>\n\t<\/a>\n\t<\/h2><\/div>\n<\/article >\n\t<\/div>\n\t\n\t<\/div>\t\t<div class=\"bs-pagination-wrapper main-term-26 slider  bs-slider-item bs-items-3\">\n\t\t\t<div class=\"listing listing-thumbnail listing-tb-2 clearfix scolumns-4 bsw-7 \">\n\t<article  class=\"post-6416 type-post format-standard has-post-thumbnail   listing-item listing-item-thumbnail listing-item-tb-2 main-term-26\">\n<div class=\"item-inner clearfix\">\n\t\t\t<div class=\"featured featured-type-featured-image\">\n\t\t\t<div class=\"term-badges floated\"><span class=\"term-badge term-26\"><a href=\"https:\/\/fr.365yawm.ma\/index.php\/category\/region\/\">R\u00e9gion<\/a><\/span><\/div>\t\t\t<a  title=\"RESTAURANTE COSTIMAR OUVRE \u00c0 TANGER\" data-src=\"https:\/\/fr.365yawm.ma\/wp-content\/uploads\/2026\/05\/FB_IMG_1778620494033-210x136.jpg\" data-bs-srcset=\"{&quot;baseurl&quot;:&quot;https:\\\/\\\/fr.365yawm.ma\\\/wp-content\\\/uploads\\\/2026\\\/05\\\/&quot;,&quot;sizes&quot;:{&quot;86&quot;:&quot;FB_IMG_1778620494033-86x64.jpg&quot;,&quot;210&quot;:&quot;FB_IMG_1778620494033-210x136.jpg&quot;,&quot;279&quot;:&quot;FB_IMG_1778620494033-279x220.jpg&quot;,&quot;357&quot;:&quot;FB_IMG_1778620494033-357x210.jpg&quot;,&quot;750&quot;:&quot;FB_IMG_1778620494033-750x430.jpg&quot;,&quot;800&quot;:&quot;FB_IMG_1778620494033.jpg&quot;}}\"\t\t\t\t\tclass=\"img-holder\" href=\"https:\/\/fr.365yawm.ma\/index.php\/2026\/05\/12\/restaurante-costimar-ouvre-a-tanger\/\"><\/a>\n\t\t\t\t\t<\/div>\n\t<h2 class=\"title\">\t<a class=\"post-url\" href=\"https:\/\/fr.365yawm.ma\/index.php\/2026\/05\/12\/restaurante-costimar-ouvre-a-tanger\/\" title=\"RESTAURANTE COSTIMAR OUVRE \u00c0 TANGER\">\n\t\t\t<span class=\"post-title\">\n\t\t\t\tRESTAURANTE COSTIMAR OUVRE \u00c0 TANGER\t\t\t<\/span>\n\t<\/a>\n\t<\/h2><\/div>\n<\/article >\n<article  class=\"post-6372 type-post format-standard has-post-thumbnail   listing-item listing-item-thumbnail listing-item-tb-2 main-term-1\">\n<div class=\"item-inner clearfix\">\n\t\t\t<div class=\"featured featured-type-featured-image\">\n\t\t\t<div class=\"term-badges floated\"><span class=\"term-badge term-1\"><a href=\"https:\/\/fr.365yawm.ma\/index.php\/category\/non-classe\/\">Non class\u00e9<\/a><\/span><\/div>\t\t\t<a  title=\"URGENCES\/CHU: AGENTS DE SOINS ET AGENTS DE S\u00c9CURIT\u00c9 DOIVENT \u00caTRE PROT\u00c9G\u00c9S\" data-src=\"https:\/\/fr.365yawm.ma\/wp-content\/uploads\/2026\/04\/images-1-210x136.jpeg\" data-bs-srcset=\"{&quot;baseurl&quot;:&quot;https:\\\/\\\/fr.365yawm.ma\\\/wp-content\\\/uploads\\\/2026\\\/04\\\/&quot;,&quot;sizes&quot;:{&quot;86&quot;:&quot;images-1-86x64.jpeg&quot;,&quot;210&quot;:&quot;images-1-210x136.jpeg&quot;,&quot;279&quot;:&quot;images-1-279x220.jpeg&quot;,&quot;357&quot;:&quot;images-1-357x210.jpeg&quot;,&quot;588&quot;:&quot;images-1.jpeg&quot;}}\"\t\t\t\t\tclass=\"img-holder\" href=\"https:\/\/fr.365yawm.ma\/index.php\/2026\/04\/26\/urgences-chu-agents-de-soins-et-agents-de-securite-doivent-etre-proteges\/\"><\/a>\n\t\t\t\t\t<\/div>\n\t<h2 class=\"title\">\t<a class=\"post-url\" href=\"https:\/\/fr.365yawm.ma\/index.php\/2026\/04\/26\/urgences-chu-agents-de-soins-et-agents-de-securite-doivent-etre-proteges\/\" title=\"URGENCES\/CHU: AGENTS DE SOINS ET AGENTS DE S\u00c9CURIT\u00c9 DOIVENT \u00caTRE PROT\u00c9G\u00c9S\">\n\t\t\t<span class=\"post-title\">\n\t\t\t\tURGENCES\/CHU: AGENTS DE SOINS ET AGENTS DE S\u00c9CURIT\u00c9 DOIVENT&hellip;\t\t\t<\/span>\n\t<\/a>\n\t<\/h2><\/div>\n<\/article >\n<article  class=\"post-6352 type-post format-standard has-post-thumbnail   listing-item listing-item-thumbnail listing-item-tb-2 main-term-26\">\n<div class=\"item-inner clearfix\">\n\t\t\t<div class=\"featured featured-type-featured-image\">\n\t\t\t<div class=\"term-badges floated\"><span class=\"term-badge term-26\"><a href=\"https:\/\/fr.365yawm.ma\/index.php\/category\/region\/\">R\u00e9gion<\/a><\/span><\/div>\t\t\t<a  title=\"FERNANDO VILLALONGA NOMM\u00c9 CONSUL D&rsquo;ESPAGNE \u00c0 T\u00c9TOUAN\" data-src=\"https:\/\/fr.365yawm.ma\/wp-content\/uploads\/2026\/04\/images-2-210x136.jpeg\" data-bs-srcset=\"{&quot;baseurl&quot;:&quot;https:\\\/\\\/fr.365yawm.ma\\\/wp-content\\\/uploads\\\/2026\\\/04\\\/&quot;,&quot;sizes&quot;:{&quot;86&quot;:&quot;images-2-86x64.jpeg&quot;,&quot;210&quot;:&quot;images-2-210x136.jpeg&quot;,&quot;279&quot;:&quot;images-2-279x220.jpeg&quot;,&quot;357&quot;:&quot;images-2-357x210.jpeg&quot;,&quot;414&quot;:&quot;images-2.jpeg&quot;}}\"\t\t\t\t\tclass=\"img-holder\" href=\"https:\/\/fr.365yawm.ma\/index.php\/2026\/04\/18\/fernando-villalonga-nomme-consul-despagne-a-tetouan\/\"><\/a>\n\t\t\t\t\t<\/div>\n\t<h2 class=\"title\">\t<a class=\"post-url\" href=\"https:\/\/fr.365yawm.ma\/index.php\/2026\/04\/18\/fernando-villalonga-nomme-consul-despagne-a-tetouan\/\" title=\"FERNANDO VILLALONGA NOMM\u00c9 CONSUL D&rsquo;ESPAGNE \u00c0 T\u00c9TOUAN\">\n\t\t\t<span class=\"post-title\">\n\t\t\t\tFERNANDO VILLALONGA NOMM\u00c9 CONSUL D&rsquo;ESPAGNE \u00c0 T\u00c9TOUAN\t\t\t<\/span>\n\t<\/a>\n\t<\/h2><\/div>\n<\/article >\n<article  class=\"post-6291 type-post format-standard has-post-thumbnail   listing-item listing-item-thumbnail listing-item-tb-2 main-term-26\">\n<div class=\"item-inner clearfix\">\n\t\t\t<div class=\"featured featured-type-featured-image\">\n\t\t\t<div class=\"term-badges floated\"><span class=\"term-badge term-26\"><a href=\"https:\/\/fr.365yawm.ma\/index.php\/category\/region\/\">R\u00e9gion<\/a><\/span><\/div>\t\t\t<a  title=\"Technologie et transformation \u00e9conomique : le Maroc partage son exp\u00e9rience \u00e0 la COM58 de Tanger\" data-src=\"https:\/\/fr.365yawm.ma\/wp-content\/uploads\/2026\/04\/1e98cf08-874c-450a-a9da-fbf0288bc8de-210x136.jpeg\" data-bs-srcset=\"{&quot;baseurl&quot;:&quot;https:\\\/\\\/fr.365yawm.ma\\\/wp-content\\\/uploads\\\/2026\\\/04\\\/&quot;,&quot;sizes&quot;:{&quot;86&quot;:&quot;1e98cf08-874c-450a-a9da-fbf0288bc8de-86x64.jpeg&quot;,&quot;210&quot;:&quot;1e98cf08-874c-450a-a9da-fbf0288bc8de-210x136.jpeg&quot;,&quot;279&quot;:&quot;1e98cf08-874c-450a-a9da-fbf0288bc8de-279x220.jpeg&quot;,&quot;357&quot;:&quot;1e98cf08-874c-450a-a9da-fbf0288bc8de-357x210.jpeg&quot;,&quot;750&quot;:&quot;1e98cf08-874c-450a-a9da-fbf0288bc8de-750x430.jpeg&quot;,&quot;768&quot;:&quot;1e98cf08-874c-450a-a9da-fbf0288bc8de.jpeg&quot;}}\"\t\t\t\t\tclass=\"img-holder\" href=\"https:\/\/fr.365yawm.ma\/index.php\/2026\/04\/03\/technologie-et-transformation-economique-le-maroc-partage-son-experience-a-la-com58-de-tanger\/\"><\/a>\n\t\t\t\t\t<\/div>\n\t<h2 class=\"title\">\t<a class=\"post-url\" href=\"https:\/\/fr.365yawm.ma\/index.php\/2026\/04\/03\/technologie-et-transformation-economique-le-maroc-partage-son-experience-a-la-com58-de-tanger\/\" title=\"Technologie et transformation \u00e9conomique : le Maroc partage son exp\u00e9rience \u00e0 la COM58 de Tanger\">\n\t\t\t<span class=\"post-title\">\n\t\t\t\tTechnologie et transformation \u00e9conomique : le Maroc partage&hellip;\t\t\t<\/span>\n\t<\/a>\n\t<\/h2><\/div>\n<\/article >\n\t<\/div>\n\t\n\t<\/div><div class=\"bs-slider-controls main-term-26\"><div class=\"bs-control-nav  bs-control-nav-style-4\"><\/div><\/div><\/div><\/div>[\/vc_column][vc_column width=\u00a0\u00bb1\/3&Prime; el_class=\u00a0\u00bbsticky-column\u00a0\u00bb]\t\t<div  class=\"  better-studio-shortcode bsc-clearfix better-social-counter style-box colored in-4-col\">\n\t\t\t\t\t<h3 class=\"section-heading sh-t6 sh-s6\">\n\t\t\t\t<span class=\"h-text\">Abonnez-vous<\/span>\n\t\t\t\t<\/h3>\n\t\t\t\t\t<ul class=\"social-list bsc-clearfix\"><li class=\"social-item facebook\"><a href=\"https:\/\/www.facebook.com\/365yawm.ma\" class=\"item-link\" target=\"_blank\"><i class=\"item-icon bsfi-facebook\" ><\/i> <span class=\"item-count\" > Facebook<\/span> <span class=\"item-title\" > Aime<\/span> <\/a> <\/li> <li class=\"social-item instagram\"><a href=\"https:\/\/instagram.com\/https:\/\/www.instagram.com\/365yawm.ma\/?hl=fr\" class=\"item-link\" target=\"_blank\"><i class=\"item-icon bsfi-instagram\" ><\/i> <span class=\"item-count\" > Instagram<\/span> <span class=\"item-title\" > Suiveurs<\/span> <\/a> <\/li> <li class=\"social-item youtube\"><a href=\"https:\/\/youtube.com\/channel\/https:\/\/www.youtube.com\/channel\/UC3-PnBr8bdpLPYlFo5Re3pw\/featured\" class=\"item-link\" target=\"_blank\"><i class=\"item-icon bsfi-youtube\" ><\/i> <span class=\"item-count\" > Youtube<\/span> <span class=\"item-title\" > Les abonn\u00e9s<\/span> <\/a> <\/li> \t\t\t<\/ul>\n\t\t<\/div>\n\t\t<div class=\"kut kut-clearfix  kut-align-center kut-column-1 kut-float-center\"><div id=\"kut-963-1191245680\" class=\"kut-container kut-type-image \" itemscope=\"\" itemtype=\"https:\/\/schema.org\/WPAdBlock\" data-adid=\"963\" data-type=\"image\"><a itemprop=\"url\" class=\"kut-link\" href=\"https:\/\/fr.365yawm.ma\/index.php\/contact-us\/\" target=\"_blank\" ><img decoding=\"async\" class=\"kut-image\" src=\"https:\/\/fr.365yawm.ma\/wp-content\/uploads\/2020\/08\/bannerads22.gif\" alt=\"jnab\" \/><\/a><\/div><\/div><div class=\" bs-listing bs-listing-listing-mix-3-1 bs-listing-single-tab\">\t\t<h3 class=\"section-heading sh-t6 sh-s6 main-term-22\">\n\n\t\t\n\t\t\t\t\t\t\t<a href=\"https:\/\/fr.365yawm.ma\/index.php\/category\/culture\/\" class=\"main-link\">\n\t\t\t\t\t\t\t<span class=\"h-text main-term-22\">\n\t\t\t\t\t\t\t\tDernier actualit\u00e9\t\t\t\t\t\t\t<\/span>\n\t\t\t\t<\/a>\n\t\t\t\n\t\t\n\t\t<\/h3>\n\t\t\t<div class=\"listing listing-mix-3-1 clearfix \">\n\t\t<div class=\"item-inner\">\n\t\t\t<div class=\"row-1\">\n\t\t\t\t\t\t\t\t\t<div class=\"listing listing-grid-1 clearfix columns-1\">\n\t\t\t\t\t\t\t<article class=\"post-6613 type-post format-standard has-post-thumbnail   listing-item listing-item-grid listing-item-grid-1 main-term-30\">\n\t<div class=\"item-inner\">\n\t\t\t\t\t<div class=\"featured clearfix\">\n\t\t\t\t<div class=\"term-badges floated\"><span class=\"term-badge term-30\"><a href=\"https:\/\/fr.365yawm.ma\/index.php\/category\/societe\/\">Soci\u00e9t\u00e9<\/a><\/span><\/div>\t\t\t\t<a  title=\"DU PORT \u00c0 L&rsquo;A\u00c9ROPORT, TANGER RATTRAP\u00c9 PAR LA MENDICIT\u00c9\" data-src=\"https:\/\/fr.365yawm.ma\/wp-content\/uploads\/2026\/08\/IMG_20260831_122800-357x210.jpg\" data-bs-srcset=\"{&quot;baseurl&quot;:&quot;https:\\\/\\\/fr.365yawm.ma\\\/wp-content\\\/uploads\\\/2026\\\/08\\\/&quot;,&quot;sizes&quot;:{&quot;210&quot;:&quot;IMG_20260831_122800-210x136.jpg&quot;,&quot;279&quot;:&quot;IMG_20260831_122800-279x220.jpg&quot;,&quot;357&quot;:&quot;IMG_20260831_122800-357x210.jpg&quot;,&quot;720&quot;:&quot;IMG_20260831_122800.jpg&quot;}}\"\t\t\t\t\t\tclass=\"img-holder\" href=\"https:\/\/fr.365yawm.ma\/index.php\/2026\/08\/31\/du-port-a-laeroport-tanger-rattrape-par-la-mendicite\/\"><\/a>\n\n\t\t\t\t\t\t\t<\/div>\n\t\t<h2 class=\"title\">\t\t<a href=\"https:\/\/fr.365yawm.ma\/index.php\/2026\/08\/31\/du-port-a-laeroport-tanger-rattrape-par-la-mendicite\/\" class=\"post-title post-url\">\n\t\t\tDU PORT \u00c0 L&rsquo;A\u00c9ROPORT, TANGER RATTRAP\u00c9 PAR LA MENDICIT\u00c9\t\t<\/a>\n\t\t<\/h2>\t\t<div class=\"post-meta\">\n\n\t\t\t\t\t\t\t<a href=\"https:\/\/fr.365yawm.ma\/index.php\/author\/fra365yawm\/\"\n\t\t\t\t   title=\"Parcourir les articles Auteur\"\n\t\t\t\t   class=\"post-author-a\">\n\t\t\t\t\t<i class=\"post-author author\">\n\t\t\t\t\t\tfra365yawm\t\t\t\t\t<\/i>\n\t\t\t\t<\/a>\n\t\t\t\t\t\t\t<span class=\"time\"><time class=\"post-published updated\"\n\t\t\t\t                         datetime=\"2026-08-31T13:33:02+02:00\">Ao\u00fbt 31, 2026<\/time><\/span>\n\t\t\t\t<a href=\"https:\/\/fr.365yawm.ma\/index.php\/2026\/08\/31\/du-port-a-laeroport-tanger-rattrape-par-la-mendicite\/#respond\" title=\"Laisser un commentaire sur: &quot;DU PORT \u00c0 L&rsquo;A\u00c9ROPORT, TANGER RATTRAP\u00c9 PAR LA MENDICIT\u00c9&quot;\" class=\"comments\"><i class=\"fa fa-comments-o\"><\/i> 0<\/a>\t\t<\/div>\n\t\t\t\t\t<div class=\"post-summary\">\n\t\t\t\t\u00c0 Tanger, il devient difficile de faire quelques pas sans \u00eatre sollicit\u00e9. Les mendiants sont partout : sur les&hellip;\t\t\t<\/div>\n\t\t\t<\/div>\n\t<\/article >\n\t\t\t\t\t<\/div>\n\t\t\t\t\t\t\t\t<\/div>\n\t\t\t\t\t\t\t<div class=\"row-2\">\n\t\t\t\t\t\t<div class=\"listing listing-thumbnail listing-tb-1 clearfix columns-1\">\n\t\t<article class=\"post-6606 type-post format-standard has-post-thumbnail   listing-item listing-item-thumbnail listing-item-tb-1 main-term-24\">\n\t<div class=\"item-inner clearfix\">\n\t\t\t\t\t<div class=\"featured featured-type-featured-image\">\n\t\t\t\t<a  title=\"QUAND L&rsquo;ALG\u00c9RIE FAIT SES ADIEUX \u00c0 UN PR\u00c9SIDENT FANTOCHE\" data-src=\"https:\/\/fr.365yawm.ma\/wp-content\/uploads\/2026\/08\/images-3-86x64.jpeg\" data-bs-srcset=\"{&quot;baseurl&quot;:&quot;https:\\\/\\\/fr.365yawm.ma\\\/wp-content\\\/uploads\\\/2026\\\/08\\\/&quot;,&quot;sizes&quot;:{&quot;86&quot;:&quot;images-3-86x64.jpeg&quot;,&quot;210&quot;:&quot;images-3-210x136.jpeg&quot;,&quot;440&quot;:&quot;images-3.jpeg&quot;}}\"\t\t\t\t\t\tclass=\"img-holder\" href=\"https:\/\/fr.365yawm.ma\/index.php\/2026\/08\/27\/quand-lalgerie-fait-ses-adieux-a-un-president-fantoche\/\"><\/a>\n\t\t\t\t\t\t\t<\/div>\n\t\t<h2 class=\"title\">\t\t<a href=\"https:\/\/fr.365yawm.ma\/index.php\/2026\/08\/27\/quand-lalgerie-fait-ses-adieux-a-un-president-fantoche\/\" class=\"post-url post-title\">\n\t\t\tQUAND L&rsquo;ALG\u00c9RIE FAIT SES ADIEUX \u00c0 UN PR\u00c9SIDENT FANTOCHE\t\t<\/a>\n\t\t<\/h2>\t\t<div class=\"post-meta\">\n\n\t\t\t\t\t\t\t<span class=\"time\"><time class=\"post-published updated\"\n\t\t\t\t                         datetime=\"2026-08-27T23:40:32+02:00\">Ao\u00fbt 27, 2026<\/time><\/span>\n\t\t\t\t\t\t<\/div>\n\t\t\t<\/div>\n\t<\/article >\n\t<article class=\"post-6603 type-post format-standard has-post-thumbnail   listing-item listing-item-thumbnail listing-item-tb-1 main-term-6\">\n\t<div class=\"item-inner clearfix\">\n\t\t\t\t\t<div class=\"featured featured-type-featured-image\">\n\t\t\t\t<a  title=\"APR\u00c8S AGADIR, LA FAMILLE BAUCHET-BOUHLAL LORGNERAIT TANGER\" data-src=\"https:\/\/fr.365yawm.ma\/wp-content\/uploads\/2026\/08\/images-6-86x64.jpeg\" data-bs-srcset=\"{&quot;baseurl&quot;:&quot;https:\\\/\\\/fr.365yawm.ma\\\/wp-content\\\/uploads\\\/2026\\\/08\\\/&quot;,&quot;sizes&quot;:{&quot;86&quot;:&quot;images-6-86x64.jpeg&quot;,&quot;210&quot;:&quot;images-6-210x136.jpeg&quot;,&quot;547&quot;:&quot;images-6.jpeg&quot;}}\"\t\t\t\t\t\tclass=\"img-holder\" href=\"https:\/\/fr.365yawm.ma\/index.php\/2026\/08\/24\/apres-agadir-la-famille-bauchet-bouhlal-lorgnerait-tanger\/\"><\/a>\n\t\t\t\t\t\t\t<\/div>\n\t\t<h2 class=\"title\">\t\t<a href=\"https:\/\/fr.365yawm.ma\/index.php\/2026\/08\/24\/apres-agadir-la-famille-bauchet-bouhlal-lorgnerait-tanger\/\" class=\"post-url post-title\">\n\t\t\tAPR\u00c8S AGADIR, LA FAMILLE BAUCHET-BOUHLAL LORGNERAIT TANGER\t\t<\/a>\n\t\t<\/h2>\t\t<div class=\"post-meta\">\n\n\t\t\t\t\t\t\t<span class=\"time\"><time class=\"post-published updated\"\n\t\t\t\t                         datetime=\"2026-08-24T17:24:11+02:00\">Ao\u00fbt 24, 2026<\/time><\/span>\n\t\t\t\t\t\t<\/div>\n\t\t\t<\/div>\n\t<\/article >\n\t<article class=\"post-6598 type-post format-standard has-post-thumbnail   listing-item listing-item-thumbnail listing-item-tb-1 main-term-1\">\n\t<div class=\"item-inner clearfix\">\n\t\t\t\t\t<div class=\"featured featured-type-featured-image\">\n\t\t\t\t<a  title=\"LE GRAND ROYAUME DES CHORFA ET LA TOURBE DU PAYS D&rsquo;\u00c0 C\u00d4T\u00c9\" data-src=\"https:\/\/fr.365yawm.ma\/wp-content\/uploads\/2026\/08\/images-3-86x64.jpeg\" data-bs-srcset=\"{&quot;baseurl&quot;:&quot;https:\\\/\\\/fr.365yawm.ma\\\/wp-content\\\/uploads\\\/2026\\\/08\\\/&quot;,&quot;sizes&quot;:{&quot;86&quot;:&quot;images-3-86x64.jpeg&quot;,&quot;210&quot;:&quot;images-3-210x136.jpeg&quot;,&quot;440&quot;:&quot;images-3.jpeg&quot;}}\"\t\t\t\t\t\tclass=\"img-holder\" href=\"https:\/\/fr.365yawm.ma\/index.php\/2026\/08\/19\/le-grand-royaume-des-chorfa-et-la-tourbe-du-pays-da-cote\/\"><\/a>\n\t\t\t\t\t\t\t<\/div>\n\t\t<h2 class=\"title\">\t\t<a href=\"https:\/\/fr.365yawm.ma\/index.php\/2026\/08\/19\/le-grand-royaume-des-chorfa-et-la-tourbe-du-pays-da-cote\/\" class=\"post-url post-title\">\n\t\t\tLE GRAND ROYAUME DES CHORFA ET LA TOURBE DU PAYS D&rsquo;\u00c0 C\u00d4T\u00c9\t\t<\/a>\n\t\t<\/h2>\t\t<div class=\"post-meta\">\n\n\t\t\t\t\t\t\t<span class=\"time\"><time class=\"post-published updated\"\n\t\t\t\t                         datetime=\"2026-08-19T00:06:25+02:00\">Ao\u00fbt 19, 2026<\/time><\/span>\n\t\t\t\t\t\t<\/div>\n\t\t\t<\/div>\n\t<\/article >\n\t<\/div>\n\t\t\t\t\t<\/div>\n\t\t\t\t\t\t<\/div>\n\t<\/div>\n<\/div>[\/vc_column][\/vc_row][vc_row full_width=\u00a0\u00bbstretch_row\u00a0\u00bb css=\u00a0\u00bb.vc_custom_1596219721220{background-color: #ffffff !important;}\u00a0\u00bb][vc_column]<div class=\" bs-listing bs-listing-listing-tall-2 bs-listing-single-tab\">\t\t<h3 class=\"section-heading sh-t6 sh-s6 main-term-30\">\n\n\t\t\n\t\t\t\t\t\t\t<a href=\"https:\/\/fr.365yawm.ma\/index.php\/category\/societe\/\" class=\"main-link\">\n\t\t\t\t\t\t\t<span class=\"h-text main-term-30\">\n\t\t\t\t\t\t\t\tSoci\u00e9t\u00e9\t\t\t\t\t\t\t<\/span>\n\t\t\t\t<\/a>\n\t\t\t\n\t\t\n\t\t<\/h3>\n\t\t\t<div class=\"listing listing-tall listing-tall-2 clearfix   columns-4\">\n\t\t<article class=\"post-6613 type-post format-standard has-post-thumbnail   listing-item listing-item-tall listing-item-tall-2 main-term-30\">\n\t<div class=\"item-inner clearfix\">\n\t\t\t\t\t<div class=\"featured clearfix\">\n\t\t\t\t<div class=\"term-badges floated\"><span class=\"term-badge term-30\"><a href=\"https:\/\/fr.365yawm.ma\/index.php\/category\/societe\/\">Soci\u00e9t\u00e9<\/a><\/span><\/div>\t\t\t\t<a  title=\"DU PORT \u00c0 L&rsquo;A\u00c9ROPORT, TANGER RATTRAP\u00c9 PAR LA MENDICIT\u00c9\" data-src=\"https:\/\/fr.365yawm.ma\/wp-content\/uploads\/2026\/08\/IMG_20260831_122800-368x445.jpg\" data-bs-srcset=\"{&quot;baseurl&quot;:&quot;https:\\\/\\\/fr.365yawm.ma\\\/wp-content\\\/uploads\\\/2026\\\/08\\\/&quot;,&quot;sizes&quot;:{&quot;180&quot;:&quot;IMG_20260831_122800-180x217.jpg&quot;,&quot;267&quot;:&quot;IMG_20260831_122800-267x322.jpg&quot;,&quot;368&quot;:&quot;IMG_20260831_122800-368x445.jpg&quot;,&quot;720&quot;:&quot;IMG_20260831_122800.jpg&quot;}}\"\t\t\t\t\t\tclass=\"img-holder\" href=\"https:\/\/fr.365yawm.ma\/index.php\/2026\/08\/31\/du-port-a-laeroport-tanger-rattrape-par-la-mendicite\/\"><\/a>\n\t\t\t\t\t\t\t<\/div>\n\t\t<h2 class=\"title\">\t\t<a href=\"https:\/\/fr.365yawm.ma\/index.php\/2026\/08\/31\/du-port-a-laeroport-tanger-rattrape-par-la-mendicite\/\" class=\"post-title post-url\">\n\t\t\tDU PORT \u00c0 L&rsquo;A\u00c9ROPORT, TANGER RATTRAP\u00c9 PAR LA&hellip;\t\t<\/a>\n\t\t<\/h2>\t\t<div class=\"post-meta\">\n\n\t\t\t\t\t\t\t<a href=\"https:\/\/fr.365yawm.ma\/index.php\/author\/fra365yawm\/\"\n\t\t\t\t   title=\"Parcourir les articles Auteur\"\n\t\t\t\t   class=\"post-author-a\">\n\t\t\t\t\t<i class=\"post-author author\">\n\t\t\t\t\t\tfra365yawm\t\t\t\t\t<\/i>\n\t\t\t\t<\/a>\n\t\t\t\t\t\t\t<span class=\"time\"><time class=\"post-published updated\"\n\t\t\t\t                         datetime=\"2026-08-31T13:33:02+02:00\">Ao\u00fbt 31, 2026<\/time><\/span>\n\t\t\t\t<a href=\"https:\/\/fr.365yawm.ma\/index.php\/2026\/08\/31\/du-port-a-laeroport-tanger-rattrape-par-la-mendicite\/#respond\" title=\"Laisser un commentaire sur: &quot;DU PORT \u00c0 L&rsquo;A\u00c9ROPORT, TANGER RATTRAP\u00c9 PAR LA MENDICIT\u00c9&quot;\" class=\"comments\"><i class=\"fa fa-comments-o\"><\/i> 0<\/a>\t\t<\/div>\n\t\t\t<\/div>\n\t<\/article >\n\t<article class=\"post-6583 type-post format-standard has-post-thumbnail   listing-item listing-item-tall listing-item-tall-2 main-term-30\">\n\t<div class=\"item-inner clearfix\">\n\t\t\t\t\t<div class=\"featured clearfix\">\n\t\t\t\t<div class=\"term-badges floated\"><span class=\"term-badge term-30\"><a href=\"https:\/\/fr.365yawm.ma\/index.php\/category\/societe\/\">Soci\u00e9t\u00e9<\/a><\/span><\/div>\t\t\t\t<a  title=\"Apr\u00e8s le drame migratoire\u2026 les \u00e9lections suffisent-elles \u00e0 renouveler le contrat politique ?\" data-src=\"https:\/\/fr.365yawm.ma\/wp-content\/uploads\/2026\/08\/IMG_8420-368x445.webp\" data-bs-srcset=\"{&quot;baseurl&quot;:&quot;https:\\\/\\\/fr.365yawm.ma\\\/wp-content\\\/uploads\\\/2026\\\/08\\\/&quot;,&quot;sizes&quot;:{&quot;180&quot;:&quot;IMG_8420-180x217.webp&quot;,&quot;267&quot;:&quot;IMG_8420-267x322.webp&quot;,&quot;368&quot;:&quot;IMG_8420-368x445.webp&quot;,&quot;1200&quot;:&quot;IMG_8420.webp&quot;}}\"\t\t\t\t\t\tclass=\"img-holder\" href=\"https:\/\/fr.365yawm.ma\/index.php\/2026\/08\/09\/apres-le-drame-migratoire-les-elections-suffisent-elles-a-renouveler-le-contrat-politique\/\"><\/a>\n\t\t\t\t\t\t\t<\/div>\n\t\t<h2 class=\"title\">\t\t<a href=\"https:\/\/fr.365yawm.ma\/index.php\/2026\/08\/09\/apres-le-drame-migratoire-les-elections-suffisent-elles-a-renouveler-le-contrat-politique\/\" class=\"post-title post-url\">\n\t\t\tApr\u00e8s le drame migratoire\u2026 les \u00e9lections suffisent-elles&hellip;\t\t<\/a>\n\t\t<\/h2>\t\t<div class=\"post-meta\">\n\n\t\t\t\t\t\t\t<a href=\"https:\/\/fr.365yawm.ma\/index.php\/author\/fra365yawm\/\"\n\t\t\t\t   title=\"Parcourir les articles Auteur\"\n\t\t\t\t   class=\"post-author-a\">\n\t\t\t\t\t<i class=\"post-author author\">\n\t\t\t\t\t\tfra365yawm\t\t\t\t\t<\/i>\n\t\t\t\t<\/a>\n\t\t\t\t\t\t\t<span class=\"time\"><time class=\"post-published updated\"\n\t\t\t\t                         datetime=\"2026-08-09T19:14:45+02:00\">Ao\u00fbt 9, 2026<\/time><\/span>\n\t\t\t\t<a href=\"https:\/\/fr.365yawm.ma\/index.php\/2026\/08\/09\/apres-le-drame-migratoire-les-elections-suffisent-elles-a-renouveler-le-contrat-politique\/#respond\" title=\"Laisser un commentaire sur: &quot;Apr\u00e8s le drame migratoire\u2026 les \u00e9lections suffisent-elles \u00e0 renouveler le contrat politique ?&quot;\" class=\"comments\"><i class=\"fa fa-comments-o\"><\/i> 0<\/a>\t\t<\/div>\n\t\t\t<\/div>\n\t<\/article >\n\t<article class=\"post-6573 type-post format-standard has-post-thumbnail   listing-item listing-item-tall listing-item-tall-2 main-term-30\">\n\t<div class=\"item-inner clearfix\">\n\t\t\t\t\t<div class=\"featured clearfix\">\n\t\t\t\t<div class=\"term-badges floated\"><span class=\"term-badge term-30\"><a href=\"https:\/\/fr.365yawm.ma\/index.php\/category\/societe\/\">Soci\u00e9t\u00e9<\/a><\/span><\/div>\t\t\t\t<a  title=\"CORNICHE DE TANGER : LES \u00c9TABLISSEMENTS DE LOISIRS (BALN\u00c9AIRES) D\u00c9NONCENT UNE CONCURENCE DELOYALE DES CAF\u00c9S CHICHA\" data-src=\"https:\/\/fr.365yawm.ma\/wp-content\/uploads\/2026\/07\/images-5-368x381.jpeg\" data-bs-srcset=\"{&quot;baseurl&quot;:&quot;https:\\\/\\\/fr.365yawm.ma\\\/wp-content\\\/uploads\\\/2026\\\/07\\\/&quot;,&quot;sizes&quot;:{&quot;180&quot;:&quot;images-5-180x217.jpeg&quot;,&quot;267&quot;:&quot;images-5-267x322.jpeg&quot;,&quot;368&quot;:&quot;images-5-368x381.jpeg&quot;,&quot;588&quot;:&quot;images-5.jpeg&quot;}}\"\t\t\t\t\t\tclass=\"img-holder\" href=\"https:\/\/fr.365yawm.ma\/index.php\/2026\/07\/22\/corniche-de-tanger-les-etablissements-de-loisirs-balneaires-denoncent-une-concurence-deloyale-des-cafes-chicha\/\"><\/a>\n\t\t\t\t\t\t\t<\/div>\n\t\t<h2 class=\"title\">\t\t<a href=\"https:\/\/fr.365yawm.ma\/index.php\/2026\/07\/22\/corniche-de-tanger-les-etablissements-de-loisirs-balneaires-denoncent-une-concurence-deloyale-des-cafes-chicha\/\" class=\"post-title post-url\">\n\t\t\tCORNICHE DE TANGER : LES \u00c9TABLISSEMENTS DE LOISIRS&hellip;\t\t<\/a>\n\t\t<\/h2>\t\t<div class=\"post-meta\">\n\n\t\t\t\t\t\t\t<a href=\"https:\/\/fr.365yawm.ma\/index.php\/author\/fra365yawm\/\"\n\t\t\t\t   title=\"Parcourir les articles Auteur\"\n\t\t\t\t   class=\"post-author-a\">\n\t\t\t\t\t<i class=\"post-author author\">\n\t\t\t\t\t\tfra365yawm\t\t\t\t\t<\/i>\n\t\t\t\t<\/a>\n\t\t\t\t\t\t\t<span class=\"time\"><time class=\"post-published updated\"\n\t\t\t\t                         datetime=\"2026-07-22T20:01:59+02:00\">Juil 22, 2026<\/time><\/span>\n\t\t\t\t<a href=\"https:\/\/fr.365yawm.ma\/index.php\/2026\/07\/22\/corniche-de-tanger-les-etablissements-de-loisirs-balneaires-denoncent-une-concurence-deloyale-des-cafes-chicha\/#respond\" title=\"Laisser un commentaire sur: &quot;CORNICHE DE TANGER : LES \u00c9TABLISSEMENTS DE LOISIRS (BALN\u00c9AIRES) D\u00c9NONCENT UNE CONCURENCE DELOYALE DES CAF\u00c9S CHICHA&quot;\" class=\"comments\"><i class=\"fa fa-comments-o\"><\/i> 0<\/a>\t\t<\/div>\n\t\t\t<\/div>\n\t<\/article >\n\t<article class=\"post-6449 type-post format-standard has-post-thumbnail   listing-item listing-item-tall listing-item-tall-2 main-term-30\">\n\t<div class=\"item-inner clearfix\">\n\t\t\t\t\t<div class=\"featured clearfix\">\n\t\t\t\t<div class=\"term-badges floated\"><span class=\"term-badge term-30\"><a href=\"https:\/\/fr.365yawm.ma\/index.php\/category\/societe\/\">Soci\u00e9t\u00e9<\/a><\/span><\/div>\t\t\t\t<a  title=\"MALABATA: ENTRE MODERNIT\u00c9 AFFICH\u00c9E ET INSALUBRIT\u00c9 CHOQUANTE\" data-src=\"https:\/\/fr.365yawm.ma\/wp-content\/uploads\/2026\/05\/IMG_20260517_080118-368x445.jpg\" data-bs-srcset=\"{&quot;baseurl&quot;:&quot;https:\\\/\\\/fr.365yawm.ma\\\/wp-content\\\/uploads\\\/2026\\\/05\\\/&quot;,&quot;sizes&quot;:{&quot;180&quot;:&quot;IMG_20260517_080118-180x217.jpg&quot;,&quot;267&quot;:&quot;IMG_20260517_080118-267x322.jpg&quot;,&quot;368&quot;:&quot;IMG_20260517_080118-368x445.jpg&quot;,&quot;2560&quot;:&quot;IMG_20260517_080118-scaled.jpg&quot;}}\"\t\t\t\t\t\tclass=\"img-holder\" href=\"https:\/\/fr.365yawm.ma\/index.php\/2026\/05\/17\/malabata-entre-modernite-affichee-et-insalubrite-affichee\/\"><\/a>\n\t\t\t\t\t\t\t<\/div>\n\t\t<h2 class=\"title\">\t\t<a href=\"https:\/\/fr.365yawm.ma\/index.php\/2026\/05\/17\/malabata-entre-modernite-affichee-et-insalubrite-affichee\/\" class=\"post-title post-url\">\n\t\t\tMALABATA: ENTRE MODERNIT\u00c9 AFFICH\u00c9E ET INSALUBRIT\u00c9&hellip;\t\t<\/a>\n\t\t<\/h2>\t\t<div class=\"post-meta\">\n\n\t\t\t\t\t\t\t<a href=\"https:\/\/fr.365yawm.ma\/index.php\/author\/fra365yawm\/\"\n\t\t\t\t   title=\"Parcourir les articles Auteur\"\n\t\t\t\t   class=\"post-author-a\">\n\t\t\t\t\t<i class=\"post-author author\">\n\t\t\t\t\t\tfra365yawm\t\t\t\t\t<\/i>\n\t\t\t\t<\/a>\n\t\t\t\t\t\t\t<span class=\"time\"><time class=\"post-published updated\"\n\t\t\t\t                         datetime=\"2026-05-17T14:34:24+02:00\">Mai 17, 2026<\/time><\/span>\n\t\t\t\t<a href=\"https:\/\/fr.365yawm.ma\/index.php\/2026\/05\/17\/malabata-entre-modernite-affichee-et-insalubrite-affichee\/#respond\" title=\"Laisser un commentaire sur: &quot;MALABATA: ENTRE MODERNIT\u00c9 AFFICH\u00c9E ET INSALUBRIT\u00c9 CHOQUANTE&quot;\" class=\"comments\"><i class=\"fa fa-comments-o\"><\/i> 0<\/a>\t\t<\/div>\n\t\t\t<\/div>\n\t<\/article >\n\t<\/div>\n\t<\/div>[\/vc_column][\/vc_row][vc_row][vc_column width=\u00a0\u00bb2\/3&Prime;]<div class=\" bs-listing bs-listing-listing-mix-1-2 bs-listing-single-tab pagination-animate\">\t\t<h3 class=\"section-heading sh-t6 sh-s6 main-term-33\">\n\n\t\t\n\t\t\t\t\t\t\t<a href=\"https:\/\/fr.365yawm.ma\/index.php\/category\/video\/\" class=\"main-link\">\n\t\t\t\t\t\t\t<span class=\"h-text main-term-33\">\n\t\t\t\t\t\t\t\tVideo\t\t\t\t\t\t\t<\/span>\n\t\t\t\t<\/a>\n\t\t\t\n\t\t\n\t\t<\/h3>\n\t\t<\/div><div class=\"bscb-74513  vc_custom_1596219888612 have_bg bs-listing bs-listing-listing-mix-1-4 bs-listing-single-tab pagination-animate\">\t\t<h3 class=\"section-heading sh-t6 sh-s6 main-term-22\">\n\n\t\t\n\t\t\t\t\t\t\t<a href=\"https:\/\/fr.365yawm.ma\/index.php\/category\/culture\/\" class=\"main-link\">\n\t\t\t\t\t\t\t<span class=\"h-text main-term-22\">\n\t\t\t\t\t\t\t\tCulture\t\t\t\t\t\t\t<\/span>\n\t\t\t\t<\/a>\n\t\t\t\n\t\t\n\t\t<\/h3>\n\t\t\t\t<div class=\"bs-pagination-wrapper main-term-22 next_prev bs-slider-first-item\">\n\t\t\t<div class=\"listing listing-mix-1-4 clearfix \">\n\t\t<div class=\"item-inner\">\n\t\t\t<div class=\"column-1\">\n\t\t\t\t\t<article class=\"post-6544 type-post format-standard has-post-thumbnail   listing-item listing-item-grid listing-item-grid-1 main-term-22\">\n\t<div class=\"item-inner\">\n\t\t\t\t\t<div class=\"featured clearfix\">\n\t\t\t\t<div class=\"term-badges floated\"><span class=\"term-badge term-22\"><a href=\"https:\/\/fr.365yawm.ma\/index.php\/category\/culture\/\">Culture<\/a><\/span><\/div>\t\t\t\t<a  title=\"T\u00c9TOUAN MET EN AVANT SON PATRIMOINE GR\u00c2CE \u00c0 LA 6\u00c8ME \u00c9DITION DE SON FESTIVAL CULTUREL\" data-src=\"https:\/\/fr.365yawm.ma\/wp-content\/uploads\/2026\/07\/SAVE_20260707_110144-750x430.jpg\" data-bs-srcset=\"{&quot;baseurl&quot;:&quot;https:\\\/\\\/fr.365yawm.ma\\\/wp-content\\\/uploads\\\/2026\\\/07\\\/&quot;,&quot;sizes&quot;:{&quot;210&quot;:&quot;SAVE_20260707_110144-210x136.jpg&quot;,&quot;279&quot;:&quot;SAVE_20260707_110144-279x220.jpg&quot;,&quot;357&quot;:&quot;SAVE_20260707_110144-357x210.jpg&quot;,&quot;750&quot;:&quot;SAVE_20260707_110144-750x430.jpg&quot;,&quot;1600&quot;:&quot;SAVE_20260707_110144.jpg&quot;}}\"\t\t\t\t\t\tclass=\"img-holder\" href=\"https:\/\/fr.365yawm.ma\/index.php\/2026\/07\/07\/tetouan-met-en-avant-son-patrimoine-grace-a-la-6eme-edition-de-son-festival-culturel\/\"><\/a>\n\n\t\t\t\t\t\t\t<\/div>\n\t\t<h2 class=\"title\">\t\t<a href=\"https:\/\/fr.365yawm.ma\/index.php\/2026\/07\/07\/tetouan-met-en-avant-son-patrimoine-grace-a-la-6eme-edition-de-son-festival-culturel\/\" class=\"post-title post-url\">\n\t\t\tT\u00c9TOUAN MET EN AVANT SON PATRIMOINE GR\u00c2CE \u00c0 LA 6\u00c8ME \u00c9DITION DE SON FESTIVAL&hellip;\t\t<\/a>\n\t\t<\/h2>\t\t<div class=\"post-meta\">\n\n\t\t\t\t\t\t\t<a href=\"https:\/\/fr.365yawm.ma\/index.php\/author\/fra365yawm\/\"\n\t\t\t\t   title=\"Parcourir les articles Auteur\"\n\t\t\t\t   class=\"post-author-a\">\n\t\t\t\t\t<i class=\"post-author author\">\n\t\t\t\t\t\tfra365yawm\t\t\t\t\t<\/i>\n\t\t\t\t<\/a>\n\t\t\t\t\t\t\t<span class=\"time\"><time class=\"post-published updated\"\n\t\t\t\t                         datetime=\"2026-07-07T12:26:54+02:00\">Juil 7, 2026<\/time><\/span>\n\t\t\t\t<a href=\"https:\/\/fr.365yawm.ma\/index.php\/2026\/07\/07\/tetouan-met-en-avant-son-patrimoine-grace-a-la-6eme-edition-de-son-festival-culturel\/#respond\" title=\"Laisser un commentaire sur: &quot;T\u00c9TOUAN MET EN AVANT SON PATRIMOINE GR\u00c2CE \u00c0 LA 6\u00c8ME \u00c9DITION DE SON FESTIVAL CULTUREL&quot;\" class=\"comments\"><i class=\"fa fa-comments-o\"><\/i> 0<\/a>\t\t<\/div>\n\t\t\t\t\t<div class=\"post-summary\">\n\t\t\t\tLa m\u00e9dina de T\u00e9touan s'appr\u00eate \u00e0 renouer avec l'effervescence culturelle. \u00c0 l'occasion de la glorieuse F\u00eate du&hellip;\t\t\t<\/div>\n\t\t\t<\/div>\n\t<\/article >\n\t\t\t<\/div>\n\t\t\t<div class=\"column-2\">\n\t\t\t\t\t<div class=\"listing listing-thumbnail listing-tb-2 clearfix scolumns-1\">\n\t<article  class=\"post-6489 type-post format-standard has-post-thumbnail   listing-item listing-item-thumbnail listing-item-tb-2 main-term-22\">\n<div class=\"item-inner clearfix\">\n\t\t\t<div class=\"featured featured-type-featured-image\">\n\t\t\t<div class=\"term-badges floated\"><span class=\"term-badge term-22\"><a href=\"https:\/\/fr.365yawm.ma\/index.php\/category\/culture\/\">Culture<\/a><\/span><\/div>\t\t\t<a  title=\"ABDELOUAHAB DOUKALI-AHMED BENYESSEF: DEUX DESTINS, UNE M\u00caME PASSION\" data-src=\"https:\/\/fr.365yawm.ma\/wp-content\/uploads\/2026\/06\/IMG-20260516-WA00751-357x210.jpg\" data-bs-srcset=\"{&quot;baseurl&quot;:&quot;https:\\\/\\\/fr.365yawm.ma\\\/wp-content\\\/uploads\\\/2026\\\/06\\\/&quot;,&quot;sizes&quot;:{&quot;210&quot;:&quot;IMG-20260516-WA00751-210x136.jpg&quot;,&quot;279&quot;:&quot;IMG-20260516-WA00751-279x220.jpg&quot;,&quot;357&quot;:&quot;IMG-20260516-WA00751-357x210.jpg&quot;,&quot;750&quot;:&quot;IMG-20260516-WA00751-750x430.jpg&quot;,&quot;1280&quot;:&quot;IMG-20260516-WA00751.jpg&quot;}}\"\t\t\t\t\tclass=\"img-holder\" href=\"https:\/\/fr.365yawm.ma\/index.php\/2026\/06\/02\/abdelouahab-doukali-ahmed-benyessef-deux-destins-une-meme-passion\/\"><\/a>\n\t\t\t\t\t<\/div>\n\t<h2 class=\"title\">\t<a class=\"post-url\" href=\"https:\/\/fr.365yawm.ma\/index.php\/2026\/06\/02\/abdelouahab-doukali-ahmed-benyessef-deux-destins-une-meme-passion\/\" title=\"ABDELOUAHAB DOUKALI-AHMED BENYESSEF: DEUX DESTINS, UNE M\u00caME PASSION\">\n\t\t\t<span class=\"post-title\">\n\t\t\t\tABDELOUAHAB DOUKALI-AHMED BENYESSEF: DEUX DESTINS, UNE M\u00caME PASSION\t\t\t<\/span>\n\t<\/a>\n\t<\/h2><\/div>\n<\/article >\n<article  class=\"post-6469 type-post format-standard has-post-thumbnail   listing-item listing-item-thumbnail listing-item-tb-2 main-term-22\">\n<div class=\"item-inner clearfix\">\n\t\t\t<div class=\"featured featured-type-featured-image\">\n\t\t\t<div class=\"term-badges floated\"><span class=\"term-badge term-22\"><a href=\"https:\/\/fr.365yawm.ma\/index.php\/category\/culture\/\">Culture<\/a><\/span><\/div>\t\t\t<a  title=\"L&rsquo;\u00c9CRIVAINE HALIMA HA\u00cfDOUR S&rsquo;ILLUSTRE \u00c0 L&rsquo;UNESCO\" data-src=\"https:\/\/fr.365yawm.ma\/wp-content\/uploads\/2026\/05\/Halima-Haidour-357x210.jpg\" data-bs-srcset=\"{&quot;baseurl&quot;:&quot;https:\\\/\\\/fr.365yawm.ma\\\/wp-content\\\/uploads\\\/2026\\\/05\\\/&quot;,&quot;sizes&quot;:{&quot;210&quot;:&quot;Halima-Haidour-210x136.jpg&quot;,&quot;279&quot;:&quot;Halima-Haidour-279x220.jpg&quot;,&quot;357&quot;:&quot;Halima-Haidour-357x210.jpg&quot;,&quot;746&quot;:&quot;Halima-Haidour.jpg&quot;}}\"\t\t\t\t\tclass=\"img-holder\" href=\"https:\/\/fr.365yawm.ma\/index.php\/2026\/05\/25\/lecrivaine-halima-haidour-sillustre-a-lunesco\/\"><\/a>\n\t\t\t\t\t<\/div>\n\t<h2 class=\"title\">\t<a class=\"post-url\" href=\"https:\/\/fr.365yawm.ma\/index.php\/2026\/05\/25\/lecrivaine-halima-haidour-sillustre-a-lunesco\/\" title=\"L&rsquo;\u00c9CRIVAINE HALIMA HA\u00cfDOUR S&rsquo;ILLUSTRE \u00c0 L&rsquo;UNESCO\">\n\t\t\t<span class=\"post-title\">\n\t\t\t\tL&rsquo;\u00c9CRIVAINE HALIMA HA\u00cfDOUR S&rsquo;ILLUSTRE \u00c0 L&rsquo;UNESCO\t\t\t<\/span>\n\t<\/a>\n\t<\/h2><\/div>\n<\/article >\n\t<\/div>\n\t\t\t\t<\/div>\n\t\t<\/div>\n\t<\/div>\n\n\t<\/div><div class=\"bs-pagination bs-ajax-pagination next_prev main-term-22 clearfix\">\n\t\t\t<script>var bs_ajax_paginate_552895197 = '{\"query\":{\"category\":\"22\",\"tag\":\"\",\"taxonomy\":\"\",\"post_ids\":\"\",\"post_type\":\"\",\"count\":\"3\",\"order_by\":\"date\",\"order\":\"DESC\",\"time_filter\":\"\",\"offset\":\"\",\"style\":\"listing-mix-1-4\",\"cats-tags-condition\":\"and\",\"cats-condition\":\"in\",\"tags-condition\":\"in\",\"featured_image\":\"0\",\"ignore_sticky_posts\":\"1\",\"author_ids\":\"\",\"disable_duplicate\":\"0\",\"ad-active\":0,\"paginate\":\"next_prev\",\"pagination-show-label\":\"0\",\"listing-settings\":\"\",\"override-listing-settings\":\"0\",\"_layout\":{\"state\":\"1|1|0\",\"page\":\"2-col-right\"}},\"type\":\"bs_post_listing\",\"view\":\"Publisher_Mix_Listing_1_4_Shortcode\",\"current_page\":1,\"ajax_url\":\"\\\/wp-admin\\\/admin-ajax.php\",\"remove_duplicates\":\"0\",\"query-main-term\":\"22\",\"pagination-show-label\":\"0\",\"paginate\":\"next_prev\",\"override-listing-settings\":\"0\",\"listing-settings\":\"\",\"ad-active\":false,\"_layout\":{\"state\":\"1|1|0\",\"page\":\"2-col-right\"},\"_bs_pagin_token\":\"8ea7422\",\"data\":{\"vars\":{\"post-ranking-offset\":12}}}';<\/script>\t\t\t\t<a href=\"#prev-552895197\" class=\"btn-bs-pagination prev disabled\" rel=\"prev\" data-id=\"552895197\"\n\t\t\t\t   title=\"Pr\u00e9c\u00e9dent\">\n\t\t\t\t\t<i class=\"fa fa-angle-left\"\n\t\t\t\t\t   aria-hidden=\"true\"><\/i> Pr\u00e9c\u00e9dent\t\t\t\t<\/a>\n\t\t\t\t<a href=\"#next-552895197\"  rel=\"next\" class=\"btn-bs-pagination next\"\n\t\t\t\t   data-id=\"552895197\" title=\"Prochain\">\n\t\t\t\t\tProchain <i\n\t\t\t\t\t\t\tclass=\"fa fa-angle-right\" aria-hidden=\"true\"><\/i>\n\t\t\t\t<\/a>\n\t\t\t\t<\/div><\/div><div class=\" bs-listing bs-listing-listing-grid-1 bs-listing-single-tab pagination-animate\">\t\t<h3 class=\"section-heading sh-t6 sh-s6 main-term-19\">\n\n\t\t\n\t\t\t\t\t\t\t<a href=\"https:\/\/fr.365yawm.ma\/index.php\/category\/reflexion\/\" class=\"main-link\">\n\t\t\t\t\t\t\t<span class=\"h-text main-term-19\">\n\t\t\t\t\t\t\t\tR\u00e9flexion\t\t\t\t\t\t\t<\/span>\n\t\t\t\t<\/a>\n\t\t\t\n\t\t\n\t\t<\/h3>\n\t\t\t\t<div class=\"bs-pagination-wrapper main-term-19 more_btn bs-slider-first-item\">\n\t\t\t<div class=\"listing listing-grid listing-grid-1 clearfix columns-2\">\n\t\t<article class=\"post-6321 type-post format-standard has-post-thumbnail   listing-item listing-item-grid listing-item-grid-1 main-term-66\">\n\t<div class=\"item-inner\">\n\t\t\t\t\t<div class=\"featured clearfix\">\n\t\t\t\t<div class=\"term-badges floated\"><span class=\"term-badge term-66\"><a href=\"https:\/\/fr.365yawm.ma\/index.php\/category\/reflexion\/enseignement\/\">Enseignement<\/a><\/span><\/div>\t\t\t\t<a  title=\"L&rsquo;ACAD\u00c9MIE TTA S&rsquo;ILLUSTRE \u00c0 RABAT\" data-src=\"https:\/\/fr.365yawm.ma\/wp-content\/uploads\/2026\/04\/IMG-20260408-WA0134-357x210.jpg\" data-bs-srcset=\"{&quot;baseurl&quot;:&quot;https:\\\/\\\/fr.365yawm.ma\\\/wp-content\\\/uploads\\\/2026\\\/04\\\/&quot;,&quot;sizes&quot;:{&quot;210&quot;:&quot;IMG-20260408-WA0134-210x136.jpg&quot;,&quot;279&quot;:&quot;IMG-20260408-WA0134-279x220.jpg&quot;,&quot;357&quot;:&quot;IMG-20260408-WA0134-357x210.jpg&quot;,&quot;750&quot;:&quot;IMG-20260408-WA0134-750x430.jpg&quot;,&quot;900&quot;:&quot;IMG-20260408-WA0134.jpg&quot;}}\"\t\t\t\t\t\tclass=\"img-holder\" href=\"https:\/\/fr.365yawm.ma\/index.php\/2026\/04\/08\/lacademie-tta-sillustre-a-rabat\/\"><\/a>\n\n\t\t\t\t\t\t\t<\/div>\n\t\t<h2 class=\"title\">\t\t<a href=\"https:\/\/fr.365yawm.ma\/index.php\/2026\/04\/08\/lacademie-tta-sillustre-a-rabat\/\" class=\"post-title post-url\">\n\t\t\tL&rsquo;ACAD\u00c9MIE TTA S&rsquo;ILLUSTRE \u00c0 RABAT\t\t<\/a>\n\t\t<\/h2>\t\t<div class=\"post-meta\">\n\n\t\t\t\t\t\t\t<a href=\"https:\/\/fr.365yawm.ma\/index.php\/author\/fra365yawm\/\"\n\t\t\t\t   title=\"Parcourir les articles Auteur\"\n\t\t\t\t   class=\"post-author-a\">\n\t\t\t\t\t<i class=\"post-author author\">\n\t\t\t\t\t\tfra365yawm\t\t\t\t\t<\/i>\n\t\t\t\t<\/a>\n\t\t\t\t\t\t\t<span class=\"time\"><time class=\"post-published updated\"\n\t\t\t\t                         datetime=\"2026-04-08T21:40:18+02:00\">Avr 8, 2026<\/time><\/span>\n\t\t\t\t<a href=\"https:\/\/fr.365yawm.ma\/index.php\/2026\/04\/08\/lacademie-tta-sillustre-a-rabat\/#respond\" title=\"Laisser un commentaire sur: &quot;L&rsquo;ACAD\u00c9MIE TTA S&rsquo;ILLUSTRE \u00c0 RABAT&quot;\" class=\"comments\"><i class=\"fa fa-comments-o\"><\/i> 0<\/a>\t\t<\/div>\n\t\t\t\t\t<div class=\"post-summary\">\n\t\t\t\tL'Acad\u00e9mie Tanger-T\u00e9touan-Al Hoce\u00efma a, une fois de plus, confirm\u00e9 son statut de vivier d\u2019excellence en mati\u00e8re de&hellip;\t\t\t<\/div>\n\t\t\t<\/div>\n\t<\/article >\n\t<article class=\"post-6318 type-post format-standard has-post-thumbnail   listing-item listing-item-grid listing-item-grid-1 main-term-66\">\n\t<div class=\"item-inner\">\n\t\t\t\t\t<div class=\"featured clearfix\">\n\t\t\t\t<div class=\"term-badges floated\"><span class=\"term-badge term-66\"><a href=\"https:\/\/fr.365yawm.ma\/index.php\/category\/reflexion\/enseignement\/\">Enseignement<\/a><\/span><\/div>\t\t\t\t<a  title=\"L&rsquo;ASSOCIATION FRAN\u00c7AIS DU MONDE D\u00c9NONCE L&rsquo;AUGMENTATION DES FRAIS DE SCOLARIT\u00c9\" data-src=\"https:\/\/fr.365yawm.ma\/wp-content\/uploads\/2026\/04\/IMG-20260407-WA0051-357x210.jpg\" data-bs-srcset=\"{&quot;baseurl&quot;:&quot;https:\\\/\\\/fr.365yawm.ma\\\/wp-content\\\/uploads\\\/2026\\\/04\\\/&quot;,&quot;sizes&quot;:{&quot;210&quot;:&quot;IMG-20260407-WA0051-210x136.jpg&quot;,&quot;279&quot;:&quot;IMG-20260407-WA0051-279x220.jpg&quot;,&quot;357&quot;:&quot;IMG-20260407-WA0051-357x210.jpg&quot;,&quot;750&quot;:&quot;IMG-20260407-WA0051-750x430.jpg&quot;,&quot;1125&quot;:&quot;IMG-20260407-WA0051.jpg&quot;}}\"\t\t\t\t\t\tclass=\"img-holder\" href=\"https:\/\/fr.365yawm.ma\/index.php\/2026\/04\/07\/lassociation-francais-du-monde-denonce-laugmentation-des-frais-de-scolarite\/\"><\/a>\n\n\t\t\t\t\t\t\t<\/div>\n\t\t<h2 class=\"title\">\t\t<a href=\"https:\/\/fr.365yawm.ma\/index.php\/2026\/04\/07\/lassociation-francais-du-monde-denonce-laugmentation-des-frais-de-scolarite\/\" class=\"post-title post-url\">\n\t\t\tL&rsquo;ASSOCIATION FRAN\u00c7AIS DU MONDE D\u00c9NONCE L&rsquo;AUGMENTATION DES FRAIS DE&hellip;\t\t<\/a>\n\t\t<\/h2>\t\t<div class=\"post-meta\">\n\n\t\t\t\t\t\t\t<a href=\"https:\/\/fr.365yawm.ma\/index.php\/author\/fra365yawm\/\"\n\t\t\t\t   title=\"Parcourir les articles Auteur\"\n\t\t\t\t   class=\"post-author-a\">\n\t\t\t\t\t<i class=\"post-author author\">\n\t\t\t\t\t\tfra365yawm\t\t\t\t\t<\/i>\n\t\t\t\t<\/a>\n\t\t\t\t\t\t\t<span class=\"time\"><time class=\"post-published updated\"\n\t\t\t\t                         datetime=\"2026-04-07T13:32:51+02:00\">Avr 7, 2026<\/time><\/span>\n\t\t\t\t<a href=\"https:\/\/fr.365yawm.ma\/index.php\/2026\/04\/07\/lassociation-francais-du-monde-denonce-laugmentation-des-frais-de-scolarite\/#respond\" title=\"Laisser un commentaire sur: &quot;L&rsquo;ASSOCIATION FRAN\u00c7AIS DU MONDE D\u00c9NONCE L&rsquo;AUGMENTATION DES FRAIS DE SCOLARIT\u00c9&quot;\" class=\"comments\"><i class=\"fa fa-comments-o\"><\/i> 0<\/a>\t\t<\/div>\n\t\t\t\t\t<div class=\"post-summary\">\n\t\t\t\tLa col\u00e8re ne cesse de monter au sein de la communaut\u00e9 scolaire fran\u00e7aise \u00e0 l\u2019\u00e9tranger. \r\n\r\nEn effet, depuis&hellip;\t\t\t<\/div>\n\t\t\t<\/div>\n\t<\/article >\n\t<article class=\"post-6103 type-post format-standard has-post-thumbnail   listing-item listing-item-grid listing-item-grid-1 main-term-66\">\n\t<div class=\"item-inner\">\n\t\t\t\t\t<div class=\"featured clearfix\">\n\t\t\t\t<div class=\"term-badges floated\"><span class=\"term-badge term-66\"><a href=\"https:\/\/fr.365yawm.ma\/index.php\/category\/reflexion\/enseignement\/\">Enseignement<\/a><\/span><\/div>\t\t\t\t<a  title=\"\u00c9COLES FRAN\u00c7AISES DE TANGER : POL\u00c9MIQUE AUTOUR DE LA HAUSSE DES FRAIS\" data-src=\"https:\/\/fr.365yawm.ma\/wp-content\/uploads\/2026\/02\/IMG_20260211_194440-357x210.jpg\" data-bs-srcset=\"{&quot;baseurl&quot;:&quot;https:\\\/\\\/fr.365yawm.ma\\\/wp-content\\\/uploads\\\/2026\\\/02\\\/&quot;,&quot;sizes&quot;:{&quot;210&quot;:&quot;IMG_20260211_194440-210x136.jpg&quot;,&quot;279&quot;:&quot;IMG_20260211_194440-279x220.jpg&quot;,&quot;357&quot;:&quot;IMG_20260211_194440-357x210.jpg&quot;,&quot;386&quot;:&quot;IMG_20260211_194440.jpg&quot;}}\"\t\t\t\t\t\tclass=\"img-holder\" href=\"https:\/\/fr.365yawm.ma\/index.php\/2026\/02\/11\/ecoles-francaises-de-tanger-polemique-autour-de-la-hausse-des-frais\/\"><\/a>\n\n\t\t\t\t\t\t\t<\/div>\n\t\t<h2 class=\"title\">\t\t<a href=\"https:\/\/fr.365yawm.ma\/index.php\/2026\/02\/11\/ecoles-francaises-de-tanger-polemique-autour-de-la-hausse-des-frais\/\" class=\"post-title post-url\">\n\t\t\t\u00c9COLES FRAN\u00c7AISES DE TANGER : POL\u00c9MIQUE AUTOUR DE LA HAUSSE DES FRAIS\t\t<\/a>\n\t\t<\/h2>\t\t<div class=\"post-meta\">\n\n\t\t\t\t\t\t\t<a href=\"https:\/\/fr.365yawm.ma\/index.php\/author\/fra365yawm\/\"\n\t\t\t\t   title=\"Parcourir les articles Auteur\"\n\t\t\t\t   class=\"post-author-a\">\n\t\t\t\t\t<i class=\"post-author author\">\n\t\t\t\t\t\tfra365yawm\t\t\t\t\t<\/i>\n\t\t\t\t<\/a>\n\t\t\t\t\t\t\t<span class=\"time\"><time class=\"post-published updated\"\n\t\t\t\t                         datetime=\"2026-02-11T19:46:39+01:00\">F\u00e9v 11, 2026<\/time><\/span>\n\t\t\t\t<a href=\"https:\/\/fr.365yawm.ma\/index.php\/2026\/02\/11\/ecoles-francaises-de-tanger-polemique-autour-de-la-hausse-des-frais\/#respond\" title=\"Laisser un commentaire sur: &quot;\u00c9COLES FRAN\u00c7AISES DE TANGER : POL\u00c9MIQUE AUTOUR DE LA HAUSSE DES FRAIS&quot;\" class=\"comments\"><i class=\"fa fa-comments-o\"><\/i> 0<\/a>\t\t<\/div>\n\t\t\t\t\t<div class=\"post-summary\">\n\t\t\t\tEn organisant un sit-in devant l\u2019\u00e9cole Berchet les parents d\u2019\u00e9l\u00e8ves ont exprim\u00e9 avec fermet\u00e9 leur opposition \u00e0 la&hellip;\t\t\t<\/div>\n\t\t\t<\/div>\n\t<\/article >\n\t<article class=\"post-6087 type-post format-standard has-post-thumbnail   listing-item listing-item-grid listing-item-grid-1 main-term-66\">\n\t<div class=\"item-inner\">\n\t\t\t\t\t<div class=\"featured clearfix\">\n\t\t\t\t<div class=\"term-badges floated\"><span class=\"term-badge term-66\"><a href=\"https:\/\/fr.365yawm.ma\/index.php\/category\/reflexion\/enseignement\/\">Enseignement<\/a><\/span><\/div>\t\t\t\t<a  title=\"SUSPENSION EXCEPTIONNELLE DES COURS \u00c0 TANGER-ASILAH CE VENDREDI\" data-src=\"https:\/\/fr.365yawm.ma\/wp-content\/uploads\/2026\/02\/492614-1-357x210.jpg\" data-bs-srcset=\"{&quot;baseurl&quot;:&quot;https:\\\/\\\/fr.365yawm.ma\\\/wp-content\\\/uploads\\\/2026\\\/02\\\/&quot;,&quot;sizes&quot;:{&quot;210&quot;:&quot;492614-1-210x136.jpg&quot;,&quot;279&quot;:&quot;492614-1-279x220.jpg&quot;,&quot;357&quot;:&quot;492614-1-357x210.jpg&quot;,&quot;750&quot;:&quot;492614-1-750x430.jpg&quot;,&quot;1000&quot;:&quot;492614-1.jpg&quot;}}\"\t\t\t\t\t\tclass=\"img-holder\" href=\"https:\/\/fr.365yawm.ma\/index.php\/2026\/02\/05\/suspension-exceptionnelle-des-cours-a-tanger-asilah-ce-vendredi\/\"><\/a>\n\n\t\t\t\t\t\t\t<\/div>\n\t\t<h2 class=\"title\">\t\t<a href=\"https:\/\/fr.365yawm.ma\/index.php\/2026\/02\/05\/suspension-exceptionnelle-des-cours-a-tanger-asilah-ce-vendredi\/\" class=\"post-title post-url\">\n\t\t\tSUSPENSION EXCEPTIONNELLE DES COURS \u00c0 TANGER-ASILAH CE VENDREDI\t\t<\/a>\n\t\t<\/h2>\t\t<div class=\"post-meta\">\n\n\t\t\t\t\t\t\t<a href=\"https:\/\/fr.365yawm.ma\/index.php\/author\/fra365yawm\/\"\n\t\t\t\t   title=\"Parcourir les articles Auteur\"\n\t\t\t\t   class=\"post-author-a\">\n\t\t\t\t\t<i class=\"post-author author\">\n\t\t\t\t\t\tfra365yawm\t\t\t\t\t<\/i>\n\t\t\t\t<\/a>\n\t\t\t\t\t\t\t<span class=\"time\"><time class=\"post-published updated\"\n\t\t\t\t                         datetime=\"2026-02-05T18:57:09+01:00\">F\u00e9v 5, 2026<\/time><\/span>\n\t\t\t\t<a href=\"https:\/\/fr.365yawm.ma\/index.php\/2026\/02\/05\/suspension-exceptionnelle-des-cours-a-tanger-asilah-ce-vendredi\/#respond\" title=\"Laisser un commentaire sur: &quot;SUSPENSION EXCEPTIONNELLE DES COURS \u00c0 TANGER-ASILAH CE VENDREDI&quot;\" class=\"comments\"><i class=\"fa fa-comments-o\"><\/i> 0<\/a>\t\t<\/div>\n\t\t\t\t\t<div class=\"post-summary\">\n\t\t\t\tLa Direction provinciale de l\u2019\u00c9ducation nationale, du Pr\u00e9scolaire et des Sports de Tanger-Assilah a annonc\u00e9 la&hellip;\t\t\t<\/div>\n\t\t\t<\/div>\n\t<\/article >\n\t<article class=\"post-6076 type-post format-standard has-post-thumbnail   listing-item listing-item-grid listing-item-grid-1 main-term-66\">\n\t<div class=\"item-inner\">\n\t\t\t\t\t<div class=\"featured clearfix\">\n\t\t\t\t<div class=\"term-badges floated\"><span class=\"term-badge term-66\"><a href=\"https:\/\/fr.365yawm.ma\/index.php\/category\/reflexion\/enseignement\/\">Enseignement<\/a><\/span><\/div>\t\t\t\t<a  title=\"ALERTES M\u00c9T\u00c9O : TANGER-ASILAH MET LES COURS EN PAUSE CE JEUDI\" data-src=\"https:\/\/fr.365yawm.ma\/wp-content\/uploads\/2026\/02\/images-357x210.jpeg\" data-bs-srcset=\"{&quot;baseurl&quot;:&quot;https:\\\/\\\/fr.365yawm.ma\\\/wp-content\\\/uploads\\\/2026\\\/02\\\/&quot;,&quot;sizes&quot;:{&quot;210&quot;:&quot;images-210x136.jpeg&quot;,&quot;279&quot;:&quot;images-279x220.jpeg&quot;,&quot;357&quot;:&quot;images-357x210.jpeg&quot;,&quot;576&quot;:&quot;images.jpeg&quot;}}\"\t\t\t\t\t\tclass=\"img-holder\" href=\"https:\/\/fr.365yawm.ma\/index.php\/2026\/02\/04\/alertes-meteo-tanger-asilah-met-les-cours-en-pause-ce-jeudi\/\"><\/a>\n\n\t\t\t\t\t\t\t<\/div>\n\t\t<h2 class=\"title\">\t\t<a href=\"https:\/\/fr.365yawm.ma\/index.php\/2026\/02\/04\/alertes-meteo-tanger-asilah-met-les-cours-en-pause-ce-jeudi\/\" class=\"post-title post-url\">\n\t\t\tALERTES M\u00c9T\u00c9O : TANGER-ASILAH MET LES COURS EN PAUSE CE JEUDI\t\t<\/a>\n\t\t<\/h2>\t\t<div class=\"post-meta\">\n\n\t\t\t\t\t\t\t<a href=\"https:\/\/fr.365yawm.ma\/index.php\/author\/fra365yawm\/\"\n\t\t\t\t   title=\"Parcourir les articles Auteur\"\n\t\t\t\t   class=\"post-author-a\">\n\t\t\t\t\t<i class=\"post-author author\">\n\t\t\t\t\t\tfra365yawm\t\t\t\t\t<\/i>\n\t\t\t\t<\/a>\n\t\t\t\t\t\t\t<span class=\"time\"><time class=\"post-published updated\"\n\t\t\t\t                         datetime=\"2026-02-04T18:46:55+01:00\">F\u00e9v 4, 2026<\/time><\/span>\n\t\t\t\t<a href=\"https:\/\/fr.365yawm.ma\/index.php\/2026\/02\/04\/alertes-meteo-tanger-asilah-met-les-cours-en-pause-ce-jeudi\/#respond\" title=\"Laisser un commentaire sur: &quot;ALERTES M\u00c9T\u00c9O : TANGER-ASILAH MET LES COURS EN PAUSE CE JEUDI&quot;\" class=\"comments\"><i class=\"fa fa-comments-o\"><\/i> 0<\/a>\t\t<\/div>\n\t\t\t\t\t<div class=\"post-summary\">\n\t\t\t\tLes cours sont officiellement suspendus ce jeudi 5 f\u00e9vrier 2026 dans l\u2019ensemble des \u00e9tablissements scolaires&hellip;\t\t\t<\/div>\n\t\t\t<\/div>\n\t<\/article >\n\t<article class=\"post-6067 type-post format-standard has-post-thumbnail   listing-item listing-item-grid listing-item-grid-1 main-term-66\">\n\t<div class=\"item-inner\">\n\t\t\t\t\t<div class=\"featured clearfix\">\n\t\t\t\t<div class=\"term-badges floated\"><span class=\"term-badge term-66\"><a href=\"https:\/\/fr.365yawm.ma\/index.php\/category\/reflexion\/enseignement\/\">Enseignement<\/a><\/span><\/div>\t\t\t\t<a  title=\"DIRECTION TANGER-ASILAH : SUSPENSION DES COURS POUR CE MERCREDI 4 F\u00c9VRIER 2026\" data-src=\"https:\/\/fr.365yawm.ma\/wp-content\/uploads\/2026\/02\/images-357x210.jpeg\" data-bs-srcset=\"{&quot;baseurl&quot;:&quot;https:\\\/\\\/fr.365yawm.ma\\\/wp-content\\\/uploads\\\/2026\\\/02\\\/&quot;,&quot;sizes&quot;:{&quot;210&quot;:&quot;images-210x136.jpeg&quot;,&quot;279&quot;:&quot;images-279x220.jpeg&quot;,&quot;357&quot;:&quot;images-357x210.jpeg&quot;,&quot;576&quot;:&quot;images.jpeg&quot;}}\"\t\t\t\t\t\tclass=\"img-holder\" href=\"https:\/\/fr.365yawm.ma\/index.php\/2026\/02\/03\/direction-tanger-asilah-suspension-des-cours-pour-ce-mercredi-3-fevrier-2026\/\"><\/a>\n\n\t\t\t\t\t\t\t<\/div>\n\t\t<h2 class=\"title\">\t\t<a href=\"https:\/\/fr.365yawm.ma\/index.php\/2026\/02\/03\/direction-tanger-asilah-suspension-des-cours-pour-ce-mercredi-3-fevrier-2026\/\" class=\"post-title post-url\">\n\t\t\tDIRECTION TANGER-ASILAH : SUSPENSION DES COURS POUR CE MERCREDI 4 F\u00c9VRIER 2026\t\t<\/a>\n\t\t<\/h2>\t\t<div class=\"post-meta\">\n\n\t\t\t\t\t\t\t<a href=\"https:\/\/fr.365yawm.ma\/index.php\/author\/fra365yawm\/\"\n\t\t\t\t   title=\"Parcourir les articles Auteur\"\n\t\t\t\t   class=\"post-author-a\">\n\t\t\t\t\t<i class=\"post-author author\">\n\t\t\t\t\t\tfra365yawm\t\t\t\t\t<\/i>\n\t\t\t\t<\/a>\n\t\t\t\t\t\t\t<span class=\"time\"><time class=\"post-published updated\"\n\t\t\t\t                         datetime=\"2026-02-03T17:45:52+01:00\">F\u00e9v 3, 2026<\/time><\/span>\n\t\t\t\t<a href=\"https:\/\/fr.365yawm.ma\/index.php\/2026\/02\/03\/direction-tanger-asilah-suspension-des-cours-pour-ce-mercredi-3-fevrier-2026\/#respond\" title=\"Laisser un commentaire sur: &quot;DIRECTION TANGER-ASILAH : SUSPENSION DES COURS POUR CE MERCREDI 4 F\u00c9VRIER 2026&quot;\" class=\"comments\"><i class=\"fa fa-comments-o\"><\/i> 0<\/a>\t\t<\/div>\n\t\t\t\t\t<div class=\"post-summary\">\n\t\t\t\tEn raison des mauvaises conditions m\u00e9t\u00e9orologiques qui affectent la r\u00e9gion, la Direction provinciale du minist\u00e8re&hellip;\t\t\t<\/div>\n\t\t\t<\/div>\n\t<\/article >\n\t<\/div>\n\t\n\t<\/div><div class=\"bs-pagination bs-ajax-pagination more_btn main-term-19 clearfix\">\n\t\t\t<script>var bs_ajax_paginate_211426012 = '{\"query\":{\"category\":\"19\",\"tag\":\"\",\"taxonomy\":\"\",\"post_ids\":\"\",\"post_type\":\"\",\"count\":\"6\",\"order_by\":\"date\",\"order\":\"DESC\",\"time_filter\":\"\",\"offset\":\"\",\"style\":\"listing-grid-1\",\"show_excerpt\":\"1\",\"cats-tags-condition\":\"and\",\"cats-condition\":\"in\",\"tags-condition\":\"in\",\"featured_image\":\"0\",\"ignore_sticky_posts\":\"1\",\"author_ids\":\"\",\"disable_duplicate\":\"0\",\"ad-active\":\"0\",\"ad-after_each\":\"\",\"ad-type\":\"\",\"ad-banner\":\"none\",\"ad-campaign\":\"none\",\"ad-count\":\"\",\"ad-columns\":\"1\",\"ad-orderby\":\"date\",\"ad-order\":\"ASC\",\"ad-align\":\"left\",\"paginate\":\"more_btn\",\"pagination-show-label\":\"1\",\"columns\":\"2\",\"listing-settings\":\"\",\"override-listing-settings\":\"0\",\"_layout\":{\"state\":\"1|1|0\",\"page\":\"2-col-right\"}},\"type\":\"bs_post_listing\",\"view\":\"Publisher_Grid_Listing_1_Shortcode\",\"current_page\":1,\"ajax_url\":\"\\\/wp-admin\\\/admin-ajax.php\",\"remove_duplicates\":\"0\",\"query-main-term\":\"19\",\"columns\":\"2\",\"show_excerpt\":\"1\",\"pagination-show-label\":\"1\",\"paginate\":\"more_btn\",\"ad-active\":\"0\",\"ad-after_each\":\"\",\"ad-type\":\"\",\"ad-banner\":\"none\",\"ad-campaign\":\"none\",\"ad-count\":\"\",\"ad-columns\":\"1\",\"ad-orderby\":\"date\",\"ad-order\":\"ASC\",\"ad-align\":\"left\",\"override-listing-settings\":\"0\",\"listing-settings\":\"\",\"_layout\":{\"state\":\"1|1|0\",\"page\":\"2-col-right\"},\"_bs_pagin_token\":\"cf35f59\",\"data\":{\"vars\":{\"post-ranking-offset\":12}}}';<\/script>\t\t\t\t<a href=\"#next-211426012\"  rel=\"next\" class=\"btn-bs-pagination\" data-id=\"211426012\"\n\t\t\t\t   title=\"Afficher plus de messages\">\n\t\t\t<span class=\"loading\" style=\"display: none;\">\n\t\t\t\t<i class=\"fa fa-refresh fa-spin fa-fw\"><\/i>\n\t\t\t<\/span>\n\t\t\t\t\t<span class=\"loading\" style=\"display: none;\">\n\t\t\t\tChargement ...\t\t\t<\/span>\n\n\t\t\t\t\t<span class=\"loaded txt\">\n\t\t\t\tAfficher plus de messages\t\t\t<\/span>\n\n\t\t\t\t\t<span class=\"loaded icon\">\n\t\t\t\t<i class=\"fa fa-angle-down\" aria-hidden=\"true\"><\/i>\n\t\t\t<\/span>\n\n\t\t\t\t\t<span class=\"no-more\" style=\"display: none;\">\n\t\t\t\tPas de nouveaux messages \n\t\t\t<\/span>\n\n\t\t\t\t<\/a>\n\n\t\t\t\t<\/div><\/div>[\/vc_column][vc_column width=\u00a0\u00bb1\/3&Prime; el_class=\u00a0\u00bbsticky-column\u00a0\u00bb]<div class=\" bs-listing bs-listing-listing-thumbnail-1 bs-listing-single-tab pagination-animate\">\t\t<h3 class=\"section-heading sh-t6 sh-s6 main-term-none\">\n\n\t\t\n\t\t\t\t\t\t\t<span class=\"h-text main-term-none main-link\">\n\t\t\t\t\t\tEconomie\t\t\t\t\t<\/span>\n\t\t\t\n\t\t\n\t\t<\/h3>\n\t\t\t\t<div class=\"bs-pagination-wrapper main-term-none more_btn bs-slider-first-item\">\n\t\t\t<div class=\"listing listing-thumbnail listing-tb-1 clearfix columns-1\">\n\t\t<article class=\"post-6613 type-post format-standard has-post-thumbnail   listing-item listing-item-thumbnail listing-item-tb-1 main-term-30\">\n\t<div class=\"item-inner clearfix\">\n\t\t\t\t\t<div class=\"featured featured-type-featured-image\">\n\t\t\t\t<a  title=\"DU PORT \u00c0 L&rsquo;A\u00c9ROPORT, TANGER RATTRAP\u00c9 PAR LA MENDICIT\u00c9\" data-src=\"https:\/\/fr.365yawm.ma\/wp-content\/uploads\/2026\/08\/IMG_20260831_122800-86x64.jpg\" data-bs-srcset=\"{&quot;baseurl&quot;:&quot;https:\\\/\\\/fr.365yawm.ma\\\/wp-content\\\/uploads\\\/2026\\\/08\\\/&quot;,&quot;sizes&quot;:{&quot;86&quot;:&quot;IMG_20260831_122800-86x64.jpg&quot;,&quot;210&quot;:&quot;IMG_20260831_122800-210x136.jpg&quot;,&quot;720&quot;:&quot;IMG_20260831_122800.jpg&quot;}}\"\t\t\t\t\t\tclass=\"img-holder\" href=\"https:\/\/fr.365yawm.ma\/index.php\/2026\/08\/31\/du-port-a-laeroport-tanger-rattrape-par-la-mendicite\/\"><\/a>\n\t\t\t\t\t\t\t<\/div>\n\t\t<h2 class=\"title\">\t\t<a href=\"https:\/\/fr.365yawm.ma\/index.php\/2026\/08\/31\/du-port-a-laeroport-tanger-rattrape-par-la-mendicite\/\" class=\"post-url post-title\">\n\t\t\tDU PORT \u00c0 L&rsquo;A\u00c9ROPORT, TANGER RATTRAP\u00c9 PAR LA MENDICIT\u00c9\t\t<\/a>\n\t\t<\/h2>\t\t<div class=\"post-meta\">\n\n\t\t\t\t\t\t\t<span class=\"time\"><time class=\"post-published updated\"\n\t\t\t\t                         datetime=\"2026-08-31T13:33:02+02:00\">Ao\u00fbt 31, 2026<\/time><\/span>\n\t\t\t\t\t\t<\/div>\n\t\t\t<\/div>\n\t<\/article >\n\t<article class=\"post-6608 type-post format-standard has-post-thumbnail   listing-item listing-item-thumbnail listing-item-tb-1 main-term-1\">\n\t<div class=\"item-inner clearfix\">\n\t\t\t\t\t<div class=\"featured featured-type-featured-image\">\n\t\t\t\t<a  title=\"NOS VIVES CONDOL\u00c9ANCES \u00c0 MM. ABDELOUAHID AAZIBOU MOKRA\u00cf ET SA\u00cfD RADI\" data-src=\"https:\/\/fr.365yawm.ma\/wp-content\/uploads\/2026\/08\/images-86x64.webp\" data-bs-srcset=\"{&quot;baseurl&quot;:&quot;https:\\\/\\\/fr.365yawm.ma\\\/wp-content\\\/uploads\\\/2026\\\/08\\\/&quot;,&quot;sizes&quot;:{&quot;86&quot;:&quot;images-86x64.webp&quot;,&quot;210&quot;:&quot;images-210x136.webp&quot;,&quot;340&quot;:&quot;images.webp&quot;}}\"\t\t\t\t\t\tclass=\"img-holder\" href=\"https:\/\/fr.365yawm.ma\/index.php\/2026\/08\/29\/nos-vives-condoleances-a-mm-abdelouahid-aazibou-mokrai-et-said-radi\/\"><\/a>\n\t\t\t\t\t\t\t<\/div>\n\t\t<h2 class=\"title\">\t\t<a href=\"https:\/\/fr.365yawm.ma\/index.php\/2026\/08\/29\/nos-vives-condoleances-a-mm-abdelouahid-aazibou-mokrai-et-said-radi\/\" class=\"post-url post-title\">\n\t\t\tNOS VIVES CONDOL\u00c9ANCES \u00c0 MM. ABDELOUAHID AAZIBOU MOKRA\u00cf ET&hellip;\t\t<\/a>\n\t\t<\/h2>\t\t<div class=\"post-meta\">\n\n\t\t\t\t\t\t\t<span class=\"time\"><time class=\"post-published updated\"\n\t\t\t\t                         datetime=\"2026-08-29T10:21:25+02:00\">Ao\u00fbt 29, 2026<\/time><\/span>\n\t\t\t\t\t\t<\/div>\n\t\t\t<\/div>\n\t<\/article >\n\t<article class=\"post-6606 type-post format-standard has-post-thumbnail   listing-item listing-item-thumbnail listing-item-tb-1 main-term-24\">\n\t<div class=\"item-inner clearfix\">\n\t\t\t\t\t<div class=\"featured featured-type-featured-image\">\n\t\t\t\t<a  title=\"QUAND L&rsquo;ALG\u00c9RIE FAIT SES ADIEUX \u00c0 UN PR\u00c9SIDENT FANTOCHE\" data-src=\"https:\/\/fr.365yawm.ma\/wp-content\/uploads\/2026\/08\/images-3-86x64.jpeg\" data-bs-srcset=\"{&quot;baseurl&quot;:&quot;https:\\\/\\\/fr.365yawm.ma\\\/wp-content\\\/uploads\\\/2026\\\/08\\\/&quot;,&quot;sizes&quot;:{&quot;86&quot;:&quot;images-3-86x64.jpeg&quot;,&quot;210&quot;:&quot;images-3-210x136.jpeg&quot;,&quot;440&quot;:&quot;images-3.jpeg&quot;}}\"\t\t\t\t\t\tclass=\"img-holder\" href=\"https:\/\/fr.365yawm.ma\/index.php\/2026\/08\/27\/quand-lalgerie-fait-ses-adieux-a-un-president-fantoche\/\"><\/a>\n\t\t\t\t\t\t\t<\/div>\n\t\t<h2 class=\"title\">\t\t<a href=\"https:\/\/fr.365yawm.ma\/index.php\/2026\/08\/27\/quand-lalgerie-fait-ses-adieux-a-un-president-fantoche\/\" class=\"post-url post-title\">\n\t\t\tQUAND L&rsquo;ALG\u00c9RIE FAIT SES ADIEUX \u00c0 UN PR\u00c9SIDENT&hellip;\t\t<\/a>\n\t\t<\/h2>\t\t<div class=\"post-meta\">\n\n\t\t\t\t\t\t\t<span class=\"time\"><time class=\"post-published updated\"\n\t\t\t\t                         datetime=\"2026-08-27T23:40:32+02:00\">Ao\u00fbt 27, 2026<\/time><\/span>\n\t\t\t\t\t\t<\/div>\n\t\t\t<\/div>\n\t<\/article >\n\t<article class=\"post-6603 type-post format-standard has-post-thumbnail   listing-item listing-item-thumbnail listing-item-tb-1 main-term-6\">\n\t<div class=\"item-inner clearfix\">\n\t\t\t\t\t<div class=\"featured featured-type-featured-image\">\n\t\t\t\t<a  title=\"APR\u00c8S AGADIR, LA FAMILLE BAUCHET-BOUHLAL LORGNERAIT TANGER\" data-src=\"https:\/\/fr.365yawm.ma\/wp-content\/uploads\/2026\/08\/images-6-86x64.jpeg\" data-bs-srcset=\"{&quot;baseurl&quot;:&quot;https:\\\/\\\/fr.365yawm.ma\\\/wp-content\\\/uploads\\\/2026\\\/08\\\/&quot;,&quot;sizes&quot;:{&quot;86&quot;:&quot;images-6-86x64.jpeg&quot;,&quot;210&quot;:&quot;images-6-210x136.jpeg&quot;,&quot;547&quot;:&quot;images-6.jpeg&quot;}}\"\t\t\t\t\t\tclass=\"img-holder\" href=\"https:\/\/fr.365yawm.ma\/index.php\/2026\/08\/24\/apres-agadir-la-famille-bauchet-bouhlal-lorgnerait-tanger\/\"><\/a>\n\t\t\t\t\t\t\t<\/div>\n\t\t<h2 class=\"title\">\t\t<a href=\"https:\/\/fr.365yawm.ma\/index.php\/2026\/08\/24\/apres-agadir-la-famille-bauchet-bouhlal-lorgnerait-tanger\/\" class=\"post-url post-title\">\n\t\t\tAPR\u00c8S AGADIR, LA FAMILLE BAUCHET-BOUHLAL LORGNERAIT TANGER\t\t<\/a>\n\t\t<\/h2>\t\t<div class=\"post-meta\">\n\n\t\t\t\t\t\t\t<span class=\"time\"><time class=\"post-published updated\"\n\t\t\t\t                         datetime=\"2026-08-24T17:24:11+02:00\">Ao\u00fbt 24, 2026<\/time><\/span>\n\t\t\t\t\t\t<\/div>\n\t\t\t<\/div>\n\t<\/article >\n\t<\/div>\n\t\n\t<\/div><div class=\"bs-pagination bs-ajax-pagination more_btn main-term-none clearfix\">\n\t\t\t<script>var bs_ajax_paginate_1927368614 = '{\"query\":{\"category\":\"\",\"tag\":\"\",\"taxonomy\":\"\",\"post_ids\":\"\",\"post_type\":\"\",\"count\":\"4\",\"order_by\":\"date\",\"order\":\"DESC\",\"time_filter\":\"\",\"offset\":\"\",\"style\":\"listing-thumbnail-1\",\"cats-tags-condition\":\"and\",\"cats-condition\":\"in\",\"tags-condition\":\"in\",\"featured_image\":\"0\",\"ignore_sticky_posts\":\"1\",\"author_ids\":\"\",\"disable_duplicate\":\"0\",\"ad-active\":\"0\",\"ad-after_each\":\"\",\"ad-type\":\"\",\"ad-banner\":\"none\",\"ad-campaign\":\"none\",\"ad-count\":\"\",\"ad-columns\":\"1\",\"ad-orderby\":\"date\",\"ad-order\":\"ASC\",\"ad-align\":\"left\",\"paginate\":\"more_btn\",\"pagination-show-label\":\"1\",\"columns\":\"1\",\"listing-settings\":\"\",\"override-listing-settings\":\"0\",\"_layout\":{\"state\":\"1|1|0\",\"page\":\"2-col-right\"}},\"type\":\"bs_post_listing\",\"view\":\"Publisher_Thumbnail_Listing_1_Shortcode\",\"current_page\":1,\"ajax_url\":\"\\\/wp-admin\\\/admin-ajax.php\",\"remove_duplicates\":\"0\",\"columns\":\"1\",\"pagination-show-label\":\"1\",\"paginate\":\"more_btn\",\"ad-active\":\"0\",\"ad-after_each\":\"\",\"ad-type\":\"\",\"ad-banner\":\"none\",\"ad-campaign\":\"none\",\"ad-count\":\"\",\"ad-columns\":\"1\",\"ad-orderby\":\"date\",\"ad-order\":\"ASC\",\"ad-align\":\"left\",\"override-listing-settings\":\"0\",\"listing-settings\":\"\",\"_layout\":{\"state\":\"1|1|0\",\"page\":\"2-col-right\"},\"_bs_pagin_token\":\"cea8d05\",\"data\":{\"vars\":{\"post-ranking-offset\":4}}}';<\/script>\t\t\t\t<a href=\"#next-1927368614\"  rel=\"next\" class=\"btn-bs-pagination\" data-id=\"1927368614\"\n\t\t\t\t   title=\"Afficher plus de messages\">\n\t\t\t<span class=\"loading\" style=\"display: none;\">\n\t\t\t\t<i class=\"fa fa-refresh fa-spin fa-fw\"><\/i>\n\t\t\t<\/span>\n\t\t\t\t\t<span class=\"loading\" style=\"display: none;\">\n\t\t\t\tChargement ...\t\t\t<\/span>\n\n\t\t\t\t\t<span class=\"loaded txt\">\n\t\t\t\tAfficher plus de messages\t\t\t<\/span>\n\n\t\t\t\t\t<span class=\"loaded icon\">\n\t\t\t\t<i class=\"fa fa-angle-down\" aria-hidden=\"true\"><\/i>\n\t\t\t<\/span>\n\n\t\t\t\t\t<span class=\"no-more\" style=\"display: none;\">\n\t\t\t\tPas de nouveaux messages \n\t\t\t<\/span>\n\n\t\t\t\t<\/a>\n\n\t\t\t\t<\/div><\/div>\t<div  class=\"bs-shortcode bs-popular-categories \">\n\t\t\t\t<h3 class=\"section-heading sh-t6 sh-s6\">\n\t\t\t\t<span class=\"h-text\">Cat\u00e9gories populaires<\/span>\n\t\t\t\t<\/h3>\n\t\t\t\t\t<ul class=\"bs-popular-terms-list\">\n\t\t\t\t<li class=\"bs-popular-term-item term-item-30\">\n\t\t\t\t\t<a href=\"https:\/\/fr.365yawm.ma\/index.php\/category\/societe\/\">Soci\u00e9t\u00e9<span class=\"term-count\">257<\/span><\/a>\n\t\t\t\t  <\/li><li class=\"bs-popular-term-item term-item-26\">\n\t\t\t\t\t<a href=\"https:\/\/fr.365yawm.ma\/index.php\/category\/region\/\">R\u00e9gion<span class=\"term-count\">171<\/span><\/a>\n\t\t\t\t  <\/li><li class=\"bs-popular-term-item term-item-28\">\n\t\t\t\t\t<a href=\"https:\/\/fr.365yawm.ma\/index.php\/category\/sport\/\">Sport<span class=\"term-count\">134<\/span><\/a>\n\t\t\t\t  <\/li><li class=\"bs-popular-term-item term-item-22\">\n\t\t\t\t\t<a href=\"https:\/\/fr.365yawm.ma\/index.php\/category\/culture\/\">Culture<span class=\"term-count\">103<\/span><\/a>\n\t\t\t\t  <\/li><li class=\"bs-popular-term-item term-item-69\">\n\t\t\t\t\t<a href=\"https:\/\/fr.365yawm.ma\/index.php\/category\/faits-divers\/\">Faits divers<span class=\"term-count\">60<\/span><\/a>\n\t\t\t\t  <\/li><li class=\"bs-popular-term-item term-item-24\">\n\t\t\t\t\t<a href=\"https:\/\/fr.365yawm.ma\/index.php\/category\/politique\/\">Politique<span class=\"term-count\">46<\/span><\/a>\n\t\t\t\t  <\/li>\t\t\t<\/ul>\n\t\t\t\t<\/div>\n\t<div  class=\"bs-shortcode bs-subscribe-newsletter bs-mailchimp-newsletter bscb-46861  vc_custom_1479710295266 have_bg\">\n\t\t\t\t<h3 class=\"section-heading sh-t6 sh-s6\">\n\t\t\t\t<span class=\"h-text\">Bulletin<\/span>\n\t\t\t\t<\/h3>\n\t\t\t\t\t<div class=\"subscribe-image\">\n\t\t\t\t<img decoding=\"async\" src=\"https:\/\/fr.365yawm.ma\/wp-content\/themes\/publisher\/images\/other\/email-illustration.png\" alt=\"Bulletin\">\n\t\t\t<\/div>\n\t\t\n\t\t<div class=\"subscribe-message\">\n\t\t\t<p>Abonnez-vous \u00e0 notre newsletter pour rester \u00e0 jour.<\/p>\n\t\t<\/div>\n\n\t\t<form action=\"\/\/betterstudio.us9.list-manage.com\/subscribe\/post?u=ed62711f285e19818a5c11811&amp;id=4450ad741b\" method=\"post\" name=\"mc-embedded-subscribe-form\"\n\t\t      class=\"validate\"\n\t\t      target=\"_blank\">\n\t\t\t<input name=\"EMAIL\" type=\"email\"\n\t\t\t       placeholder=\"Entrer votre Email ..\"\n\t\t\t       class=\"newsletter-email\">\n\t\t\t<button class=\"newsletter-subscribe\" name=\"subscribe\"\n\t\t\t        type=\"submit\">Souscrire<\/button>\n\t\t<\/form>\n\n\t\t\t\t\t<p class=\"powered-by\">Aliment\u00e9 par <img\n\t\t\t\t\t\tsrc=\"https:\/\/fr.365yawm.ma\/wp-content\/themes\/publisher\/images\/other\/mailchimp.png\" data-bsrjs=\"https:\/\/fr.365yawm.ma\/wp-content\/themes\/publisher\/images\/other\/mailchimp@2x.png\" alt=\"MailChimp\"\/>\n\t\t\t<\/p>\n\t\t\t<\/div>\n[\/vc_column][\/vc_row]<\/p>\n","protected":false},"excerpt":{"rendered":"<p>[vc_row][vc_column][vc_wp_text][\/vc_wp_text][\/vc_column][\/vc_row][vc_row][vc_column width=\u00a0\u00bb2\/3&Prime;][\/vc_column][vc_column width=\u00a0\u00bb1\/3&Prime; el_class=\u00a0\u00bbsticky-column\u00a0\u00bb][\/vc_column][\/vc_row][vc_row full_width=\u00a0\u00bbstretch_row\u00a0\u00bb css=\u00a0\u00bb.vc_custom_1596219721220{background-color: #ffffff !important;}\u00a0\u00bb][vc_column][\/vc_column][\/vc_row][vc_row][vc_column width=\u00a0\u00bb2\/3&Prime;][\/vc_column][vc_column width=\u00a0\u00bb1\/3&Prime; el_class=\u00a0\u00bbsticky-column\u00a0\u00bb][\/vc_column][\/vc_row]<\/p>\n","protected":false},"author":1,"featured_media":0,"parent":0,"menu_order":0,"comment_status":"closed","ping_status":"closed","template":"","meta":{"_bbp_topic_count":0,"_bbp_reply_count":0,"_bbp_total_topic_count":0,"_bbp_total_reply_count":0,"_bbp_voice_count":0,"_bbp_anonymous_reply_count":0,"_bbp_topic_count_hidden":0,"_bbp_reply_count_hidden":0,"_bbp_forum_subforum_count":0,"footnotes":""},"class_list":["post-864","page","type-page","status-publish","hentry"],"yoast_head":"<!-- This site is optimized with the Yoast SEO plugin v24.9 - https:\/\/yoast.com\/wordpress\/plugins\/seo\/ -->\n<title>Principale - 365YAWM fran\u00e7ais<\/title>\n<meta name=\"robots\" content=\"index, follow, max-snippet:-1, max-image-preview:large, max-video-preview:-1\" \/>\n<link rel=\"canonical\" href=\"https:\/\/fr.365yawm.ma\/\" \/>\n<meta property=\"og:locale\" content=\"fr_FR\" \/>\n<meta property=\"og:type\" content=\"article\" \/>\n<meta property=\"og:title\" content=\"Principale - 365YAWM fran\u00e7ais\" \/>\n<meta property=\"og:description\" content=\"[vc_row][vc_column][vc_wp_text][\/vc_wp_text][\/vc_column][\/vc_row][vc_row][vc_column width=\u00a0\u00bb2\/3&Prime;][\/vc_column][vc_column width=\u00a0\u00bb1\/3&Prime; el_class=\u00a0\u00bbsticky-column\u00a0\u00bb][\/vc_column][\/vc_row][vc_row full_width=\u00a0\u00bbstretch_row\u00a0\u00bb css=\u00a0\u00bb.vc_custom_1596219721220{background-color: #ffffff !important;}\u00a0\u00bb][vc_column][\/vc_column][\/vc_row][vc_row][vc_column width=\u00a0\u00bb2\/3&Prime;][\/vc_column][vc_column width=\u00a0\u00bb1\/3&Prime; el_class=\u00a0\u00bbsticky-column\u00a0\u00bb][\/vc_column][\/vc_row]\" \/>\n<meta property=\"og:url\" content=\"https:\/\/fr.365yawm.ma\/\" \/>\n<meta property=\"og:site_name\" content=\"365YAWM fran\u00e7ais\" \/>\n<meta property=\"article:modified_time\" content=\"2021-05-31T21:23:36+00:00\" \/>\n<meta property=\"og:image\" content=\"https:\/\/fr.365yawm.ma\/wp-content\/uploads\/2021\/05\/Remini20210531181232786.jpg\" \/>\n<meta name=\"twitter:card\" content=\"summary_large_image\" \/>\n<meta name=\"twitter:label1\" content=\"Dur\u00e9e de lecture estim\u00e9e\" \/>\n\t<meta name=\"twitter:data1\" content=\"6 minutes\" \/>\n<script type=\"application\/ld+json\" class=\"yoast-schema-graph\">{\"@context\":\"https:\/\/schema.org\",\"@graph\":[{\"@type\":\"WebPage\",\"@id\":\"https:\/\/fr.365yawm.ma\/\",\"url\":\"https:\/\/fr.365yawm.ma\/\",\"name\":\"Principale - 365YAWM fran\u00e7ais\",\"isPartOf\":{\"@id\":\"https:\/\/fr.365yawm.ma\/#website\"},\"primaryImageOfPage\":{\"@id\":\"https:\/\/fr.365yawm.ma\/#primaryimage\"},\"image\":{\"@id\":\"https:\/\/fr.365yawm.ma\/#primaryimage\"},\"thumbnailUrl\":\"https:\/\/fr.365yawm.ma\/wp-content\/uploads\/2021\/05\/Remini20210531181232786.jpg\",\"datePublished\":\"2020-07-31T16:46:00+00:00\",\"dateModified\":\"2021-05-31T21:23:36+00:00\",\"breadcrumb\":{\"@id\":\"https:\/\/fr.365yawm.ma\/#breadcrumb\"},\"inLanguage\":\"fr-FR\",\"potentialAction\":[{\"@type\":\"ReadAction\",\"target\":[\"https:\/\/fr.365yawm.ma\/\"]}]},{\"@type\":\"ImageObject\",\"inLanguage\":\"fr-FR\",\"@id\":\"https:\/\/fr.365yawm.ma\/#primaryimage\",\"url\":\"https:\/\/fr.365yawm.ma\/wp-content\/uploads\/2021\/05\/Remini20210531181232786.jpg\",\"contentUrl\":\"https:\/\/fr.365yawm.ma\/wp-content\/uploads\/2021\/05\/Remini20210531181232786.jpg\",\"width\":2160,\"height\":248},{\"@type\":\"BreadcrumbList\",\"@id\":\"https:\/\/fr.365yawm.ma\/#breadcrumb\",\"itemListElement\":[{\"@type\":\"ListItem\",\"position\":1,\"name\":\"Accueil\",\"item\":\"https:\/\/fr.365yawm.ma\/\"},{\"@type\":\"ListItem\",\"position\":2,\"name\":\"Principale\"}]},{\"@type\":\"WebSite\",\"@id\":\"https:\/\/fr.365yawm.ma\/#website\",\"url\":\"https:\/\/fr.365yawm.ma\/\",\"name\":\"365YAWM fran\u00e7ais\",\"description\":\"\",\"publisher\":{\"@id\":\"https:\/\/fr.365yawm.ma\/#organization\"},\"potentialAction\":[{\"@type\":\"SearchAction\",\"target\":{\"@type\":\"EntryPoint\",\"urlTemplate\":\"https:\/\/fr.365yawm.ma\/?s={search_term_string}\"},\"query-input\":{\"@type\":\"PropertyValueSpecification\",\"valueRequired\":true,\"valueName\":\"search_term_string\"}}],\"inLanguage\":\"fr-FR\"},{\"@type\":\"Organization\",\"@id\":\"https:\/\/fr.365yawm.ma\/#organization\",\"name\":\"365 yawm\",\"url\":\"https:\/\/fr.365yawm.ma\/\",\"logo\":{\"@type\":\"ImageObject\",\"inLanguage\":\"fr-FR\",\"@id\":\"https:\/\/fr.365yawm.ma\/#\/schema\/logo\/image\/\",\"url\":\"https:\/\/fr.365yawm.ma\/wp-content\/uploads\/2020\/04\/icon.png\",\"contentUrl\":\"https:\/\/fr.365yawm.ma\/wp-content\/uploads\/2020\/04\/icon.png\",\"width\":512,\"height\":512,\"caption\":\"365 yawm\"},\"image\":{\"@id\":\"https:\/\/fr.365yawm.ma\/#\/schema\/logo\/image\/\"}}]}<\/script>\n<!-- \/ Yoast SEO plugin. -->","yoast_head_json":{"title":"Principale - 365YAWM fran\u00e7ais","robots":{"index":"index","follow":"follow","max-snippet":"max-snippet:-1","max-image-preview":"max-image-preview:large","max-video-preview":"max-video-preview:-1"},"canonical":"https:\/\/fr.365yawm.ma\/","og_locale":"fr_FR","og_type":"article","og_title":"Principale - 365YAWM fran\u00e7ais","og_description":"[vc_row][vc_column][vc_wp_text][\/vc_wp_text][\/vc_column][\/vc_row][vc_row][vc_column width=\u00a0\u00bb2\/3&Prime;][\/vc_column][vc_column width=\u00a0\u00bb1\/3&Prime; el_class=\u00a0\u00bbsticky-column\u00a0\u00bb][\/vc_column][\/vc_row][vc_row full_width=\u00a0\u00bbstretch_row\u00a0\u00bb css=\u00a0\u00bb.vc_custom_1596219721220{background-color: #ffffff !important;}\u00a0\u00bb][vc_column][\/vc_column][\/vc_row][vc_row][vc_column width=\u00a0\u00bb2\/3&Prime;][\/vc_column][vc_column width=\u00a0\u00bb1\/3&Prime; el_class=\u00a0\u00bbsticky-column\u00a0\u00bb][\/vc_column][\/vc_row]","og_url":"https:\/\/fr.365yawm.ma\/","og_site_name":"365YAWM fran\u00e7ais","article_modified_time":"2021-05-31T21:23:36+00:00","og_image":[{"url":"https:\/\/fr.365yawm.ma\/wp-content\/uploads\/2021\/05\/Remini20210531181232786.jpg","type":"","width":"","height":""}],"twitter_card":"summary_large_image","twitter_misc":{"Dur\u00e9e de lecture estim\u00e9e":"6 minutes"},"schema":{"@context":"https:\/\/schema.org","@graph":[{"@type":"WebPage","@id":"https:\/\/fr.365yawm.ma\/","url":"https:\/\/fr.365yawm.ma\/","name":"Principale - 365YAWM fran\u00e7ais","isPartOf":{"@id":"https:\/\/fr.365yawm.ma\/#website"},"primaryImageOfPage":{"@id":"https:\/\/fr.365yawm.ma\/#primaryimage"},"image":{"@id":"https:\/\/fr.365yawm.ma\/#primaryimage"},"thumbnailUrl":"https:\/\/fr.365yawm.ma\/wp-content\/uploads\/2021\/05\/Remini20210531181232786.jpg","datePublished":"2020-07-31T16:46:00+00:00","dateModified":"2021-05-31T21:23:36+00:00","breadcrumb":{"@id":"https:\/\/fr.365yawm.ma\/#breadcrumb"},"inLanguage":"fr-FR","potentialAction":[{"@type":"ReadAction","target":["https:\/\/fr.365yawm.ma\/"]}]},{"@type":"ImageObject","inLanguage":"fr-FR","@id":"https:\/\/fr.365yawm.ma\/#primaryimage","url":"https:\/\/fr.365yawm.ma\/wp-content\/uploads\/2021\/05\/Remini20210531181232786.jpg","contentUrl":"https:\/\/fr.365yawm.ma\/wp-content\/uploads\/2021\/05\/Remini20210531181232786.jpg","width":2160,"height":248},{"@type":"BreadcrumbList","@id":"https:\/\/fr.365yawm.ma\/#breadcrumb","itemListElement":[{"@type":"ListItem","position":1,"name":"Accueil","item":"https:\/\/fr.365yawm.ma\/"},{"@type":"ListItem","position":2,"name":"Principale"}]},{"@type":"WebSite","@id":"https:\/\/fr.365yawm.ma\/#website","url":"https:\/\/fr.365yawm.ma\/","name":"365YAWM fran\u00e7ais","description":"","publisher":{"@id":"https:\/\/fr.365yawm.ma\/#organization"},"potentialAction":[{"@type":"SearchAction","target":{"@type":"EntryPoint","urlTemplate":"https:\/\/fr.365yawm.ma\/?s={search_term_string}"},"query-input":{"@type":"PropertyValueSpecification","valueRequired":true,"valueName":"search_term_string"}}],"inLanguage":"fr-FR"},{"@type":"Organization","@id":"https:\/\/fr.365yawm.ma\/#organization","name":"365 yawm","url":"https:\/\/fr.365yawm.ma\/","logo":{"@type":"ImageObject","inLanguage":"fr-FR","@id":"https:\/\/fr.365yawm.ma\/#\/schema\/logo\/image\/","url":"https:\/\/fr.365yawm.ma\/wp-content\/uploads\/2020\/04\/icon.png","contentUrl":"https:\/\/fr.365yawm.ma\/wp-content\/uploads\/2020\/04\/icon.png","width":512,"height":512,"caption":"365 yawm"},"image":{"@id":"https:\/\/fr.365yawm.ma\/#\/schema\/logo\/image\/"}}]}},"jetpack_sharing_enabled":true,"_links":{"self":[{"href":"https:\/\/fr.365yawm.ma\/index.php\/wp-json\/wp\/v2\/pages\/864","targetHints":{"allow":["GET"]}}],"collection":[{"href":"https:\/\/fr.365yawm.ma\/index.php\/wp-json\/wp\/v2\/pages"}],"about":[{"href":"https:\/\/fr.365yawm.ma\/index.php\/wp-json\/wp\/v2\/types\/page"}],"author":[{"embeddable":true,"href":"https:\/\/fr.365yawm.ma\/index.php\/wp-json\/wp\/v2\/users\/1"}],"replies":[{"embeddable":true,"href":"https:\/\/fr.365yawm.ma\/index.php\/wp-json\/wp\/v2\/comments?post=864"}],"version-history":[{"count":20,"href":"https:\/\/fr.365yawm.ma\/index.php\/wp-json\/wp\/v2\/pages\/864\/revisions"}],"predecessor-version":[{"id":1174,"href":"https:\/\/fr.365yawm.ma\/index.php\/wp-json\/wp\/v2\/pages\/864\/revisions\/1174"}],"wp:attachment":[{"href":"https:\/\/fr.365yawm.ma\/index.php\/wp-json\/wp\/v2\/media?parent=864"}],"curies":[{"name":"wp","href":"https:\/\/api.w.org\/{rel}","templated":true}]}}