{"version":"1.0","provider_name":"365YAWM fran\u00e7ais","provider_url":"https:\/\/fr.365yawm.ma","author_name":"fra365yawm","author_url":"https:\/\/fr.365yawm.ma\/index.php\/author\/fra365yawm\/","title":"JULIO IGLESIAS ACCUS\u00c9 D' AGRESSIONS SEXUELLES - 365YAWM fran\u00e7ais","type":"rich","width":600,"height":338,"html":"<blockquote class=\"wp-embedded-content\" data-secret=\"wbCU5esZsW\"><a href=\"https:\/\/fr.365yawm.ma\/index.php\/2026\/01\/13\/julio-iglesias-accuse-d-agressions-sexuelles\/\">JULIO IGLESIAS ACCUS\u00c9 D&rsquo; AGRESSIONS SEXUELLES<\/a><\/blockquote><iframe sandbox=\"allow-scripts\" security=\"restricted\" src=\"https:\/\/fr.365yawm.ma\/index.php\/2026\/01\/13\/julio-iglesias-accuse-d-agressions-sexuelles\/embed\/#?secret=wbCU5esZsW\" width=\"600\" height=\"338\" title=\"\u00ab\u00a0JULIO IGLESIAS ACCUS\u00c9 D&rsquo; AGRESSIONS SEXUELLES\u00a0\u00bb &#8212; 365YAWM fran\u00e7ais\" data-secret=\"wbCU5esZsW\" frameborder=\"0\" marginwidth=\"0\" marginheight=\"0\" scrolling=\"no\" class=\"wp-embedded-content\"><\/iframe><script type=\"text\/javascript\">\n\/* <![CDATA[ *\/\n\/*! This file is auto-generated *\/\n!function(d,l){\"use strict\";l.querySelector&&d.addEventListener&&\"undefined\"!=typeof URL&&(d.wp=d.wp||{},d.wp.receiveEmbedMessage||(d.wp.receiveEmbedMessage=function(e){var t=e.data;if((t||t.secret||t.message||t.value)&&!\/[^a-zA-Z0-9]\/.test(t.secret)){for(var s,r,n,a=l.querySelectorAll('iframe[data-secret=\"'+t.secret+'\"]'),o=l.querySelectorAll('blockquote[data-secret=\"'+t.secret+'\"]'),c=new RegExp(\"^https?:$\",\"i\"),i=0;i<o.length;i++)o[i].style.display=\"none\";for(i=0;i<a.length;i++)s=a[i],e.source===s.contentWindow&&(s.removeAttribute(\"style\"),\"height\"===t.message?(1e3<(r=parseInt(t.value,10))?r=1e3:~~r<200&&(r=200),s.height=r):\"link\"===t.message&&(r=new URL(s.getAttribute(\"src\")),n=new URL(t.value),c.test(n.protocol))&&n.host===r.host&&l.activeElement===s&&(d.top.location.href=t.value))}},d.addEventListener(\"message\",d.wp.receiveEmbedMessage,!1),l.addEventListener(\"DOMContentLoaded\",function(){for(var e,t,s=l.querySelectorAll(\"iframe.wp-embedded-content\"),r=0;r<s.length;r++)(t=(e=s[r]).getAttribute(\"data-secret\"))||(t=Math.random().toString(36).substring(2,12),e.src+=\"#?secret=\"+t,e.setAttribute(\"data-secret\",t)),e.contentWindow.postMessage({message:\"ready\",secret:t},\"*\")},!1)))}(window,document);\n\/* ]]> *\/\n<\/script>\n","thumbnail_url":"https:\/\/fr.365yawm.ma\/wp-content\/uploads\/2026\/01\/InShot_20260113_204907921.jpg","thumbnail_width":1920,"thumbnail_height":1079,"description":"Deux anciennes employ\u00e9es dominicaines du c\u00e9l\u00e8bre espagnol Julio iglesias (81 ans) le poursuivent en justice en Espagne, apr\u00e8s avoir d\u00e9nonc\u00e9 des agressions sexuelles et des viols pr\u00e9sum\u00e9ment commis en 2021, dans une enqu\u00eate publi\u00e9e mardi par les m\u00e9dias eldiario.es\u00a0 et Univision Noticias apr\u00e8s trois ans d\u2019enqu\u00eate. Toutes deux ont port\u00e9 plainte contre le chanteur le [&hellip;]"}